{"id":90,"date":"2022-01-27T09:41:17","date_gmt":"2022-01-27T09:41:17","guid":{"rendered":"https:\/\/fermelarochette.ch\/wordpress\/?page_id=90"},"modified":"2026-02-16T19:19:23","modified_gmt":"2026-02-16T18:19:23","slug":"micro-ferme-la-rochette-jura-suisse","status":"publish","type":"page","link":"https:\/\/fermelarochette.ch\/index.php\/a-propos-la-rochette-equipe\/micro-ferme-la-rochette-jura-suisse\/","title":{"rendered":"La Rochette"},"content":{"rendered":"\n<h1 class=\"wp-block-heading\" id=\"notre-mission\">Une micro-ferme bio-logique<\/h1>\n\n\n\n<p><strong>La Rochette <\/strong>est une micro-ferme nich\u00e9e entre for\u00eats et vall\u00e9es jurassiennes anim\u00e9e par trois amoureux du vivant : Agathe, St\u00e9phane et Claudine. Ses activit\u00e9s comprennent le mara\u00eechage manuel, la culture et la transformation d&rsquo;herbes aromatiques et sauvages, ainsi que des formations et ateliers tout public.<\/p>\n\n\n\n<p>Le jardin est r\u00e9fl\u00e9chi en bonne intelligence avec le lieu pour cultiver de fa\u00e7on <strong>bio-logique<\/strong>. Tout est fait \u00e0 la main, sans produit phytosanitaire, en privil\u00e9giant les ressources locales et leur utilisation circulaire. L&rsquo;eau provient du ruisseau, le fumier du village voisin, une partie des semences est auto-produite. Le sol et les cycles naturels sont respect\u00e9s, la biodiversit\u00e9 est encourag\u00e9e. Le terrain est par ailleurs lab\u00e9lis\u00e9 <em>Bio bourgeon<\/em>. En tant que petite pi\u00e8ce du grand puzzle du vivant, La Rochette cherche \u00e0 proposer en ad\u00e9quation avec ses valeurs de bons produits, pleins de vie, de nutriments, de go\u00fbt. Elle accorde beaucoup d&rsquo;importance \u00e0 la vente en circuits courts et cr\u00e9\u00e9 du lien avec les acteurs r\u00e9gionaux. Tous les produits sont lab\u00e9lis\u00e9s Bio f\u00e9d\u00e9ral et la quasi totalit\u00e9 est lab\u00e9lis\u00e9e Bio Bourgeon.<\/p>\n\n\n\n<p>L&rsquo;installation de La Rochette a d\u00e9but\u00e9 en mars 2022 et suit son cours (un processus infini ?). Le terrain agricole de 5000m2 est cultiv\u00e9 en collaboration avec les propri\u00e9taires, <strong>Joan et Joana Studer, de la Ferme de Mont-Lucelle.<\/strong> Tous deux sont sp\u00e9cialis\u00e9s dans l\u2019\u00e9levage de vaches Salers, porcs Pata Negra, volailles et autres animaux destin\u00e9s \u00e0 la production de viande de grande qualit\u00e9 certifi\u00e9e <em>Bio Bourgeon<\/em>. Ils produisent \u00e9galement des c\u00e9r\u00e9ales, huiles et fruits. Leur vision de l\u2019agriculture et de l\u2019\u00e9levage pousse au respect, tout autant qu\u2019ils respectent leurs animaux et leurs terres.<\/p>\n\n\n\n<p>En novembre 2023, La Rochette s&rsquo;est associ\u00e9e \u00e0 l&rsquo;entreprise<a href=\"http:\/\/www.lessaveurs.ch\" target=\"_blank\" rel=\"noreferrer noopener\"><strong> Les Saveurs de nos P\u00e2turages<\/strong><\/a>. Depuis 15 ans, celle-ci propose la livraison \u00e0 domicile de produits de qualit\u00e9 issus de l&rsquo;agriculture biologique r\u00e9gionale. <\/p>\n\n\n\n<div style=\"height:60px\" aria-hidden=\"true\" class=\"wp-block-spacer [envira-gallery id=&quot;3466&quot;]\"><\/div>\n\n\n\n<div class=\"wp-block-jetpack-tiled-gallery aligncenter is-style-columns\"><div class=\"\"><div class=\"tiled-gallery__gallery\"><div class=\"tiled-gallery__row\"><div class=\"tiled-gallery__col\" style=\"flex-basis:33.33333%\"><figure class=\"tiled-gallery__item\"><img decoding=\"async\" data-srcset=\"https:\/\/i0.wp.com\/fermelarochette.ch\/wp-content\/uploads\/2025\/11\/IMG_20250626_154327-768x1024.jpg?strip=info&#038;w=600&#038;ssl=1 600w,https:\/\/i0.wp.com\/fermelarochette.ch\/wp-content\/uploads\/2025\/11\/IMG_20250626_154327-768x1024.jpg?strip=info&#038;w=900&#038;ssl=1 900w,https:\/\/i0.wp.com\/fermelarochette.ch\/wp-content\/uploads\/2025\/11\/IMG_20250626_154327-768x1024.jpg?strip=info&#038;w=1200&#038;ssl=1 1200w,https:\/\/i0.wp.com\/fermelarochette.ch\/wp-content\/uploads\/2025\/11\/IMG_20250626_154327-768x1024.jpg?strip=info&#038;w=1500&#038;ssl=1 1500w,https:\/\/i0.wp.com\/fermelarochette.ch\/wp-content\/uploads\/2025\/11\/IMG_20250626_154327-768x1024.jpg?strip=info&#038;w=1800&#038;ssl=1 1800w,https:\/\/i0.wp.com\/fermelarochette.ch\/wp-content\/uploads\/2025\/11\/IMG_20250626_154327-768x1024.jpg?strip=info&#038;w=1920&#038;ssl=1 1920w\" alt=\"\" data-height=\"2560\" data-id=\"2935\" data-link=\"https:\/\/fermelarochette.ch\/index.php\/2025\/11\/10\/comment-creer-des-tisanes\/img_20250626_154327\/\" data-url=\"https:\/\/fermelarochette.ch\/wp-content\/uploads\/2025\/11\/IMG_20250626_154327-768x1024.jpg\" data-width=\"1920\" data-src=\"https:\/\/i0.wp.com\/fermelarochette.ch\/wp-content\/uploads\/2025\/11\/IMG_20250626_154327-768x1024.jpg?ssl=1\" data-amp-layout=\"responsive\" src=\"data:image\/svg+xml;base64,PHN2ZyB3aWR0aD0iMSIgaGVpZ2h0PSIxIiB4bWxucz0iaHR0cDovL3d3dy53My5vcmcvMjAwMC9zdmciPjwvc3ZnPg==\" class=\"lazyload\" style=\"--smush-placeholder-width: 768px; --smush-placeholder-aspect-ratio: 768\/1024;\" \/><\/figure><figure class=\"tiled-gallery__item\"><img decoding=\"async\" data-srcset=\"https:\/\/i0.wp.com\/fermelarochette.ch\/wp-content\/uploads\/2025\/09\/Hydrolats-768x1024.jpg?strip=info&#038;w=600&#038;ssl=1 600w,https:\/\/i0.wp.com\/fermelarochette.ch\/wp-content\/uploads\/2025\/09\/Hydrolats-768x1024.jpg?strip=info&#038;w=900&#038;ssl=1 900w,https:\/\/i0.wp.com\/fermelarochette.ch\/wp-content\/uploads\/2025\/09\/Hydrolats-768x1024.jpg?strip=info&#038;w=1200&#038;ssl=1 1200w\" alt=\"\" data-height=\"1600\" data-id=\"2895\" data-link=\"https:\/\/fermelarochette.ch\/index.php\/2025\/09\/22\/une-belle-saison-de-distillation\/hydrolats-4\/\" data-url=\"https:\/\/fermelarochette.ch\/wp-content\/uploads\/2025\/09\/Hydrolats-768x1024.jpg\" data-width=\"1200\" data-src=\"https:\/\/i0.wp.com\/fermelarochette.ch\/wp-content\/uploads\/2025\/09\/Hydrolats-768x1024.jpg?ssl=1\" data-amp-layout=\"responsive\" src=\"data:image\/svg+xml;base64,PHN2ZyB3aWR0aD0iMSIgaGVpZ2h0PSIxIiB4bWxucz0iaHR0cDovL3d3dy53My5vcmcvMjAwMC9zdmciPjwvc3ZnPg==\" class=\"lazyload\" style=\"--smush-placeholder-width: 768px; --smush-placeholder-aspect-ratio: 768\/1024;\" \/><\/figure><figure class=\"tiled-gallery__item\"><img decoding=\"async\" data-srcset=\"https:\/\/i0.wp.com\/fermelarochette.ch\/wp-content\/uploads\/2025\/03\/Lavande-et-papillon-768x1024.jpeg?strip=info&#038;w=600&#038;ssl=1 600w,https:\/\/i0.wp.com\/fermelarochette.ch\/wp-content\/uploads\/2025\/03\/Lavande-et-papillon-768x1024.jpeg?strip=info&#038;w=900&#038;ssl=1 900w,https:\/\/i0.wp.com\/fermelarochette.ch\/wp-content\/uploads\/2025\/03\/Lavande-et-papillon-768x1024.jpeg?strip=info&#038;w=1200&#038;ssl=1 1200w,https:\/\/i0.wp.com\/fermelarochette.ch\/wp-content\/uploads\/2025\/03\/Lavande-et-papillon-768x1024.jpeg?strip=info&#038;w=1500&#038;ssl=1 1500w,https:\/\/i0.wp.com\/fermelarochette.ch\/wp-content\/uploads\/2025\/03\/Lavande-et-papillon-768x1024.jpeg?strip=info&#038;w=1800&#038;ssl=1 1800w,https:\/\/i0.wp.com\/fermelarochette.ch\/wp-content\/uploads\/2025\/03\/Lavande-et-papillon-768x1024.jpeg?strip=info&#038;w=1920&#038;ssl=1 1920w\" alt=\"\" data-height=\"2560\" data-id=\"2578\" data-link=\"https:\/\/fermelarochette.ch\/lavande-et-papillon\/\" data-url=\"https:\/\/fermelarochette.ch\/wp-content\/uploads\/2025\/03\/Lavande-et-papillon-768x1024.jpeg\" data-width=\"1920\" data-src=\"https:\/\/i0.wp.com\/fermelarochette.ch\/wp-content\/uploads\/2025\/03\/Lavande-et-papillon-768x1024.jpeg?ssl=1\" data-amp-layout=\"responsive\" src=\"data:image\/svg+xml;base64,PHN2ZyB3aWR0aD0iMSIgaGVpZ2h0PSIxIiB4bWxucz0iaHR0cDovL3d3dy53My5vcmcvMjAwMC9zdmciPjwvc3ZnPg==\" class=\"lazyload\" style=\"--smush-placeholder-width: 768px; --smush-placeholder-aspect-ratio: 768\/1024;\" \/><\/figure><figure class=\"tiled-gallery__item\"><img decoding=\"async\" data-srcset=\"https:\/\/i0.wp.com\/fermelarochette.ch\/wp-content\/uploads\/2025\/08\/Les-benevoles-1024x768.jpg?strip=info&#038;w=600&#038;ssl=1 600w,https:\/\/i0.wp.com\/fermelarochette.ch\/wp-content\/uploads\/2025\/08\/Les-benevoles-1024x768.jpg?strip=info&#038;w=900&#038;ssl=1 900w,https:\/\/i0.wp.com\/fermelarochette.ch\/wp-content\/uploads\/2025\/08\/Les-benevoles-1024x768.jpg?strip=info&#038;w=1200&#038;ssl=1 1200w,https:\/\/i0.wp.com\/fermelarochette.ch\/wp-content\/uploads\/2025\/08\/Les-benevoles-1024x768.jpg?strip=info&#038;w=1500&#038;ssl=1 1500w,https:\/\/i0.wp.com\/fermelarochette.ch\/wp-content\/uploads\/2025\/08\/Les-benevoles-1024x768.jpg?strip=info&#038;w=1800&#038;ssl=1 1800w,https:\/\/i0.wp.com\/fermelarochette.ch\/wp-content\/uploads\/2025\/08\/Les-benevoles-1024x768.jpg?strip=info&#038;w=2000&#038;ssl=1 2000w\" alt=\"\" data-height=\"1536\" data-id=\"2834\" data-link=\"https:\/\/fermelarochette.ch\/index.php\/2025\/08\/21\/medievales-2025\/les-benevoles\/\" data-url=\"https:\/\/fermelarochette.ch\/wp-content\/uploads\/2025\/08\/Les-benevoles-1024x768.jpg\" data-width=\"2048\" data-src=\"https:\/\/i0.wp.com\/fermelarochette.ch\/wp-content\/uploads\/2025\/08\/Les-benevoles-1024x768.jpg?ssl=1\" data-amp-layout=\"responsive\" src=\"data:image\/svg+xml;base64,PHN2ZyB3aWR0aD0iMSIgaGVpZ2h0PSIxIiB4bWxucz0iaHR0cDovL3d3dy53My5vcmcvMjAwMC9zdmciPjwvc3ZnPg==\" class=\"lazyload\" style=\"--smush-placeholder-width: 1024px; --smush-placeholder-aspect-ratio: 1024\/768;\" \/><\/figure><\/div><div class=\"tiled-gallery__col\" style=\"flex-basis:33.33333%\"><figure class=\"tiled-gallery__item\"><img decoding=\"async\" data-srcset=\"https:\/\/i0.wp.com\/fermelarochette.ch\/wp-content\/uploads\/2025\/03\/7_Houblon-768x1024.jpeg?strip=info&#038;w=600&#038;ssl=1 600w,https:\/\/i0.wp.com\/fermelarochette.ch\/wp-content\/uploads\/2025\/03\/7_Houblon-768x1024.jpeg?strip=info&#038;w=900&#038;ssl=1 900w,https:\/\/i0.wp.com\/fermelarochette.ch\/wp-content\/uploads\/2025\/03\/7_Houblon-768x1024.jpeg?strip=info&#038;w=1200&#038;ssl=1 1200w,https:\/\/i0.wp.com\/fermelarochette.ch\/wp-content\/uploads\/2025\/03\/7_Houblon-768x1024.jpeg?strip=info&#038;w=1500&#038;ssl=1 1500w,https:\/\/i0.wp.com\/fermelarochette.ch\/wp-content\/uploads\/2025\/03\/7_Houblon-768x1024.jpeg?strip=info&#038;w=1800&#038;ssl=1 1800w,https:\/\/i0.wp.com\/fermelarochette.ch\/wp-content\/uploads\/2025\/03\/7_Houblon-768x1024.jpeg?strip=info&#038;w=1920&#038;ssl=1 1920w\" alt=\"\" data-height=\"2560\" data-id=\"2572\" data-link=\"https:\/\/fermelarochette.ch\/7_houblon\/\" data-url=\"https:\/\/fermelarochette.ch\/wp-content\/uploads\/2025\/03\/7_Houblon-768x1024.jpeg\" data-width=\"1920\" data-src=\"https:\/\/i0.wp.com\/fermelarochette.ch\/wp-content\/uploads\/2025\/03\/7_Houblon-768x1024.jpeg?ssl=1\" data-amp-layout=\"responsive\" src=\"data:image\/svg+xml;base64,PHN2ZyB3aWR0aD0iMSIgaGVpZ2h0PSIxIiB4bWxucz0iaHR0cDovL3d3dy53My5vcmcvMjAwMC9zdmciPjwvc3ZnPg==\" class=\"lazyload\" style=\"--smush-placeholder-width: 768px; --smush-placeholder-aspect-ratio: 768\/1024;\" \/><\/figure><figure class=\"tiled-gallery__item\"><img decoding=\"async\" data-srcset=\"https:\/\/i0.wp.com\/fermelarochette.ch\/wp-content\/uploads\/2025\/03\/Agathe-sur-le-char-769x1024.jpg?strip=info&#038;w=600&#038;ssl=1 600w,https:\/\/i0.wp.com\/fermelarochette.ch\/wp-content\/uploads\/2025\/03\/Agathe-sur-le-char-769x1024.jpg?strip=info&#038;w=900&#038;ssl=1 900w,https:\/\/i0.wp.com\/fermelarochette.ch\/wp-content\/uploads\/2025\/03\/Agathe-sur-le-char-769x1024.jpg?strip=info&#038;w=1200&#038;ssl=1 1200w,https:\/\/i0.wp.com\/fermelarochette.ch\/wp-content\/uploads\/2025\/03\/Agathe-sur-le-char-769x1024.jpg?strip=info&#038;w=1500&#038;ssl=1 1500w,https:\/\/i0.wp.com\/fermelarochette.ch\/wp-content\/uploads\/2025\/03\/Agathe-sur-le-char-769x1024.jpg?strip=info&#038;w=1800&#038;ssl=1 1800w,https:\/\/i0.wp.com\/fermelarochette.ch\/wp-content\/uploads\/2025\/03\/Agathe-sur-le-char-769x1024.jpg?strip=info&#038;w=1922&#038;ssl=1 1922w\" alt=\"\" data-height=\"2560\" data-id=\"2590\" data-link=\"https:\/\/fermelarochette.ch\/index.php\/2025\/03\/21\/2024-retrospective\/agathe-sur-le-char\/\" data-url=\"https:\/\/fermelarochette.ch\/wp-content\/uploads\/2025\/03\/Agathe-sur-le-char-769x1024.jpg\" data-width=\"1922\" data-src=\"https:\/\/i0.wp.com\/fermelarochette.ch\/wp-content\/uploads\/2025\/03\/Agathe-sur-le-char-769x1024.jpg?ssl=1\" data-amp-layout=\"responsive\" src=\"data:image\/svg+xml;base64,PHN2ZyB3aWR0aD0iMSIgaGVpZ2h0PSIxIiB4bWxucz0iaHR0cDovL3d3dy53My5vcmcvMjAwMC9zdmciPjwvc3ZnPg==\" class=\"lazyload\" style=\"--smush-placeholder-width: 769px; --smush-placeholder-aspect-ratio: 769\/1024;\" \/><\/figure><figure class=\"tiled-gallery__item\"><img decoding=\"async\" data-srcset=\"https:\/\/i0.wp.com\/fermelarochette.ch\/wp-content\/uploads\/2024\/05\/Roses-hysope-et-faucille-768x1024.jpg?strip=info&#038;w=600&#038;ssl=1 600w,https:\/\/i0.wp.com\/fermelarochette.ch\/wp-content\/uploads\/2024\/05\/Roses-hysope-et-faucille-768x1024.jpg?strip=info&#038;w=900&#038;ssl=1 900w,https:\/\/i0.wp.com\/fermelarochette.ch\/wp-content\/uploads\/2024\/05\/Roses-hysope-et-faucille-768x1024.jpg?strip=info&#038;w=1200&#038;ssl=1 1200w,https:\/\/i0.wp.com\/fermelarochette.ch\/wp-content\/uploads\/2024\/05\/Roses-hysope-et-faucille-768x1024.jpg?strip=info&#038;w=1500&#038;ssl=1 1500w,https:\/\/i0.wp.com\/fermelarochette.ch\/wp-content\/uploads\/2024\/05\/Roses-hysope-et-faucille-768x1024.jpg?strip=info&#038;w=1800&#038;ssl=1 1800w,https:\/\/i0.wp.com\/fermelarochette.ch\/wp-content\/uploads\/2024\/05\/Roses-hysope-et-faucille-768x1024.jpg?strip=info&#038;w=1920&#038;ssl=1 1920w\" alt=\"\" data-height=\"2560\" data-id=\"2081\" data-link=\"https:\/\/fermelarochette.ch\/roses-hysope-et-faucille-2\/\" data-url=\"https:\/\/fermelarochette.ch\/wp-content\/uploads\/2024\/05\/Roses-hysope-et-faucille-768x1024.jpg\" data-width=\"1920\" data-src=\"https:\/\/i0.wp.com\/fermelarochette.ch\/wp-content\/uploads\/2024\/05\/Roses-hysope-et-faucille-768x1024.jpg?ssl=1\" data-amp-layout=\"responsive\" src=\"data:image\/svg+xml;base64,PHN2ZyB3aWR0aD0iMSIgaGVpZ2h0PSIxIiB4bWxucz0iaHR0cDovL3d3dy53My5vcmcvMjAwMC9zdmciPjwvc3ZnPg==\" class=\"lazyload\" style=\"--smush-placeholder-width: 768px; --smush-placeholder-aspect-ratio: 768\/1024;\" \/><\/figure><\/div><div class=\"tiled-gallery__col\" style=\"flex-basis:33.33333%\"><figure class=\"tiled-gallery__item\"><img decoding=\"async\" data-srcset=\"https:\/\/i0.wp.com\/fermelarochette.ch\/wp-content\/uploads\/2024\/03\/courges-768x1024.jpeg?strip=info&#038;w=600&#038;ssl=1 600w,https:\/\/i0.wp.com\/fermelarochette.ch\/wp-content\/uploads\/2024\/03\/courges-768x1024.jpeg?strip=info&#038;w=900&#038;ssl=1 900w,https:\/\/i0.wp.com\/fermelarochette.ch\/wp-content\/uploads\/2024\/03\/courges-768x1024.jpeg?strip=info&#038;w=1200&#038;ssl=1 1200w,https:\/\/i0.wp.com\/fermelarochette.ch\/wp-content\/uploads\/2024\/03\/courges-768x1024.jpeg?strip=info&#038;w=1500&#038;ssl=1 1500w,https:\/\/i0.wp.com\/fermelarochette.ch\/wp-content\/uploads\/2024\/03\/courges-768x1024.jpeg?strip=info&#038;w=1800&#038;ssl=1 1800w,https:\/\/i0.wp.com\/fermelarochette.ch\/wp-content\/uploads\/2024\/03\/courges-768x1024.jpeg?strip=info&#038;w=1920&#038;ssl=1 1920w\" alt=\"\" data-height=\"2560\" data-id=\"1968\" data-link=\"https:\/\/fermelarochette.ch\/index.php\/a-propos-la-rochette-equipe\/micro-ferme-la-rochette-jura-suisse\/courges\/\" data-url=\"https:\/\/fermelarochette.ch\/wp-content\/uploads\/2024\/03\/courges-768x1024.jpeg\" data-width=\"1920\" data-src=\"https:\/\/i0.wp.com\/fermelarochette.ch\/wp-content\/uploads\/2024\/03\/courges-768x1024.jpeg?ssl=1\" data-amp-layout=\"responsive\" src=\"data:image\/svg+xml;base64,PHN2ZyB3aWR0aD0iMSIgaGVpZ2h0PSIxIiB4bWxucz0iaHR0cDovL3d3dy53My5vcmcvMjAwMC9zdmciPjwvc3ZnPg==\" class=\"lazyload\" style=\"--smush-placeholder-width: 768px; --smush-placeholder-aspect-ratio: 768\/1024;\" \/><\/figure><figure class=\"tiled-gallery__item\"><img decoding=\"async\" data-srcset=\"https:\/\/i0.wp.com\/fermelarochette.ch\/wp-content\/uploads\/2024\/02\/Fevrier-2024_Preparation-du-jardin-1024x768.jpg?strip=info&#038;w=600&#038;ssl=1 600w,https:\/\/i0.wp.com\/fermelarochette.ch\/wp-content\/uploads\/2024\/02\/Fevrier-2024_Preparation-du-jardin-1024x768.jpg?strip=info&#038;w=900&#038;ssl=1 900w,https:\/\/i0.wp.com\/fermelarochette.ch\/wp-content\/uploads\/2024\/02\/Fevrier-2024_Preparation-du-jardin-1024x768.jpg?strip=info&#038;w=1200&#038;ssl=1 1200w,https:\/\/i0.wp.com\/fermelarochette.ch\/wp-content\/uploads\/2024\/02\/Fevrier-2024_Preparation-du-jardin-1024x768.jpg?strip=info&#038;w=1500&#038;ssl=1 1500w,https:\/\/i0.wp.com\/fermelarochette.ch\/wp-content\/uploads\/2024\/02\/Fevrier-2024_Preparation-du-jardin-1024x768.jpg?strip=info&#038;w=1800&#038;ssl=1 1800w,https:\/\/i0.wp.com\/fermelarochette.ch\/wp-content\/uploads\/2024\/02\/Fevrier-2024_Preparation-du-jardin-1024x768.jpg?strip=info&#038;w=2000&#038;ssl=1 2000w\" alt=\"\" data-height=\"1512\" data-id=\"1921\" data-link=\"https:\/\/fermelarochette.ch\/fevrier-2024_preparation-du-jardin\/\" data-url=\"https:\/\/fermelarochette.ch\/wp-content\/uploads\/2024\/02\/Fevrier-2024_Preparation-du-jardin-1024x768.jpg\" data-width=\"2016\" data-src=\"https:\/\/i0.wp.com\/fermelarochette.ch\/wp-content\/uploads\/2024\/02\/Fevrier-2024_Preparation-du-jardin-1024x768.jpg?ssl=1\" data-amp-layout=\"responsive\" src=\"data:image\/svg+xml;base64,PHN2ZyB3aWR0aD0iMSIgaGVpZ2h0PSIxIiB4bWxucz0iaHR0cDovL3d3dy53My5vcmcvMjAwMC9zdmciPjwvc3ZnPg==\" class=\"lazyload\" style=\"--smush-placeholder-width: 1024px; --smush-placeholder-aspect-ratio: 1024\/768;\" \/><\/figure><figure class=\"tiled-gallery__item\"><img decoding=\"async\" data-srcset=\"https:\/\/i0.wp.com\/fermelarochette.ch\/wp-content\/uploads\/2024\/03\/carottes-et-cotes-de-bettes-768x1024.jpeg?strip=info&#038;w=600&#038;ssl=1 600w,https:\/\/i0.wp.com\/fermelarochette.ch\/wp-content\/uploads\/2024\/03\/carottes-et-cotes-de-bettes-768x1024.jpeg?strip=info&#038;w=900&#038;ssl=1 900w,https:\/\/i0.wp.com\/fermelarochette.ch\/wp-content\/uploads\/2024\/03\/carottes-et-cotes-de-bettes-768x1024.jpeg?strip=info&#038;w=1200&#038;ssl=1 1200w,https:\/\/i0.wp.com\/fermelarochette.ch\/wp-content\/uploads\/2024\/03\/carottes-et-cotes-de-bettes-768x1024.jpeg?strip=info&#038;w=1500&#038;ssl=1 1500w,https:\/\/i0.wp.com\/fermelarochette.ch\/wp-content\/uploads\/2024\/03\/carottes-et-cotes-de-bettes-768x1024.jpeg?strip=info&#038;w=1800&#038;ssl=1 1800w,https:\/\/i0.wp.com\/fermelarochette.ch\/wp-content\/uploads\/2024\/03\/carottes-et-cotes-de-bettes-768x1024.jpeg?strip=info&#038;w=1920&#038;ssl=1 1920w\" alt=\"\" data-height=\"2560\" data-id=\"1967\" data-link=\"https:\/\/fermelarochette.ch\/index.php\/a-propos-la-rochette-equipe\/micro-ferme-la-rochette-jura-suisse\/carottes-et-cotes-de-bettes\/\" data-url=\"https:\/\/fermelarochette.ch\/wp-content\/uploads\/2024\/03\/carottes-et-cotes-de-bettes-768x1024.jpeg\" data-width=\"1920\" data-src=\"https:\/\/i0.wp.com\/fermelarochette.ch\/wp-content\/uploads\/2024\/03\/carottes-et-cotes-de-bettes-768x1024.jpeg?ssl=1\" data-amp-layout=\"responsive\" src=\"data:image\/svg+xml;base64,PHN2ZyB3aWR0aD0iMSIgaGVpZ2h0PSIxIiB4bWxucz0iaHR0cDovL3d3dy53My5vcmcvMjAwMC9zdmciPjwvc3ZnPg==\" class=\"lazyload\" style=\"--smush-placeholder-width: 768px; --smush-placeholder-aspect-ratio: 768\/1024;\" \/><\/figure><\/div><\/div><\/div><\/div><\/div>\n","protected":false},"excerpt":{"rendered":"<p>Une micro-ferme bio-logique La Rochette est une micro-ferme nich\u00e9e entre for\u00eats et vall\u00e9es jurassiennes anim\u00e9e par trois amoureux du vivant : Agathe, St\u00e9phane et Claudine. &hellip;<\/p>\n","protected":false},"author":1,"featured_media":1921,"parent":301,"menu_order":0,"comment_status":"closed","ping_status":"closed","template":"","meta":{"_price":"","_stock":"","_tribe_ticket_header":"","_tribe_default_ticket_provider":"","_ticket_start_date":"","_ticket_end_date":"","_tribe_ticket_show_description":"","_tribe_ticket_show_not_going":false,"_tribe_ticket_use_global_stock":"","_tribe_ticket_global_stock_level":"","_global_stock_mode":"","_global_stock_cap":"","_tribe_rsvp_for_event":"","_tribe_ticket_going_count":"","_tribe_ticket_not_going_count":"","_tribe_tickets_list":"[]","_tribe_ticket_has_attendee_info_fields":false,"footnotes":"","_tec_slr_enabled":"","_tec_slr_layout":""},"class_list":["post-90","page","type-page","status-publish","has-post-thumbnail","hentry"],"yoast_head":"<!-- This site is optimized with the Yoast SEO plugin v26.9 - https:\/\/yoast.com\/product\/yoast-seo-wordpress\/ -->\n<title>Micro-ferme en permaculture dans le Jura suisse - La Rochette<\/title>\n<meta name=\"description\" content=\"Micro-ferme en permaculture au c\u0153ur du Jura suisse. Culture de l\u00e9gumes frais et plantes m\u00e9dicinales. Lieu de formations et de d\u00e9couvertes !\" \/>\n<meta name=\"robots\" content=\"index, follow, max-snippet:-1, max-image-preview:large, max-video-preview:-1\" \/>\n<link rel=\"canonical\" href=\"https:\/\/fermelarochette.ch\/index.php\/a-propos-la-rochette-equipe\/micro-ferme-la-rochette-jura-suisse\/\" \/>\n<meta property=\"og:locale\" content=\"fr_FR\" \/>\n<meta property=\"og:type\" content=\"article\" \/>\n<meta property=\"og:title\" content=\"Micro-ferme en permaculture dans le Jura suisse - La Rochette\" \/>\n<meta property=\"og:description\" content=\"Micro-ferme en permaculture au c\u0153ur du Jura suisse. Culture de l\u00e9gumes frais et plantes m\u00e9dicinales. Lieu de formations et de d\u00e9couvertes !\" \/>\n<meta property=\"og:url\" content=\"https:\/\/fermelarochette.ch\/index.php\/a-propos-la-rochette-equipe\/micro-ferme-la-rochette-jura-suisse\/\" \/>\n<meta property=\"og:site_name\" content=\"La Rochette\" \/>\n<meta property=\"article:modified_time\" content=\"2026-02-16T18:19:23+00:00\" \/>\n<meta property=\"og:image\" content=\"https:\/\/fermelarochette.ch\/wp-content\/uploads\/2024\/02\/Fevrier-2024_Preparation-du-jardin.jpg\" \/>\n\t<meta property=\"og:image:width\" content=\"2016\" \/>\n\t<meta property=\"og:image:height\" content=\"1512\" \/>\n\t<meta property=\"og:image:type\" content=\"image\/jpeg\" \/>\n<meta name=\"twitter:card\" content=\"summary_large_image\" \/>\n<meta name=\"twitter:label1\" content=\"Dur\u00e9e de lecture estim\u00e9e\" \/>\n\t<meta name=\"twitter:data1\" content=\"3 minutes\" \/>\n<script type=\"application\/ld+json\" class=\"yoast-schema-graph\">{\"@context\":\"https:\/\/schema.org\",\"@graph\":[{\"@type\":\"WebPage\",\"@id\":\"https:\/\/fermelarochette.ch\/index.php\/a-propos-la-rochette-equipe\/micro-ferme-la-rochette-jura-suisse\/\",\"url\":\"https:\/\/fermelarochette.ch\/index.php\/a-propos-la-rochette-equipe\/micro-ferme-la-rochette-jura-suisse\/\",\"name\":\"Micro-ferme en permaculture dans le Jura suisse - La Rochette\",\"isPartOf\":{\"@id\":\"https:\/\/fermelarochette.ch\/#website\"},\"primaryImageOfPage\":{\"@id\":\"https:\/\/fermelarochette.ch\/index.php\/a-propos-la-rochette-equipe\/micro-ferme-la-rochette-jura-suisse\/#primaryimage\"},\"image\":{\"@id\":\"https:\/\/fermelarochette.ch\/index.php\/a-propos-la-rochette-equipe\/micro-ferme-la-rochette-jura-suisse\/#primaryimage\"},\"thumbnailUrl\":\"https:\/\/fermelarochette.ch\/wp-content\/uploads\/2024\/02\/Fevrier-2024_Preparation-du-jardin.jpg\",\"datePublished\":\"2022-01-27T09:41:17+00:00\",\"dateModified\":\"2026-02-16T18:19:23+00:00\",\"description\":\"Micro-ferme en permaculture au c\u0153ur du Jura suisse. Culture de l\u00e9gumes frais et plantes m\u00e9dicinales. Lieu de formations et de d\u00e9couvertes !\",\"breadcrumb\":{\"@id\":\"https:\/\/fermelarochette.ch\/index.php\/a-propos-la-rochette-equipe\/micro-ferme-la-rochette-jura-suisse\/#breadcrumb\"},\"inLanguage\":\"fr-FR\",\"potentialAction\":[{\"@type\":\"ReadAction\",\"target\":[\"https:\/\/fermelarochette.ch\/index.php\/a-propos-la-rochette-equipe\/micro-ferme-la-rochette-jura-suisse\/\"]}]},{\"@type\":\"ImageObject\",\"inLanguage\":\"fr-FR\",\"@id\":\"https:\/\/fermelarochette.ch\/index.php\/a-propos-la-rochette-equipe\/micro-ferme-la-rochette-jura-suisse\/#primaryimage\",\"url\":\"https:\/\/fermelarochette.ch\/wp-content\/uploads\/2024\/02\/Fevrier-2024_Preparation-du-jardin.jpg\",\"contentUrl\":\"https:\/\/fermelarochette.ch\/wp-content\/uploads\/2024\/02\/Fevrier-2024_Preparation-du-jardin.jpg\",\"width\":2016,\"height\":1512},{\"@type\":\"BreadcrumbList\",\"@id\":\"https:\/\/fermelarochette.ch\/index.php\/a-propos-la-rochette-equipe\/micro-ferme-la-rochette-jura-suisse\/#breadcrumb\",\"itemListElement\":[{\"@type\":\"ListItem\",\"position\":1,\"name\":\"Accueil\",\"item\":\"https:\/\/fermelarochette.ch\/\"},{\"@type\":\"ListItem\",\"position\":2,\"name\":\"\u00c0 propos\",\"item\":\"https:\/\/fermelarochette.ch\/index.php\/a-propos-la-rochette-equipe\/\"},{\"@type\":\"ListItem\",\"position\":3,\"name\":\"La Rochette\"}]},{\"@type\":\"WebSite\",\"@id\":\"https:\/\/fermelarochette.ch\/#website\",\"url\":\"https:\/\/fermelarochette.ch\/\",\"name\":\"La Rochette\",\"description\":\"Micro-ferme biologique\",\"potentialAction\":[{\"@type\":\"SearchAction\",\"target\":{\"@type\":\"EntryPoint\",\"urlTemplate\":\"https:\/\/fermelarochette.ch\/?s={search_term_string}\"},\"query-input\":{\"@type\":\"PropertyValueSpecification\",\"valueRequired\":true,\"valueName\":\"search_term_string\"}}],\"inLanguage\":\"fr-FR\"}]}<\/script>\n<!-- \/ Yoast SEO plugin. -->","yoast_head_json":{"title":"Micro-ferme en permaculture dans le Jura suisse - La Rochette","description":"Micro-ferme en permaculture au c\u0153ur du Jura suisse. Culture de l\u00e9gumes frais et plantes m\u00e9dicinales. Lieu de formations et de d\u00e9couvertes !","robots":{"index":"index","follow":"follow","max-snippet":"max-snippet:-1","max-image-preview":"max-image-preview:large","max-video-preview":"max-video-preview:-1"},"canonical":"https:\/\/fermelarochette.ch\/index.php\/a-propos-la-rochette-equipe\/micro-ferme-la-rochette-jura-suisse\/","og_locale":"fr_FR","og_type":"article","og_title":"Micro-ferme en permaculture dans le Jura suisse - La Rochette","og_description":"Micro-ferme en permaculture au c\u0153ur du Jura suisse. Culture de l\u00e9gumes frais et plantes m\u00e9dicinales. Lieu de formations et de d\u00e9couvertes !","og_url":"https:\/\/fermelarochette.ch\/index.php\/a-propos-la-rochette-equipe\/micro-ferme-la-rochette-jura-suisse\/","og_site_name":"La Rochette","article_modified_time":"2026-02-16T18:19:23+00:00","og_image":[{"width":2016,"height":1512,"url":"https:\/\/fermelarochette.ch\/wp-content\/uploads\/2024\/02\/Fevrier-2024_Preparation-du-jardin.jpg","type":"image\/jpeg"}],"twitter_card":"summary_large_image","twitter_misc":{"Dur\u00e9e de lecture estim\u00e9e":"3 minutes"},"schema":{"@context":"https:\/\/schema.org","@graph":[{"@type":"WebPage","@id":"https:\/\/fermelarochette.ch\/index.php\/a-propos-la-rochette-equipe\/micro-ferme-la-rochette-jura-suisse\/","url":"https:\/\/fermelarochette.ch\/index.php\/a-propos-la-rochette-equipe\/micro-ferme-la-rochette-jura-suisse\/","name":"Micro-ferme en permaculture dans le Jura suisse - La Rochette","isPartOf":{"@id":"https:\/\/fermelarochette.ch\/#website"},"primaryImageOfPage":{"@id":"https:\/\/fermelarochette.ch\/index.php\/a-propos-la-rochette-equipe\/micro-ferme-la-rochette-jura-suisse\/#primaryimage"},"image":{"@id":"https:\/\/fermelarochette.ch\/index.php\/a-propos-la-rochette-equipe\/micro-ferme-la-rochette-jura-suisse\/#primaryimage"},"thumbnailUrl":"https:\/\/fermelarochette.ch\/wp-content\/uploads\/2024\/02\/Fevrier-2024_Preparation-du-jardin.jpg","datePublished":"2022-01-27T09:41:17+00:00","dateModified":"2026-02-16T18:19:23+00:00","description":"Micro-ferme en permaculture au c\u0153ur du Jura suisse. Culture de l\u00e9gumes frais et plantes m\u00e9dicinales. Lieu de formations et de d\u00e9couvertes !","breadcrumb":{"@id":"https:\/\/fermelarochette.ch\/index.php\/a-propos-la-rochette-equipe\/micro-ferme-la-rochette-jura-suisse\/#breadcrumb"},"inLanguage":"fr-FR","potentialAction":[{"@type":"ReadAction","target":["https:\/\/fermelarochette.ch\/index.php\/a-propos-la-rochette-equipe\/micro-ferme-la-rochette-jura-suisse\/"]}]},{"@type":"ImageObject","inLanguage":"fr-FR","@id":"https:\/\/fermelarochette.ch\/index.php\/a-propos-la-rochette-equipe\/micro-ferme-la-rochette-jura-suisse\/#primaryimage","url":"https:\/\/fermelarochette.ch\/wp-content\/uploads\/2024\/02\/Fevrier-2024_Preparation-du-jardin.jpg","contentUrl":"https:\/\/fermelarochette.ch\/wp-content\/uploads\/2024\/02\/Fevrier-2024_Preparation-du-jardin.jpg","width":2016,"height":1512},{"@type":"BreadcrumbList","@id":"https:\/\/fermelarochette.ch\/index.php\/a-propos-la-rochette-equipe\/micro-ferme-la-rochette-jura-suisse\/#breadcrumb","itemListElement":[{"@type":"ListItem","position":1,"name":"Accueil","item":"https:\/\/fermelarochette.ch\/"},{"@type":"ListItem","position":2,"name":"\u00c0 propos","item":"https:\/\/fermelarochette.ch\/index.php\/a-propos-la-rochette-equipe\/"},{"@type":"ListItem","position":3,"name":"La Rochette"}]},{"@type":"WebSite","@id":"https:\/\/fermelarochette.ch\/#website","url":"https:\/\/fermelarochette.ch\/","name":"La Rochette","description":"Micro-ferme biologique","potentialAction":[{"@type":"SearchAction","target":{"@type":"EntryPoint","urlTemplate":"https:\/\/fermelarochette.ch\/?s={search_term_string}"},"query-input":{"@type":"PropertyValueSpecification","valueRequired":true,"valueName":"search_term_string"}}],"inLanguage":"fr-FR"}]}},"jetpack_sharing_enabled":true,"ticketed":false,"_links":{"self":[{"href":"https:\/\/fermelarochette.ch\/index.php\/wp-json\/wp\/v2\/pages\/90","targetHints":{"allow":["GET"]}}],"collection":[{"href":"https:\/\/fermelarochette.ch\/index.php\/wp-json\/wp\/v2\/pages"}],"about":[{"href":"https:\/\/fermelarochette.ch\/index.php\/wp-json\/wp\/v2\/types\/page"}],"author":[{"embeddable":true,"href":"https:\/\/fermelarochette.ch\/index.php\/wp-json\/wp\/v2\/users\/1"}],"replies":[{"embeddable":true,"href":"https:\/\/fermelarochette.ch\/index.php\/wp-json\/wp\/v2\/comments?post=90"}],"version-history":[{"count":64,"href":"https:\/\/fermelarochette.ch\/index.php\/wp-json\/wp\/v2\/pages\/90\/revisions"}],"predecessor-version":[{"id":3625,"href":"https:\/\/fermelarochette.ch\/index.php\/wp-json\/wp\/v2\/pages\/90\/revisions\/3625"}],"up":[{"embeddable":true,"href":"https:\/\/fermelarochette.ch\/index.php\/wp-json\/wp\/v2\/pages\/301"}],"wp:featuredmedia":[{"embeddable":true,"href":"https:\/\/fermelarochette.ch\/index.php\/wp-json\/wp\/v2\/media\/1921"}],"wp:attachment":[{"href":"https:\/\/fermelarochette.ch\/index.php\/wp-json\/wp\/v2\/media?parent=90"}],"curies":[{"name":"wp","href":"https:\/\/api.w.org\/{rel}","templated":true}]}}