{"id":44,"date":"2022-01-26T22:12:08","date_gmt":"2022-01-26T22:12:08","guid":{"rendered":"https:\/\/fermelarochette.ch\/wordpress\/?page_id=44"},"modified":"2026-02-16T15:05:26","modified_gmt":"2026-02-16T14:05:26","slug":"formations-et-ateliers-programme","status":"publish","type":"page","link":"https:\/\/fermelarochette.ch\/index.php\/formations-et-ateliers-programme\/","title":{"rendered":"Formations"},"content":{"rendered":"\n<p><strong>Bienvenue sur notre programme de formations et ateliers !<\/strong>  Pour vous inscrire ou pour toute question, nous sommes \u00e0 votre disposition par mail \u00e0 <a href=\"mailto:contact@fermelarochette.ch\">contact@fermelarochette.ch<\/a> ou par t\u00e9l\u00e9phone au <strong>076\/237.25.75<\/strong>.<\/p>\n\n\n\n<p><strong><mark style=\"background-color:rgba(0, 0, 0, 0)\" class=\"has-inline-color has-accent-1-color\">Vous souhaitez organiser une formation pour votre groupe ?<\/mark><\/strong> Avec plaisir ! Toutes les informations se trouvent <a href=\"https:\/\/fermelarochette.ch\/index.php\/formations-privees\/\">ici<\/a>.<\/p>\n\n\n\n<div style=\"height:15px\" aria-hidden=\"true\" class=\"wp-block-spacer\"><\/div>\n\n\n\n<hr class=\"wp-block-separator has-css-opacity\"\/>\n\n\n\n<div class=\"wp-block-columns is-layout-flex wp-container-core-columns-is-layout-9d6595d7 wp-block-columns-is-layout-flex\">\n<div class=\"wp-block-column is-layout-flow wp-block-column-is-layout-flow\">\n<div class=\"wp-block-cover\"><img decoding=\"async\" width=\"1920\" height=\"2560\" class=\"wp-block-cover__image-background wp-image-1801 lazyload\" alt=\"\" data-src=\"https:\/\/fermelarochette.ch\/wp-content\/uploads\/2023\/12\/plantons-a-perte-de-vue-scaled.jpeg\" data-object-fit=\"cover\" data-srcset=\"https:\/\/fermelarochette.ch\/wp-content\/uploads\/2023\/12\/plantons-a-perte-de-vue-scaled.jpeg 1920w, https:\/\/fermelarochette.ch\/wp-content\/uploads\/2023\/12\/plantons-a-perte-de-vue-scaled-600x800.jpeg 600w, https:\/\/fermelarochette.ch\/wp-content\/uploads\/2023\/12\/plantons-a-perte-de-vue-scaled-225x300.jpeg 225w, https:\/\/fermelarochette.ch\/wp-content\/uploads\/2023\/12\/plantons-a-perte-de-vue-scaled-768x1024.jpeg 768w, https:\/\/fermelarochette.ch\/wp-content\/uploads\/2023\/12\/plantons-a-perte-de-vue-scaled-1152x1536.jpeg 1152w, https:\/\/fermelarochette.ch\/wp-content\/uploads\/2023\/12\/plantons-a-perte-de-vue-scaled-1536x2048.jpeg 1536w\" data-sizes=\"(max-width: 1920px) 100vw, 1920px\" src=\"data:image\/svg+xml;base64,PHN2ZyB3aWR0aD0iMSIgaGVpZ2h0PSIxIiB4bWxucz0iaHR0cDovL3d3dy53My5vcmcvMjAwMC9zdmciPjwvc3ZnPg==\" style=\"--smush-placeholder-width: 1920px; --smush-placeholder-aspect-ratio: 1920\/2560;\" \/><span aria-hidden=\"true\" class=\"wp-block-cover__background has-background-dim\"><\/span><div class=\"wp-block-cover__inner-container is-layout-constrained wp-block-cover-is-layout-constrained\">\n<p class=\"has-text-align-center has-large-font-size\"><a href=\"https:\/\/fermelarochette.ch\/index.php\/autres-prestations\/formations-et-ateliers\/apprenez-a-faire-tous-vos-plantons\/\">R\u00e9ussissez tous vos semis et plantons<\/a><\/p>\n<\/div><\/div>\n\n\n\n<div style=\"height:25px\" aria-hidden=\"true\" class=\"wp-block-spacer\"><\/div>\n\n\n\n<p><strong>21 mars 2026, jardin de La Rochette (Charmoille, JU)<br \/><\/strong><\/p>\n<p>Durant cet atelier, le mara\u00eecher vous donne toutes ses astuces pour r\u00e9aliser vos semis et plantons, une belle mani\u00e8re de g\u00e9rer le cycle de la plante dans le terroir et les conditions propres \u00e0 votre lieu. En association avec ProSpecieRara.<\/p>\n<\/div>\n\n\n\n<div class=\"wp-block-column is-layout-flow wp-block-column-is-layout-flow\">\n<div class=\"wp-block-cover\"><img decoding=\"async\" width=\"1024\" height=\"683\" class=\"wp-block-cover__image-background wp-image-2993 size-large lazyload\" alt=\"\" data-src=\"https:\/\/fermelarochette.ch\/wp-content\/uploads\/2025\/12\/Plantes-miel-1024x683.jpg\" data-object-fit=\"cover\" data-srcset=\"https:\/\/fermelarochette.ch\/wp-content\/uploads\/2025\/12\/Plantes-miel-1024x683.jpg 1024w, https:\/\/fermelarochette.ch\/wp-content\/uploads\/2025\/12\/Plantes-miel-600x400.jpg 600w, https:\/\/fermelarochette.ch\/wp-content\/uploads\/2025\/12\/Plantes-miel-300x200.jpg 300w, https:\/\/fermelarochette.ch\/wp-content\/uploads\/2025\/12\/Plantes-miel-768x512.jpg 768w, https:\/\/fermelarochette.ch\/wp-content\/uploads\/2025\/12\/Plantes-miel-450x300.jpg 450w, https:\/\/fermelarochette.ch\/wp-content\/uploads\/2025\/12\/Plantes-miel-272x182.jpg 272w, https:\/\/fermelarochette.ch\/wp-content\/uploads\/2025\/12\/Plantes-miel.jpg 1200w\" data-sizes=\"(max-width: 1024px) 100vw, 1024px\" src=\"data:image\/svg+xml;base64,PHN2ZyB3aWR0aD0iMSIgaGVpZ2h0PSIxIiB4bWxucz0iaHR0cDovL3d3dy53My5vcmcvMjAwMC9zdmciPjwvc3ZnPg==\" style=\"--smush-placeholder-width: 1024px; --smush-placeholder-aspect-ratio: 1024\/683;\" \/><span aria-hidden=\"true\" class=\"wp-block-cover__background has-background-dim\"><\/span><div class=\"wp-block-cover__inner-container is-layout-flow wp-block-cover-is-layout-flow\">\n<p class=\"has-text-align-center has-sitebg-color has-text-color has-large-font-size\"><a href=\"https:\/\/fermelarochette.ch\/index.php\/les-tresors-du-rucher\/\">Les tr\u00e9sors du rucher : apith\u00e9rapie et plantes sauvages m\u00e9dicinales<\/a><\/p>\n<\/div><\/div>\n\n\n\n<div style=\"height:15px\" aria-hidden=\"true\" class=\"wp-block-spacer\"><\/div>\n\n\n\n<p><strong>7 juin \/ 21 juin \/ 22-23 ao\u00fbt 2026, Rucher Rosie (Roche d&rsquo;Or, JU)<\/strong><strong><br \/><\/strong><\/p>\n<p>Le rucher regorge de tr\u00e9sors b\u00e9n\u00e9fiques pour la sant\u00e9, qu&rsquo;il s&rsquo;agisse des produits de la ruche ou des plantes sauvages m\u00e9dicinales qui l&rsquo;entourent. Deux ateliers pratiques vous sont propos\u00e9s au rucher de Rosie, au milieu des bois.\u00a0<\/p>\n<\/div>\n<\/div>\n\n\n\n<div style=\"height:16px\" aria-hidden=\"true\" class=\"wp-block-spacer\"><\/div>\n\n\n\n<div class=\"wp-block-columns is-layout-flex wp-container-core-columns-is-layout-9d6595d7 wp-block-columns-is-layout-flex\">\n<div class=\"wp-block-column is-layout-flow wp-block-column-is-layout-flow\">\n<div class=\"wp-block-cover\"><img decoding=\"async\" width=\"768\" height=\"1024\" class=\"wp-block-cover__image-background wp-image-2896 size-large lazyload\" alt=\"\" data-src=\"https:\/\/fermelarochette.ch\/wp-content\/uploads\/2025\/09\/IMG_20250424_151138-768x1024.jpg\" style=\"--smush-placeholder-width: 768px; --smush-placeholder-aspect-ratio: 768\/1024;object-position:100% 60%\" data-object-fit=\"cover\" data-object-position=\"100% 60%\" data-srcset=\"https:\/\/fermelarochette.ch\/wp-content\/uploads\/2025\/09\/IMG_20250424_151138-768x1024.jpg 768w, https:\/\/fermelarochette.ch\/wp-content\/uploads\/2025\/09\/IMG_20250424_151138-scaled-600x800.jpg 600w, https:\/\/fermelarochette.ch\/wp-content\/uploads\/2025\/09\/IMG_20250424_151138-225x300.jpg 225w, https:\/\/fermelarochette.ch\/wp-content\/uploads\/2025\/09\/IMG_20250424_151138-1152x1536.jpg 1152w, https:\/\/fermelarochette.ch\/wp-content\/uploads\/2025\/09\/IMG_20250424_151138-1536x2048.jpg 1536w, https:\/\/fermelarochette.ch\/wp-content\/uploads\/2025\/09\/IMG_20250424_151138-scaled.jpg 1920w\" data-sizes=\"(max-width: 768px) 100vw, 768px\" src=\"data:image\/svg+xml;base64,PHN2ZyB3aWR0aD0iMSIgaGVpZ2h0PSIxIiB4bWxucz0iaHR0cDovL3d3dy53My5vcmcvMjAwMC9zdmciPjwvc3ZnPg==\" \/><span aria-hidden=\"true\" class=\"wp-block-cover__background has-background-dim-30 has-background-dim\"><\/span><div class=\"wp-block-cover__inner-container is-layout-flow wp-block-cover-is-layout-flow\">\n<p class=\"has-text-align-center has-sitebg-color has-text-color has-large-font-size\"><a href=\"https:\/\/fermelarochette.ch\/index.php\/la-distillation-des-plantes-medicinales\/\">La distillation des plantes m\u00e9dicinales<\/a><\/p>\n<\/div><\/div>\n\n\n\n<div style=\"height:15px\" aria-hidden=\"true\" class=\"wp-block-spacer\"><\/div>\n\n\n\n<p><strong>14 juin 2026, Jardin des Senteurs (Neuch\u00e2tel)<\/strong><\/p>\n<p>D\u00e9couvrez comment sont confectionn\u00e9s hydrolats et huiles essentielles lors de deux distillations ! Lors de cet atelier, vous respirerez, go\u00fbterez et apprendrez \u00e0 utiliser les hydrolats, eaux florales charg\u00e9es de magie et de bienfaits, et repartirez avec vos cr\u00e9ations du jour.<\/p>\n<\/div>\n\n\n\n<div class=\"wp-block-column is-layout-flow wp-block-column-is-layout-flow\">\n<div class=\"wp-block-cover\"><img decoding=\"async\" width=\"1024\" height=\"915\" class=\"wp-block-cover__image-background wp-image-2183 size-large lazyload\" alt=\"\" data-src=\"https:\/\/fermelarochette.ch\/wp-content\/uploads\/2024\/10\/IMG_20240303_125247-scaled-e1736860177653-1024x915.jpg\" data-object-fit=\"cover\" data-srcset=\"https:\/\/fermelarochette.ch\/wp-content\/uploads\/2024\/10\/IMG_20240303_125247-scaled-e1736860177653-1024x915.jpg 1024w, https:\/\/fermelarochette.ch\/wp-content\/uploads\/2024\/10\/IMG_20240303_125247-scaled-e1736860177653-600x536.jpg 600w, https:\/\/fermelarochette.ch\/wp-content\/uploads\/2024\/10\/IMG_20240303_125247-scaled-e1736860177653-300x268.jpg 300w, https:\/\/fermelarochette.ch\/wp-content\/uploads\/2024\/10\/IMG_20240303_125247-scaled-e1736860177653-768x686.jpg 768w, https:\/\/fermelarochette.ch\/wp-content\/uploads\/2024\/10\/IMG_20240303_125247-scaled-e1736860177653-1536x1372.jpg 1536w, https:\/\/fermelarochette.ch\/wp-content\/uploads\/2024\/10\/IMG_20240303_125247-scaled-e1736860177653-336x300.jpg 336w, https:\/\/fermelarochette.ch\/wp-content\/uploads\/2024\/10\/IMG_20240303_125247-scaled-e1736860177653.jpg 1920w\" data-sizes=\"(max-width: 1024px) 100vw, 1024px\" src=\"data:image\/svg+xml;base64,PHN2ZyB3aWR0aD0iMSIgaGVpZ2h0PSIxIiB4bWxucz0iaHR0cDovL3d3dy53My5vcmcvMjAwMC9zdmciPjwvc3ZnPg==\" style=\"--smush-placeholder-width: 1024px; --smush-placeholder-aspect-ratio: 1024\/915;\" \/><span aria-hidden=\"true\" class=\"wp-block-cover__background has-background-dim\"><\/span><div class=\"wp-block-cover__inner-container is-layout-constrained wp-block-cover-is-layout-constrained\">\n<p class=\"has-text-align-center has-large-font-size\"><a href=\"https:\/\/fermelarochette.ch\/index.php\/formations-et-ateliers-programme\/balade-a-la-decouverte-des-plantes-sauvages-comestibles\/\">\u00c0 la d\u00e9couverte des plantes sauvages comestibles<\/a><\/p>\n<\/div><\/div>\n\n\n\n<div style=\"height:21px\" aria-hidden=\"true\" class=\"wp-block-spacer\"><\/div>\n\n\n\n<p><strong>20 juin 2026, R\u00e9tropomme (Neuch\u00e2tel)<br \/><\/strong><\/p>\n<p>Lors d&rsquo;une balade dans le verger-conservatoire, partez \u00e0 la rencontre des plantes sauvages comestibles. Vous apprendrez \u00e0 en reconna\u00eetre une vingtaine, d\u00e9couvrirez comment les r\u00e9colter, et comment les employer.<\/p>\n<\/div>\n<\/div>\n\n\n\n<div style=\"height:44px\" aria-hidden=\"true\" class=\"wp-block-spacer\"><\/div>\n\n\n\n<div class=\"wp-block-columns is-layout-flex wp-container-core-columns-is-layout-9d6595d7 wp-block-columns-is-layout-flex\">\n<div class=\"wp-block-column is-layout-flow wp-block-column-is-layout-flow\">\n<div class=\"wp-block-cover\"><img decoding=\"async\" class=\"wp-block-cover__image-background wp-image-2545 size-large lazyload\" alt=\"\" data-src=\"https:\/\/fermelarochette.ch\/wp-content\/uploads\/2025\/03\/Pavots-de-Californie-768x1024.jpeg\" data-object-fit=\"cover\" src=\"data:image\/svg+xml;base64,PHN2ZyB3aWR0aD0iMSIgaGVpZ2h0PSIxIiB4bWxucz0iaHR0cDovL3d3dy53My5vcmcvMjAwMC9zdmciPjwvc3ZnPg==\" style=\"--smush-placeholder-width: 768px; --smush-placeholder-aspect-ratio: 768\/1024;\" \/><span aria-hidden=\"true\" class=\"wp-block-cover__background has-background-dim\"><\/span><div class=\"wp-block-cover__inner-container is-layout-constrained wp-block-cover-is-layout-constrained\">\n<p class=\"has-text-align-center has-large-font-size\"><a href=\"https:\/\/fermelarochette.ch\/index.php\/plantes-medicinales-approche-pratique-et-sensible\/\">Plantes m\u00e9dicinales : approche pratique et sensible<\/a><\/p>\n<\/div><\/div>\n\n\n\n<div style=\"height:15px\" aria-hidden=\"true\" class=\"wp-block-spacer\"><\/div>\n\n\n\n<p><strong>30 ao\u00fbt 2026, Jardin des Senteurs (Neuch\u00e2tel)<\/strong><\/p>\n<p>D\u00e9couvrez le monde fascinant des plantes m\u00e9dicinales et confectionnez vous-m\u00eames des pr\u00e9parations pour soigner les bobos du quotidien, en lien avec l&rsquo;\u00eatre vivant qu&rsquo;est la plante.\u00a0<\/p>\n<\/div>\n\n\n\n<div class=\"wp-block-column is-layout-flow wp-block-column-is-layout-flow\">\n<div class=\"wp-block-cover\"><img decoding=\"async\" width=\"2048\" height=\"2048\" class=\"wp-block-cover__image-background wp-image-1853 lazyload\" alt=\"\" data-src=\"https:\/\/fermelarochette.ch\/wp-content\/uploads\/2023\/12\/Retraite-creative-aquarelle.webp\" data-object-fit=\"cover\" data-srcset=\"https:\/\/fermelarochette.ch\/wp-content\/uploads\/2023\/12\/Retraite-creative-aquarelle.webp 2048w, https:\/\/fermelarochette.ch\/wp-content\/uploads\/2023\/12\/Retraite-creative-aquarelle-800x800.webp 800w, https:\/\/fermelarochette.ch\/wp-content\/uploads\/2023\/12\/Retraite-creative-aquarelle-100x100.webp 100w, https:\/\/fermelarochette.ch\/wp-content\/uploads\/2023\/12\/Retraite-creative-aquarelle-600x600.webp 600w, https:\/\/fermelarochette.ch\/wp-content\/uploads\/2023\/12\/Retraite-creative-aquarelle-150x150.webp 150w, https:\/\/fermelarochette.ch\/wp-content\/uploads\/2023\/12\/Retraite-creative-aquarelle-300x300.webp 300w, https:\/\/fermelarochette.ch\/wp-content\/uploads\/2023\/12\/Retraite-creative-aquarelle-768x768.webp 768w, https:\/\/fermelarochette.ch\/wp-content\/uploads\/2023\/12\/Retraite-creative-aquarelle-1024x1024.webp 1024w, https:\/\/fermelarochette.ch\/wp-content\/uploads\/2023\/12\/Retraite-creative-aquarelle-1536x1536.webp 1536w\" data-sizes=\"(max-width: 2048px) 100vw, 2048px\" src=\"data:image\/svg+xml;base64,PHN2ZyB3aWR0aD0iMSIgaGVpZ2h0PSIxIiB4bWxucz0iaHR0cDovL3d3dy53My5vcmcvMjAwMC9zdmciPjwvc3ZnPg==\" style=\"--smush-placeholder-width: 2048px; --smush-placeholder-aspect-ratio: 2048\/2048;\" \/><span aria-hidden=\"true\" class=\"wp-block-cover__background has-background-dim\"><\/span><div class=\"wp-block-cover__inner-container is-layout-constrained wp-block-cover-is-layout-constrained\">\n<p class=\"has-text-align-center has-large-font-size\"><a href=\"https:\/\/fermelarochette.ch\/index.php\/aquarelle-et-plantes-sauvages\/\">Aquarelle et plantes sauvages<\/a><\/p>\n<\/div><\/div>\n\n\n\n<div style=\"height:21px\" aria-hidden=\"true\" class=\"wp-block-spacer\"><\/div>\n\n\n\n<p><strong>24-26 avril 2026 \/ 4-6 septembre 2026, La Roche (FR)<\/strong><\/p>\n<p>En collaboration avec Ga\u00ebtane Nicoulin <a href=\"https:\/\/fleurs-poudrees.com\/\" target=\"_blank\" rel=\"noopener\">Fleurs poudr\u00e9es<\/a>, talentueuse aquarelliste, venez passer un weekend cr\u00e9atif dans un cadre idyllique. Au programme : aquarelle et ateliers plantes.<\/p>\n<\/div>\n<\/div>\n\n\n\n<div style=\"height:44px\" aria-hidden=\"true\" class=\"wp-block-spacer\"><\/div>\n\n\n\n<div class=\"wp-block-columns is-layout-flex wp-container-core-columns-is-layout-9d6595d7 wp-block-columns-is-layout-flex\">\n<div class=\"wp-block-column is-layout-flow wp-block-column-is-layout-flow\">\n<div class=\"wp-block-cover\"><img decoding=\"async\" width=\"1920\" height=\"1080\" class=\"wp-block-cover__image-background wp-image-2192 lazyload\" alt=\"\" data-src=\"https:\/\/fermelarochette.ch\/wp-content\/uploads\/2024\/10\/capsules-de-pavots.jpg\" data-object-fit=\"cover\" data-srcset=\"https:\/\/fermelarochette.ch\/wp-content\/uploads\/2024\/10\/capsules-de-pavots.jpg 1920w, https:\/\/fermelarochette.ch\/wp-content\/uploads\/2024\/10\/capsules-de-pavots-600x338.jpg 600w, https:\/\/fermelarochette.ch\/wp-content\/uploads\/2024\/10\/capsules-de-pavots-300x169.jpg 300w, https:\/\/fermelarochette.ch\/wp-content\/uploads\/2024\/10\/capsules-de-pavots-1024x576.jpg 1024w, https:\/\/fermelarochette.ch\/wp-content\/uploads\/2024\/10\/capsules-de-pavots-768x432.jpg 768w, https:\/\/fermelarochette.ch\/wp-content\/uploads\/2024\/10\/capsules-de-pavots-1536x864.jpg 1536w, https:\/\/fermelarochette.ch\/wp-content\/uploads\/2024\/10\/capsules-de-pavots-496x279.jpg 496w\" data-sizes=\"(max-width: 1920px) 100vw, 1920px\" src=\"data:image\/svg+xml;base64,PHN2ZyB3aWR0aD0iMSIgaGVpZ2h0PSIxIiB4bWxucz0iaHR0cDovL3d3dy53My5vcmcvMjAwMC9zdmciPjwvc3ZnPg==\" style=\"--smush-placeholder-width: 1920px; --smush-placeholder-aspect-ratio: 1920\/1080;\" \/><span aria-hidden=\"true\" class=\"wp-block-cover__background has-background-dim\"><\/span><div class=\"wp-block-cover__inner-container is-layout-constrained wp-block-cover-is-layout-constrained\">\n<p class=\"has-text-align-center has-large-font-size\"><a href=\"https:\/\/fermelarochette.ch\/index.php\/multiplication-des-semences\/\">R\u00e9coltez les semences de vos l\u00e9gumes et fleurs<\/a><\/p>\n<\/div><\/div>\n\n\n\n<div style=\"height:21px\" aria-hidden=\"true\" class=\"wp-block-spacer\"><\/div>\n\n\n\n<p><strong>12 septembre 2026, jardin de La Rochette (Charmoille, JU)<br \/><\/strong><\/p>\n<p>Apprenez \u00e0 r\u00e9colter les semences de l\u00e9gumes et de fleurs pour gagner en autonomie et pr\u00e9server les vari\u00e9t\u00e9s locales ! En association avec ProSpecieRara.<\/p>\n<\/div>\n\n\n\n<div class=\"wp-block-column is-layout-flow wp-block-column-is-layout-flow\">\n<div class=\"wp-block-cover\"><img decoding=\"async\" width=\"1916\" height=\"2222\" class=\"wp-block-cover__image-background wp-image-244 lazyload\" alt=\"programme de formations et ateliers\" data-src=\"https:\/\/fermelarochette.ch\/wp-content\/uploads\/2022\/01\/carotte-lacto-fermentees.jpg\" data-object-fit=\"cover\" data-srcset=\"https:\/\/fermelarochette.ch\/wp-content\/uploads\/2022\/01\/carotte-lacto-fermentees.jpg 1916w, https:\/\/fermelarochette.ch\/wp-content\/uploads\/2022\/01\/carotte-lacto-fermentees-600x696.jpg 600w, https:\/\/fermelarochette.ch\/wp-content\/uploads\/2022\/01\/carotte-lacto-fermentees-259x300.jpg 259w, https:\/\/fermelarochette.ch\/wp-content\/uploads\/2022\/01\/carotte-lacto-fermentees-883x1024.jpg 883w, https:\/\/fermelarochette.ch\/wp-content\/uploads\/2022\/01\/carotte-lacto-fermentees-768x891.jpg 768w, https:\/\/fermelarochette.ch\/wp-content\/uploads\/2022\/01\/carotte-lacto-fermentees-1324x1536.jpg 1324w, https:\/\/fermelarochette.ch\/wp-content\/uploads\/2022\/01\/carotte-lacto-fermentees-1766x2048.jpg 1766w\" data-sizes=\"(max-width: 1916px) 100vw, 1916px\" src=\"data:image\/svg+xml;base64,PHN2ZyB3aWR0aD0iMSIgaGVpZ2h0PSIxIiB4bWxucz0iaHR0cDovL3d3dy53My5vcmcvMjAwMC9zdmciPjwvc3ZnPg==\" style=\"--smush-placeholder-width: 1916px; --smush-placeholder-aspect-ratio: 1916\/2222;\" \/><span aria-hidden=\"true\" class=\"wp-block-cover__background has-background-dim\"><\/span><div class=\"wp-block-cover__inner-container is-layout-constrained wp-block-cover-is-layout-constrained\">\n<p class=\"has-text-align-center has-large-font-size\"><a href=\"https:\/\/fermelarochette.ch\/index.php\/nos-prestations-formations-ateliers-conseils-visites\/formations-et-ateliers-programme\/lacto-fermentez-tous-vos-legumes\/\">Lacto-fermentez tous vos l\u00e9gumes !<\/a><\/p>\n<\/div><\/div>\n\n\n\n<div style=\"height:15px\" aria-hidden=\"true\" class=\"wp-block-spacer\"><\/div>\n\n\n\n<p><strong>7 octobre 2026, Au Jardin de C\u00e9r\u00e8s (Porrentruy, JU)<br \/>31 octobre 2026, Retropomme (Neuch\u00e2tel)<\/strong><\/p>\n<p>Id\u00e9ale pour conserver les l\u00e9gumes, prendre soin de soi et d\u00e9couvrir de nouvelles saveurs, la lacto-fermentation est \u00e0 la port\u00e9e de tous.tes ! Pendant l\u2019atelier, vous apprendrez comment fermenter facilement et confectionnerez deux bocaux \u00e0 fermenter chez vous.<\/p>\n<\/div>\n<\/div>\n\n\n\n<div style=\"height:44px\" aria-hidden=\"true\" class=\"wp-block-spacer\"><\/div>\n\n\n\n<div class=\"wp-block-columns is-layout-flex wp-container-core-columns-is-layout-9d6595d7 wp-block-columns-is-layout-flex\">\n<div class=\"wp-block-column is-layout-flow wp-block-column-is-layout-flow\">\n<div class=\"wp-block-cover\"><img decoding=\"async\" width=\"768\" height=\"1024\" class=\"wp-block-cover__image-background wp-image-1967 size-large lazyload\" alt=\"\" data-src=\"https:\/\/fermelarochette.ch\/wp-content\/uploads\/2024\/03\/carottes-et-cotes-de-bettes-768x1024.jpeg\" data-object-fit=\"cover\" data-srcset=\"https:\/\/fermelarochette.ch\/wp-content\/uploads\/2024\/03\/carottes-et-cotes-de-bettes-768x1024.jpeg 768w, https:\/\/fermelarochette.ch\/wp-content\/uploads\/2024\/03\/carottes-et-cotes-de-bettes-scaled-600x800.jpeg 600w, https:\/\/fermelarochette.ch\/wp-content\/uploads\/2024\/03\/carottes-et-cotes-de-bettes-225x300.jpeg 225w, https:\/\/fermelarochette.ch\/wp-content\/uploads\/2024\/03\/carottes-et-cotes-de-bettes-1152x1536.jpeg 1152w, https:\/\/fermelarochette.ch\/wp-content\/uploads\/2024\/03\/carottes-et-cotes-de-bettes-1536x2048.jpeg 1536w, https:\/\/fermelarochette.ch\/wp-content\/uploads\/2024\/03\/carottes-et-cotes-de-bettes-scaled.jpeg 1920w\" data-sizes=\"(max-width: 768px) 100vw, 768px\" src=\"data:image\/svg+xml;base64,PHN2ZyB3aWR0aD0iMSIgaGVpZ2h0PSIxIiB4bWxucz0iaHR0cDovL3d3dy53My5vcmcvMjAwMC9zdmciPjwvc3ZnPg==\" style=\"--smush-placeholder-width: 768px; --smush-placeholder-aspect-ratio: 768\/1024;\" \/><span aria-hidden=\"true\" class=\"wp-block-cover__background has-background-dim-40 has-background-dim\"><\/span><div class=\"wp-block-cover__inner-container is-layout-constrained wp-block-cover-is-layout-constrained\">\n<p class=\"has-text-align-center has-large-font-size\"><a href=\"https:\/\/fermelarochette.ch\/index.php\/formations-et-ateliers-programme\/weekend-maraichage\/\">Un beau jardin pour de belles r\u00e9coltes<\/a><\/p>\n<\/div><\/div>\n\n\n\n<div style=\"height:21px\" aria-hidden=\"true\" class=\"wp-block-spacer\"><\/div>\n\n\n\n<p><strong>Dates \u00e0 venir en 2027, jardin de La Rochette (Charmoille, JU)<br \/><\/strong><\/p>\n<p>St\u00e9phane, mara\u00eecher \u00e0 La Rochette, vous transmet toutes ses astuces et r\u00e9pond \u00e0 toutes vos questions au sujet de jardinage manuel en permaculture, pour produire de beaux l\u00e9gumes tout en prenant soin du vivant.<\/p>\n<\/div>\n\n\n\n<div class=\"wp-block-column is-layout-flow wp-block-column-is-layout-flow\">\n<div class=\"wp-block-cover\"><img decoding=\"async\" width=\"1024\" height=\"768\" class=\"wp-block-cover__image-background wp-image-1833 size-large lazyload\" alt=\"\" data-src=\"https:\/\/fermelarochette.ch\/wp-content\/uploads\/2023\/12\/cours-de-permaculture-1024x768.jpg\" data-object-fit=\"cover\" data-srcset=\"https:\/\/fermelarochette.ch\/wp-content\/uploads\/2023\/12\/cours-de-permaculture-1024x768.jpg 1024w, https:\/\/fermelarochette.ch\/wp-content\/uploads\/2023\/12\/cours-de-permaculture-scaled-600x450.jpg 600w, https:\/\/fermelarochette.ch\/wp-content\/uploads\/2023\/12\/cours-de-permaculture-300x225.jpg 300w, https:\/\/fermelarochette.ch\/wp-content\/uploads\/2023\/12\/cours-de-permaculture-768x576.jpg 768w, https:\/\/fermelarochette.ch\/wp-content\/uploads\/2023\/12\/cours-de-permaculture-1536x1152.jpg 1536w, https:\/\/fermelarochette.ch\/wp-content\/uploads\/2023\/12\/cours-de-permaculture-2048x1536.jpg 2048w, https:\/\/fermelarochette.ch\/wp-content\/uploads\/2023\/12\/cours-de-permaculture-400x300.jpg 400w\" data-sizes=\"(max-width: 1024px) 100vw, 1024px\" src=\"data:image\/svg+xml;base64,PHN2ZyB3aWR0aD0iMSIgaGVpZ2h0PSIxIiB4bWxucz0iaHR0cDovL3d3dy53My5vcmcvMjAwMC9zdmciPjwvc3ZnPg==\" style=\"--smush-placeholder-width: 1024px; --smush-placeholder-aspect-ratio: 1024\/768;\" \/><span aria-hidden=\"true\" class=\"wp-block-cover__background has-background-dim-40 has-background-dim\"><\/span><div class=\"wp-block-cover__inner-container is-layout-constrained wp-block-cover-is-layout-constrained\">\n<p class=\"has-text-align-center has-large-font-size\"><a href=\"https:\/\/fermelarochette.ch\/index.php\/formations-privees\/\">R\u00e9servez un stage pour votre groupe !<\/a><\/p>\n<\/div><\/div>\n\n\n\n<div style=\"height:15px\" aria-hidden=\"true\" class=\"wp-block-spacer\"><\/div>\n\n\n\n<p><strong>Dates \u00e0 convenir<\/strong><\/p>\n<p>Vous souhaitez organiser une demie ou une journ\u00e9e de formation pour votre groupe, \u00e0 La Rochette ou chez vous ? Nous nous tenons \u00e0 votre disposition.<\/p>\n<\/div>\n<\/div>\n\n\n\n<div style=\"height:15px\" aria-hidden=\"true\" class=\"wp-block-spacer\"><\/div>\n\n\n\n<div class=\"wp-block-columns is-layout-flex wp-container-core-columns-is-layout-9d6595d7 wp-block-columns-is-layout-flex\">\n<div class=\"wp-block-column is-layout-flow wp-block-column-is-layout-flow\" style=\"flex-basis:33.33%\"><\/div>\n<\/div>\n\n\n\n<p><\/p>\n","protected":false},"excerpt":{"rendered":"<p>Bienvenue sur notre programme de formations et ateliers ! Pour vous inscrire ou pour toute question, nous sommes \u00e0 votre disposition par mail \u00e0 contact@fermelarochette.ch &hellip;<\/p>\n","protected":false},"author":1,"featured_media":844,"parent":0,"menu_order":0,"comment_status":"closed","ping_status":"closed","template":"","meta":{"_price":"","_stock":"","_tribe_ticket_header":"","_tribe_default_ticket_provider":"","_ticket_start_date":"","_ticket_end_date":"","_tribe_ticket_show_description":"","_tribe_ticket_show_not_going":false,"_tribe_ticket_use_global_stock":"","_tribe_ticket_global_stock_level":"","_global_stock_mode":"","_global_stock_cap":"","_tribe_rsvp_for_event":"","_tribe_ticket_going_count":"","_tribe_ticket_not_going_count":"","_tribe_tickets_list":"[]","_tribe_ticket_has_attendee_info_fields":false,"footnotes":"","_tec_slr_enabled":"","_tec_slr_layout":""},"class_list":["post-44","page","type-page","status-publish","has-post-thumbnail","hentry"],"yoast_head":"<!-- This site is optimized with the Yoast SEO plugin v26.9 - https:\/\/yoast.com\/product\/yoast-seo-wordpress\/ -->\n<title>Programme de formations et ateliers - La Rochette<\/title>\n<meta name=\"description\" content=\"Programme de formations et divers ateliers autour de la permaculture et du fait-maison \u00e0 partir de produits naturels.\" \/>\n<meta name=\"robots\" content=\"index, follow, max-snippet:-1, max-image-preview:large, max-video-preview:-1\" \/>\n<link rel=\"canonical\" href=\"https:\/\/fermelarochette.ch\/index.php\/formations-et-ateliers-programme\/\" \/>\n<meta property=\"og:locale\" content=\"fr_FR\" \/>\n<meta property=\"og:type\" content=\"article\" \/>\n<meta property=\"og:title\" content=\"Programme de formations et ateliers - La Rochette\" \/>\n<meta property=\"og:description\" content=\"Programme de formations et divers ateliers autour de la permaculture et du fait-maison \u00e0 partir de produits naturels.\" \/>\n<meta property=\"og:url\" content=\"https:\/\/fermelarochette.ch\/index.php\/formations-et-ateliers-programme\/\" \/>\n<meta property=\"og:site_name\" content=\"La Rochette\" \/>\n<meta property=\"article:modified_time\" content=\"2026-02-16T14:05:26+00:00\" \/>\n<meta property=\"og:image\" content=\"https:\/\/fermelarochette.ch\/wp-content\/uploads\/2022\/02\/jonathan-kemper-4z3lnwEvZQw-unsplash-scaled.jpg\" \/>\n\t<meta property=\"og:image:width\" content=\"2560\" \/>\n\t<meta property=\"og:image:height\" content=\"1707\" \/>\n\t<meta property=\"og:image:type\" content=\"image\/jpeg\" \/>\n<meta name=\"twitter:card\" content=\"summary_large_image\" \/>\n<meta name=\"twitter:label1\" content=\"Dur\u00e9e de lecture estim\u00e9e\" \/>\n\t<meta name=\"twitter:data1\" content=\"4 minutes\" \/>\n<script type=\"application\/ld+json\" class=\"yoast-schema-graph\">{\"@context\":\"https:\/\/schema.org\",\"@graph\":[{\"@type\":\"WebPage\",\"@id\":\"https:\/\/fermelarochette.ch\/index.php\/formations-et-ateliers-programme\/\",\"url\":\"https:\/\/fermelarochette.ch\/index.php\/formations-et-ateliers-programme\/\",\"name\":\"Programme de formations et ateliers - La Rochette\",\"isPartOf\":{\"@id\":\"https:\/\/fermelarochette.ch\/#website\"},\"primaryImageOfPage\":{\"@id\":\"https:\/\/fermelarochette.ch\/index.php\/formations-et-ateliers-programme\/#primaryimage\"},\"image\":{\"@id\":\"https:\/\/fermelarochette.ch\/index.php\/formations-et-ateliers-programme\/#primaryimage\"},\"thumbnailUrl\":\"https:\/\/fermelarochette.ch\/wp-content\/uploads\/2022\/02\/jonathan-kemper-4z3lnwEvZQw-unsplash-scaled.jpg\",\"datePublished\":\"2022-01-26T22:12:08+00:00\",\"dateModified\":\"2026-02-16T14:05:26+00:00\",\"description\":\"Programme de formations et divers ateliers autour de la permaculture et du fait-maison \u00e0 partir de produits naturels.\",\"breadcrumb\":{\"@id\":\"https:\/\/fermelarochette.ch\/index.php\/formations-et-ateliers-programme\/#breadcrumb\"},\"inLanguage\":\"fr-FR\",\"potentialAction\":[{\"@type\":\"ReadAction\",\"target\":[\"https:\/\/fermelarochette.ch\/index.php\/formations-et-ateliers-programme\/\"]}]},{\"@type\":\"ImageObject\",\"inLanguage\":\"fr-FR\",\"@id\":\"https:\/\/fermelarochette.ch\/index.php\/formations-et-ateliers-programme\/#primaryimage\",\"url\":\"https:\/\/fermelarochette.ch\/wp-content\/uploads\/2022\/02\/jonathan-kemper-4z3lnwEvZQw-unsplash-scaled.jpg\",\"contentUrl\":\"https:\/\/fermelarochette.ch\/wp-content\/uploads\/2022\/02\/jonathan-kemper-4z3lnwEvZQw-unsplash-scaled.jpg\",\"width\":2560,\"height\":1707,\"caption\":\"formations conseils ateliers visites\"},{\"@type\":\"BreadcrumbList\",\"@id\":\"https:\/\/fermelarochette.ch\/index.php\/formations-et-ateliers-programme\/#breadcrumb\",\"itemListElement\":[{\"@type\":\"ListItem\",\"position\":1,\"name\":\"Accueil\",\"item\":\"https:\/\/fermelarochette.ch\/\"},{\"@type\":\"ListItem\",\"position\":2,\"name\":\"Formations\"}]},{\"@type\":\"WebSite\",\"@id\":\"https:\/\/fermelarochette.ch\/#website\",\"url\":\"https:\/\/fermelarochette.ch\/\",\"name\":\"La Rochette\",\"description\":\"Micro-ferme biologique\",\"potentialAction\":[{\"@type\":\"SearchAction\",\"target\":{\"@type\":\"EntryPoint\",\"urlTemplate\":\"https:\/\/fermelarochette.ch\/?s={search_term_string}\"},\"query-input\":{\"@type\":\"PropertyValueSpecification\",\"valueRequired\":true,\"valueName\":\"search_term_string\"}}],\"inLanguage\":\"fr-FR\"}]}<\/script>\n<!-- \/ Yoast SEO plugin. -->","yoast_head_json":{"title":"Programme de formations et ateliers - La Rochette","description":"Programme de formations et divers ateliers autour de la permaculture et du fait-maison \u00e0 partir de produits naturels.","robots":{"index":"index","follow":"follow","max-snippet":"max-snippet:-1","max-image-preview":"max-image-preview:large","max-video-preview":"max-video-preview:-1"},"canonical":"https:\/\/fermelarochette.ch\/index.php\/formations-et-ateliers-programme\/","og_locale":"fr_FR","og_type":"article","og_title":"Programme de formations et ateliers - La Rochette","og_description":"Programme de formations et divers ateliers autour de la permaculture et du fait-maison \u00e0 partir de produits naturels.","og_url":"https:\/\/fermelarochette.ch\/index.php\/formations-et-ateliers-programme\/","og_site_name":"La Rochette","article_modified_time":"2026-02-16T14:05:26+00:00","og_image":[{"width":2560,"height":1707,"url":"https:\/\/fermelarochette.ch\/wp-content\/uploads\/2022\/02\/jonathan-kemper-4z3lnwEvZQw-unsplash-scaled.jpg","type":"image\/jpeg"}],"twitter_card":"summary_large_image","twitter_misc":{"Dur\u00e9e de lecture estim\u00e9e":"4 minutes"},"schema":{"@context":"https:\/\/schema.org","@graph":[{"@type":"WebPage","@id":"https:\/\/fermelarochette.ch\/index.php\/formations-et-ateliers-programme\/","url":"https:\/\/fermelarochette.ch\/index.php\/formations-et-ateliers-programme\/","name":"Programme de formations et ateliers - La Rochette","isPartOf":{"@id":"https:\/\/fermelarochette.ch\/#website"},"primaryImageOfPage":{"@id":"https:\/\/fermelarochette.ch\/index.php\/formations-et-ateliers-programme\/#primaryimage"},"image":{"@id":"https:\/\/fermelarochette.ch\/index.php\/formations-et-ateliers-programme\/#primaryimage"},"thumbnailUrl":"https:\/\/fermelarochette.ch\/wp-content\/uploads\/2022\/02\/jonathan-kemper-4z3lnwEvZQw-unsplash-scaled.jpg","datePublished":"2022-01-26T22:12:08+00:00","dateModified":"2026-02-16T14:05:26+00:00","description":"Programme de formations et divers ateliers autour de la permaculture et du fait-maison \u00e0 partir de produits naturels.","breadcrumb":{"@id":"https:\/\/fermelarochette.ch\/index.php\/formations-et-ateliers-programme\/#breadcrumb"},"inLanguage":"fr-FR","potentialAction":[{"@type":"ReadAction","target":["https:\/\/fermelarochette.ch\/index.php\/formations-et-ateliers-programme\/"]}]},{"@type":"ImageObject","inLanguage":"fr-FR","@id":"https:\/\/fermelarochette.ch\/index.php\/formations-et-ateliers-programme\/#primaryimage","url":"https:\/\/fermelarochette.ch\/wp-content\/uploads\/2022\/02\/jonathan-kemper-4z3lnwEvZQw-unsplash-scaled.jpg","contentUrl":"https:\/\/fermelarochette.ch\/wp-content\/uploads\/2022\/02\/jonathan-kemper-4z3lnwEvZQw-unsplash-scaled.jpg","width":2560,"height":1707,"caption":"formations conseils ateliers visites"},{"@type":"BreadcrumbList","@id":"https:\/\/fermelarochette.ch\/index.php\/formations-et-ateliers-programme\/#breadcrumb","itemListElement":[{"@type":"ListItem","position":1,"name":"Accueil","item":"https:\/\/fermelarochette.ch\/"},{"@type":"ListItem","position":2,"name":"Formations"}]},{"@type":"WebSite","@id":"https:\/\/fermelarochette.ch\/#website","url":"https:\/\/fermelarochette.ch\/","name":"La Rochette","description":"Micro-ferme biologique","potentialAction":[{"@type":"SearchAction","target":{"@type":"EntryPoint","urlTemplate":"https:\/\/fermelarochette.ch\/?s={search_term_string}"},"query-input":{"@type":"PropertyValueSpecification","valueRequired":true,"valueName":"search_term_string"}}],"inLanguage":"fr-FR"}]}},"jetpack_sharing_enabled":true,"ticketed":false,"_links":{"self":[{"href":"https:\/\/fermelarochette.ch\/index.php\/wp-json\/wp\/v2\/pages\/44","targetHints":{"allow":["GET"]}}],"collection":[{"href":"https:\/\/fermelarochette.ch\/index.php\/wp-json\/wp\/v2\/pages"}],"about":[{"href":"https:\/\/fermelarochette.ch\/index.php\/wp-json\/wp\/v2\/types\/page"}],"author":[{"embeddable":true,"href":"https:\/\/fermelarochette.ch\/index.php\/wp-json\/wp\/v2\/users\/1"}],"replies":[{"embeddable":true,"href":"https:\/\/fermelarochette.ch\/index.php\/wp-json\/wp\/v2\/comments?post=44"}],"version-history":[{"count":208,"href":"https:\/\/fermelarochette.ch\/index.php\/wp-json\/wp\/v2\/pages\/44\/revisions"}],"predecessor-version":[{"id":3537,"href":"https:\/\/fermelarochette.ch\/index.php\/wp-json\/wp\/v2\/pages\/44\/revisions\/3537"}],"wp:featuredmedia":[{"embeddable":true,"href":"https:\/\/fermelarochette.ch\/index.php\/wp-json\/wp\/v2\/media\/844"}],"wp:attachment":[{"href":"https:\/\/fermelarochette.ch\/index.php\/wp-json\/wp\/v2\/media?parent=44"}],"curies":[{"name":"wp","href":"https:\/\/api.w.org\/{rel}","templated":true}]}}