{"id":375,"date":"2022-02-04T14:41:32","date_gmt":"2022-02-04T14:41:32","guid":{"rendered":"https:\/\/fermelarochette.ch\/wordpress\/?page_id=375"},"modified":"2025-12-02T11:43:59","modified_gmt":"2025-12-02T10:43:59","slug":"apprenez-a-faire-tous-vos-plantons","status":"publish","type":"page","link":"https:\/\/fermelarochette.ch\/index.php\/formations-et-ateliers-programme\/apprenez-a-faire-tous-vos-plantons\/","title":{"rendered":"R\u00e9ussissez tous vos semis et plantons"},"content":{"rendered":"\n<h1 class=\"wp-block-heading has-large-font-size\" id=\"un-atelier-pour-connaitre-toutes-les-astuces-et-reussir-vos-plantations\">Un atelier pour conna\u00eetre toutes les astuces et r\u00e9ussir vos semis et plantons !<\/h1>\n\n\n\n<p>\u00c0 la port\u00e9e de toutes et tous, faire ses plantons soi-m\u00eame est plus \u00e9conomique et plus \u00e9cologique. Cela permet de comprendre et g\u00e9rer au mieux le cycle des plantes, dans le terroir et les conditions propres \u00e0 votre lieu. En cultivant des vari\u00e9t\u00e9s anciennes et\/ou locales, le b\u00e9n\u00e9fice pour vous et la biodiversit\u00e9 est d\u2019autant plus grand. Oui, mais encore faut-il savoir comment faire\u2026 Durant cet atelier, vous apprendrez une foule d\u2019astuces pratiques ainsi que les gestes pour r\u00e9aliser chez vous et en toute confiance tous vos plantons. Ce cours est organis\u00e9 en collaboration avec <a href=\"https:\/\/www.prospecierara.ch\/fr.html\" target=\"_blank\" rel=\"noreferrer noopener\">ProSpecieRara<\/a>.<\/p>\n\n\n\n<p><strong><mark style=\"background-color:rgba(0, 0, 0, 0)\" class=\"has-inline-color has-accent-1-color\">Date et horaire :<\/mark><\/strong> <strong>21 mars 2026, 9h30 \u00e0 12h<\/strong><\/p>\n\n\n\n<p><strong><mark style=\"background-color:rgba(0, 0, 0, 0)\" class=\"has-inline-color has-accent-1-color\">Lieu : <\/mark><\/strong>Dans la serre du jardin de La Rochette micro-ferme, Clos-Dessous, 2947 Charmoille (arr\u00eat de bus Charmoille, village)<\/p>\n\n\n\n<p><strong><mark style=\"background-color:rgba(0, 0, 0, 0)\" class=\"has-inline-color has-accent-1-color\">Intervenant :<\/mark><\/strong> St\u00e9phane Caravellas, mara\u00eecher \u00e0 La Rochette<\/p>\n\n\n\n<p><strong><mark style=\"background-color:rgba(0, 0, 0, 0)\" class=\"has-inline-color has-accent-1-color\">Prix :<\/mark> <\/strong>25.-\/personne pour les membres de ProSpecieRara, 35.-\/personne pour les non membres.<\/p>\n\n\n\n<p><strong><mark style=\"background-color:rgba(0, 0, 0, 0)\" class=\"has-inline-color has-accent-1-color\">Paiement :<\/mark><\/strong> sur place<\/p>\n\n\n\n<p><strong><mark style=\"background-color:rgba(0, 0, 0, 0)\" class=\"has-inline-color has-accent-1-color\">Inscription et demande d\u2019informations :<\/mark><\/strong><br>Inscription sur la page d\u00e9di\u00e9e du site ProSpecieRara,<mark style=\"background-color:rgba(0, 0, 0, 0)\" class=\"has-inline-color has-accent-1-color\"> <a href=\"https:\/\/www.prospecierara.ch\/fr\/decouvrir\/manifestations\/preparation-de-plantons-charmoille\" target=\"_blank\" rel=\"noreferrer noopener\">ici<\/a>.<\/mark><br>Demande d\u2019informations aupr\u00e8s de Claudine Miserez \u00e0 l\u2019adresse <a href=\"mailto:claudine@fermelarochette.ch\"><mark style=\"background-color:rgba(0, 0, 0, 0)\" class=\"has-inline-color has-accent-1-color\">claudine@fermelarochette.ch<\/mark><\/a> ou par t\u00e9l\u00e9phone au 076 237 25 75.<\/p>\n\n\n\n<div style=\"height:100px\" aria-hidden=\"true\" class=\"wp-block-spacer\"><\/div>\n","protected":false},"excerpt":{"rendered":"<p>Un atelier pour conna\u00eetre toutes les astuces et r\u00e9ussir vos semis et plantons ! \u00c0 la port\u00e9e de toutes et tous, faire ses plantons soi-m\u00eame &hellip;<\/p>\n","protected":false},"author":1,"featured_media":1801,"parent":44,"menu_order":0,"comment_status":"closed","ping_status":"closed","template":"","meta":{"_price":"","_stock":"","_tribe_ticket_header":"","_tribe_default_ticket_provider":"","_ticket_start_date":"","_ticket_end_date":"","_tribe_ticket_show_description":"","_tribe_ticket_show_not_going":false,"_tribe_ticket_use_global_stock":"","_tribe_ticket_global_stock_level":"","_global_stock_mode":"","_global_stock_cap":"","_tribe_rsvp_for_event":"","_tribe_ticket_going_count":"","_tribe_ticket_not_going_count":"","_tribe_tickets_list":"[]","_tribe_ticket_has_attendee_info_fields":false,"footnotes":"","_tec_slr_enabled":"","_tec_slr_layout":""},"class_list":["post-375","page","type-page","status-publish","has-post-thumbnail","hentry"],"yoast_head":"<!-- This site is optimized with the Yoast SEO plugin v26.9 - https:\/\/yoast.com\/product\/yoast-seo-wordpress\/ -->\n<title>Apprendre \u00e0 faire tous ses plantons - La Rochette<\/title>\n<meta name=\"description\" content=\"Organisation d&#039;ateliers pour apprendre \u00e0 fair ses plantons soi-m\u00eame et conna\u00eetre toutes les astuces pour r\u00e9ussir !\" \/>\n<meta name=\"robots\" content=\"index, follow, max-snippet:-1, max-image-preview:large, max-video-preview:-1\" \/>\n<link rel=\"canonical\" href=\"https:\/\/fermelarochette.ch\/index.php\/formations-et-ateliers-programme\/apprenez-a-faire-tous-vos-plantons\/\" \/>\n<meta property=\"og:locale\" content=\"fr_FR\" \/>\n<meta property=\"og:type\" content=\"article\" \/>\n<meta property=\"og:title\" content=\"Apprendre \u00e0 faire tous ses plantons - La Rochette\" \/>\n<meta property=\"og:description\" content=\"Organisation d&#039;ateliers pour apprendre \u00e0 fair ses plantons soi-m\u00eame et conna\u00eetre toutes les astuces pour r\u00e9ussir !\" \/>\n<meta property=\"og:url\" content=\"https:\/\/fermelarochette.ch\/index.php\/formations-et-ateliers-programme\/apprenez-a-faire-tous-vos-plantons\/\" \/>\n<meta property=\"og:site_name\" content=\"La Rochette\" \/>\n<meta property=\"article:modified_time\" content=\"2025-12-02T10:43:59+00:00\" \/>\n<meta property=\"og:image\" content=\"https:\/\/fermelarochette.ch\/wp-content\/uploads\/2023\/12\/plantons-a-perte-de-vue-scaled.jpeg\" \/>\n\t<meta property=\"og:image:width\" content=\"1920\" \/>\n\t<meta property=\"og:image:height\" content=\"2560\" \/>\n\t<meta property=\"og:image:type\" content=\"image\/jpeg\" \/>\n<meta name=\"twitter:card\" content=\"summary_large_image\" \/>\n<meta name=\"twitter:label1\" content=\"Dur\u00e9e de lecture estim\u00e9e\" \/>\n\t<meta name=\"twitter:data1\" content=\"1 minute\" \/>\n<script type=\"application\/ld+json\" class=\"yoast-schema-graph\">{\"@context\":\"https:\/\/schema.org\",\"@graph\":[{\"@type\":\"WebPage\",\"@id\":\"https:\/\/fermelarochette.ch\/index.php\/formations-et-ateliers-programme\/apprenez-a-faire-tous-vos-plantons\/\",\"url\":\"https:\/\/fermelarochette.ch\/index.php\/formations-et-ateliers-programme\/apprenez-a-faire-tous-vos-plantons\/\",\"name\":\"Apprendre \u00e0 faire tous ses plantons - La Rochette\",\"isPartOf\":{\"@id\":\"https:\/\/fermelarochette.ch\/#website\"},\"primaryImageOfPage\":{\"@id\":\"https:\/\/fermelarochette.ch\/index.php\/formations-et-ateliers-programme\/apprenez-a-faire-tous-vos-plantons\/#primaryimage\"},\"image\":{\"@id\":\"https:\/\/fermelarochette.ch\/index.php\/formations-et-ateliers-programme\/apprenez-a-faire-tous-vos-plantons\/#primaryimage\"},\"thumbnailUrl\":\"https:\/\/fermelarochette.ch\/wp-content\/uploads\/2023\/12\/plantons-a-perte-de-vue-scaled.jpeg\",\"datePublished\":\"2022-02-04T14:41:32+00:00\",\"dateModified\":\"2025-12-02T10:43:59+00:00\",\"description\":\"Organisation d'ateliers pour apprendre \u00e0 fair ses plantons soi-m\u00eame et conna\u00eetre toutes les astuces pour r\u00e9ussir !\",\"breadcrumb\":{\"@id\":\"https:\/\/fermelarochette.ch\/index.php\/formations-et-ateliers-programme\/apprenez-a-faire-tous-vos-plantons\/#breadcrumb\"},\"inLanguage\":\"fr-FR\",\"potentialAction\":[{\"@type\":\"ReadAction\",\"target\":[\"https:\/\/fermelarochette.ch\/index.php\/formations-et-ateliers-programme\/apprenez-a-faire-tous-vos-plantons\/\"]}]},{\"@type\":\"ImageObject\",\"inLanguage\":\"fr-FR\",\"@id\":\"https:\/\/fermelarochette.ch\/index.php\/formations-et-ateliers-programme\/apprenez-a-faire-tous-vos-plantons\/#primaryimage\",\"url\":\"https:\/\/fermelarochette.ch\/wp-content\/uploads\/2023\/12\/plantons-a-perte-de-vue-scaled.jpeg\",\"contentUrl\":\"https:\/\/fermelarochette.ch\/wp-content\/uploads\/2023\/12\/plantons-a-perte-de-vue-scaled.jpeg\",\"width\":1920,\"height\":2560},{\"@type\":\"BreadcrumbList\",\"@id\":\"https:\/\/fermelarochette.ch\/index.php\/formations-et-ateliers-programme\/apprenez-a-faire-tous-vos-plantons\/#breadcrumb\",\"itemListElement\":[{\"@type\":\"ListItem\",\"position\":1,\"name\":\"Accueil\",\"item\":\"https:\/\/fermelarochette.ch\/\"},{\"@type\":\"ListItem\",\"position\":2,\"name\":\"Formations\",\"item\":\"https:\/\/fermelarochette.ch\/index.php\/formations-et-ateliers-programme\/\"},{\"@type\":\"ListItem\",\"position\":3,\"name\":\"R\u00e9ussissez tous vos semis et plantons\"}]},{\"@type\":\"WebSite\",\"@id\":\"https:\/\/fermelarochette.ch\/#website\",\"url\":\"https:\/\/fermelarochette.ch\/\",\"name\":\"La Rochette\",\"description\":\"Micro-ferme biologique\",\"potentialAction\":[{\"@type\":\"SearchAction\",\"target\":{\"@type\":\"EntryPoint\",\"urlTemplate\":\"https:\/\/fermelarochette.ch\/?s={search_term_string}\"},\"query-input\":{\"@type\":\"PropertyValueSpecification\",\"valueRequired\":true,\"valueName\":\"search_term_string\"}}],\"inLanguage\":\"fr-FR\"}]}<\/script>\n<!-- \/ Yoast SEO plugin. -->","yoast_head_json":{"title":"Apprendre \u00e0 faire tous ses plantons - La Rochette","description":"Organisation d'ateliers pour apprendre \u00e0 fair ses plantons soi-m\u00eame et conna\u00eetre toutes les astuces pour r\u00e9ussir !","robots":{"index":"index","follow":"follow","max-snippet":"max-snippet:-1","max-image-preview":"max-image-preview:large","max-video-preview":"max-video-preview:-1"},"canonical":"https:\/\/fermelarochette.ch\/index.php\/formations-et-ateliers-programme\/apprenez-a-faire-tous-vos-plantons\/","og_locale":"fr_FR","og_type":"article","og_title":"Apprendre \u00e0 faire tous ses plantons - La Rochette","og_description":"Organisation d'ateliers pour apprendre \u00e0 fair ses plantons soi-m\u00eame et conna\u00eetre toutes les astuces pour r\u00e9ussir !","og_url":"https:\/\/fermelarochette.ch\/index.php\/formations-et-ateliers-programme\/apprenez-a-faire-tous-vos-plantons\/","og_site_name":"La Rochette","article_modified_time":"2025-12-02T10:43:59+00:00","og_image":[{"width":1920,"height":2560,"url":"https:\/\/fermelarochette.ch\/wp-content\/uploads\/2023\/12\/plantons-a-perte-de-vue-scaled.jpeg","type":"image\/jpeg"}],"twitter_card":"summary_large_image","twitter_misc":{"Dur\u00e9e de lecture estim\u00e9e":"1 minute"},"schema":{"@context":"https:\/\/schema.org","@graph":[{"@type":"WebPage","@id":"https:\/\/fermelarochette.ch\/index.php\/formations-et-ateliers-programme\/apprenez-a-faire-tous-vos-plantons\/","url":"https:\/\/fermelarochette.ch\/index.php\/formations-et-ateliers-programme\/apprenez-a-faire-tous-vos-plantons\/","name":"Apprendre \u00e0 faire tous ses plantons - La Rochette","isPartOf":{"@id":"https:\/\/fermelarochette.ch\/#website"},"primaryImageOfPage":{"@id":"https:\/\/fermelarochette.ch\/index.php\/formations-et-ateliers-programme\/apprenez-a-faire-tous-vos-plantons\/#primaryimage"},"image":{"@id":"https:\/\/fermelarochette.ch\/index.php\/formations-et-ateliers-programme\/apprenez-a-faire-tous-vos-plantons\/#primaryimage"},"thumbnailUrl":"https:\/\/fermelarochette.ch\/wp-content\/uploads\/2023\/12\/plantons-a-perte-de-vue-scaled.jpeg","datePublished":"2022-02-04T14:41:32+00:00","dateModified":"2025-12-02T10:43:59+00:00","description":"Organisation d'ateliers pour apprendre \u00e0 fair ses plantons soi-m\u00eame et conna\u00eetre toutes les astuces pour r\u00e9ussir !","breadcrumb":{"@id":"https:\/\/fermelarochette.ch\/index.php\/formations-et-ateliers-programme\/apprenez-a-faire-tous-vos-plantons\/#breadcrumb"},"inLanguage":"fr-FR","potentialAction":[{"@type":"ReadAction","target":["https:\/\/fermelarochette.ch\/index.php\/formations-et-ateliers-programme\/apprenez-a-faire-tous-vos-plantons\/"]}]},{"@type":"ImageObject","inLanguage":"fr-FR","@id":"https:\/\/fermelarochette.ch\/index.php\/formations-et-ateliers-programme\/apprenez-a-faire-tous-vos-plantons\/#primaryimage","url":"https:\/\/fermelarochette.ch\/wp-content\/uploads\/2023\/12\/plantons-a-perte-de-vue-scaled.jpeg","contentUrl":"https:\/\/fermelarochette.ch\/wp-content\/uploads\/2023\/12\/plantons-a-perte-de-vue-scaled.jpeg","width":1920,"height":2560},{"@type":"BreadcrumbList","@id":"https:\/\/fermelarochette.ch\/index.php\/formations-et-ateliers-programme\/apprenez-a-faire-tous-vos-plantons\/#breadcrumb","itemListElement":[{"@type":"ListItem","position":1,"name":"Accueil","item":"https:\/\/fermelarochette.ch\/"},{"@type":"ListItem","position":2,"name":"Formations","item":"https:\/\/fermelarochette.ch\/index.php\/formations-et-ateliers-programme\/"},{"@type":"ListItem","position":3,"name":"R\u00e9ussissez tous vos semis et plantons"}]},{"@type":"WebSite","@id":"https:\/\/fermelarochette.ch\/#website","url":"https:\/\/fermelarochette.ch\/","name":"La Rochette","description":"Micro-ferme biologique","potentialAction":[{"@type":"SearchAction","target":{"@type":"EntryPoint","urlTemplate":"https:\/\/fermelarochette.ch\/?s={search_term_string}"},"query-input":{"@type":"PropertyValueSpecification","valueRequired":true,"valueName":"search_term_string"}}],"inLanguage":"fr-FR"}]}},"jetpack_sharing_enabled":true,"ticketed":false,"_links":{"self":[{"href":"https:\/\/fermelarochette.ch\/index.php\/wp-json\/wp\/v2\/pages\/375","targetHints":{"allow":["GET"]}}],"collection":[{"href":"https:\/\/fermelarochette.ch\/index.php\/wp-json\/wp\/v2\/pages"}],"about":[{"href":"https:\/\/fermelarochette.ch\/index.php\/wp-json\/wp\/v2\/types\/page"}],"author":[{"embeddable":true,"href":"https:\/\/fermelarochette.ch\/index.php\/wp-json\/wp\/v2\/users\/1"}],"replies":[{"embeddable":true,"href":"https:\/\/fermelarochette.ch\/index.php\/wp-json\/wp\/v2\/comments?post=375"}],"version-history":[{"count":30,"href":"https:\/\/fermelarochette.ch\/index.php\/wp-json\/wp\/v2\/pages\/375\/revisions"}],"predecessor-version":[{"id":2992,"href":"https:\/\/fermelarochette.ch\/index.php\/wp-json\/wp\/v2\/pages\/375\/revisions\/2992"}],"up":[{"embeddable":true,"href":"https:\/\/fermelarochette.ch\/index.php\/wp-json\/wp\/v2\/pages\/44"}],"wp:featuredmedia":[{"embeddable":true,"href":"https:\/\/fermelarochette.ch\/index.php\/wp-json\/wp\/v2\/media\/1801"}],"wp:attachment":[{"href":"https:\/\/fermelarochette.ch\/index.php\/wp-json\/wp\/v2\/media?parent=375"}],"curies":[{"name":"wp","href":"https:\/\/api.w.org\/{rel}","templated":true}]}}