{"id":3050,"date":"2025-12-08T21:22:21","date_gmt":"2025-12-08T20:22:21","guid":{"rendered":"https:\/\/fermelarochette.ch\/?page_id=3050"},"modified":"2026-03-26T10:51:09","modified_gmt":"2026-03-26T09:51:09","slug":"plantes-medicinales-approche-pratique-et-sensible","status":"publish","type":"page","link":"https:\/\/fermelarochette.ch\/index.php\/plantes-medicinales-approche-pratique-et-sensible\/","title":{"rendered":"Plantes m\u00e9dicinales : approche pratique et sensible"},"content":{"rendered":"\n<h1 class=\"wp-block-heading has-large-font-size\" id=\"une-balade-pour-s-introduire-au-monde-fascinant-et-abondant-des-plantes-qui-nous-entourent\">Les plantes soignent de bien des mani\u00e8res\u2026<\/h1>\n\n\n\n<p>Nous c\u00f4toyons les plantes depuis l&rsquo;aube de l&rsquo;humanit\u00e9. Un peu oubli\u00e9es au cours du dernier si\u00e8cle, elles reviennent sur le devant de la sc\u00e8ne. Rien de plus normal, ces compagnes ont toute leur place dans notre bo\u00eete \u00e0 pharmacie, comme dans nos vies. <br>Il existe des formations dipl\u00f4mantes ou certifiantes sur plusieurs ann\u00e9es qui n\u00e9cessitent un investissement cons\u00e9quent. Cette journ\u00e9e d&rsquo;atelier n&rsquo;est pas cela. Ce que nous vous proposons, c&rsquo;est un premier pas vers les plantes, \u00eatres vivants qui ont tant \u00e0 offrir. Nous irons les sentir, les toucher, vous apprendrez \u00e0 les r\u00e9colter et les s\u00e9cher pour confectionner en toute simplicit\u00e9 une tisane bienfaisante, pr\u00e9parerez un mac\u00e9r\u00e2t huileux et confectionnerez un baume. Au passage, vous aurez appris bien plus qu&rsquo;en lisant un livre&#8230; et vous repartirez avec vos cr\u00e9ations du jour.<\/p>\n\n\n\n<p><strong><mark style=\"background-color:rgba(0, 0, 0, 0)\" class=\"has-inline-color has-accent-1-color\">Dates, horaires et lieux de rendez-vous :<\/mark><\/strong><br><mark style=\"background-color:rgba(0, 0, 0, 0)\" class=\"has-inline-color has-headings-color\">* <\/mark><strong>Dimanche 30 ao\u00fbt 2026 de 9h30 \u00e0 17h30<\/strong>, p\u00e9pini\u00e8re du <a href=\"https:\/\/www.lejardindessenteurs.ch\/\" target=\"_blank\" rel=\"noreferrer noopener\">Jardin des Senteurs<\/a>, Rue de la D\u00eeme 77, Neuch\u00e2tel<br>Accessible facilement en transport en commun (arr\u00eat de bus Neuch\u00e2tel Le Ch\u00e2ble ou arr\u00eat de bus Neuch\u00e2tel La Coudre)<\/p>\n\n\n\n<p><strong><mark style=\"background-color:rgba(0, 0, 0, 0)\" class=\"has-inline-color has-accent-1-color\">Prix :<\/mark><\/strong> 250.- (dont 30.- de mat\u00e9riel)<\/p>\n\n\n\n<p><strong><mark style=\"background-color:rgba(0, 0, 0, 0)\" class=\"has-inline-color has-accent-1-color\">Intervenante :<\/mark><\/strong> Claudine Miserez, herboriste, cultivatrice et transformatrice de plantes m\u00e9dicinales.<\/p>\n\n\n\n<p><mark style=\"background-color:rgba(0, 0, 0, 0)\" class=\"has-inline-color has-accent-1-color\"><strong>Nombre de participant.es<\/strong> <strong>:<\/strong><\/mark> Minimum 3, maximum 6.<\/p>\n\n\n\n<p><strong><mark style=\"background-color:rgba(0, 0, 0, 0)\" class=\"has-inline-color has-accent-1-color\">Validation et conditions d\u2019annulation :<\/mark><\/strong><br>L\u2019inscription est valid\u00e9e uniquement apr\u00e8s r\u00e8glement du prix du stage.<br>En cas de d\u00e9sistement plus de 7 jours avant le stage, l\u2019entier du montant est rembours\u00e9.<br>En cas de d\u00e9sistement moins de 7 jours avant le stage, le montant ne sera pas rembours\u00e9, \u00e0 moins que vous trouviez un.e rempla\u00e7ant.e.<\/p>\n\n\n\n<p><mark style=\"background-color:rgba(0, 0, 0, 0)\" class=\"has-inline-color has-accent-1-color\"><strong>Paiement<\/strong> <strong>:<\/strong><\/mark><br>Le stage peut \u00eatre r\u00e9gl\u00e9 :<br><strong>* Par twint<\/strong> au num\u00e9ro 076\/237.25.75 <em>en mentionnant le motif du paiement<\/em>.<br>* <strong>Par virement bancaire <\/strong>aux coordonn\u00e9es suivantes <em>en mentionnant le motif du paiement<\/em> :<br>La Rochette micro-ferme<br>Adresse : Sous la Rochette 10a, 2947 Charmoille<br>IBAN : CH23 0839 0039 6252 1000 8<br>Banque : Banque alternative Suisse<br><\/p>\n\n\n\n<p><strong><mark style=\"background-color:rgba(0, 0, 0, 0)\" class=\"has-inline-color has-accent-1-color\">Inscription et demande d&rsquo;informations :<\/mark><\/strong><br>Aupr\u00e8s de Claudine Miserez \u00e0 l\u2019adresse <a href=\"mailto:claudine@fermelarochette.ch\">claudine@fermelarochette.ch<\/a> ou par t\u00e9l\u00e9phone au <strong>076\/237.25.75<\/strong>.<\/p>\n\n\n\n<div style=\"height:100px\" aria-hidden=\"true\" class=\"wp-block-spacer\"><\/div>\n\n\n\n<figure class=\"wp-block-gallery has-nested-images columns-default is-cropped wp-block-gallery-1 is-layout-flex wp-block-gallery-is-layout-flex\">\n<figure class=\"wp-block-image size-large\"><img decoding=\"async\" width=\"768\" height=\"1024\" data-id=\"2931\" data-src=\"https:\/\/fermelarochette.ch\/wp-content\/uploads\/2025\/11\/Gaia-768x1024.jpg\" alt=\"\" class=\"wp-image-2931 lazyload\" data-srcset=\"https:\/\/fermelarochette.ch\/wp-content\/uploads\/2025\/11\/Gaia-768x1024.jpg 768w, https:\/\/fermelarochette.ch\/wp-content\/uploads\/2025\/11\/Gaia-600x800.jpg 600w, https:\/\/fermelarochette.ch\/wp-content\/uploads\/2025\/11\/Gaia-225x300.jpg 225w, https:\/\/fermelarochette.ch\/wp-content\/uploads\/2025\/11\/Gaia-1152x1536.jpg 1152w, https:\/\/fermelarochette.ch\/wp-content\/uploads\/2025\/11\/Gaia.jpg 1200w\" data-sizes=\"(max-width: 768px) 100vw, 768px\" src=\"data:image\/svg+xml;base64,PHN2ZyB3aWR0aD0iMSIgaGVpZ2h0PSIxIiB4bWxucz0iaHR0cDovL3d3dy53My5vcmcvMjAwMC9zdmciPjwvc3ZnPg==\" style=\"--smush-placeholder-width: 768px; --smush-placeholder-aspect-ratio: 768\/1024;\" \/><\/figure>\n\n\n\n<figure class=\"wp-block-image size-large\"><img decoding=\"async\" width=\"768\" height=\"1024\" data-id=\"2549\" data-src=\"https:\/\/fermelarochette.ch\/wp-content\/uploads\/2025\/03\/Achillee-millefeuille-768x1024.jpeg\" alt=\"\" class=\"wp-image-2549 lazyload\" data-srcset=\"https:\/\/fermelarochette.ch\/wp-content\/uploads\/2025\/03\/Achillee-millefeuille-768x1024.jpeg 768w, https:\/\/fermelarochette.ch\/wp-content\/uploads\/2025\/03\/Achillee-millefeuille-scaled-600x800.jpeg 600w, https:\/\/fermelarochette.ch\/wp-content\/uploads\/2025\/03\/Achillee-millefeuille-225x300.jpeg 225w, https:\/\/fermelarochette.ch\/wp-content\/uploads\/2025\/03\/Achillee-millefeuille-1152x1536.jpeg 1152w, https:\/\/fermelarochette.ch\/wp-content\/uploads\/2025\/03\/Achillee-millefeuille-1536x2048.jpeg 1536w, https:\/\/fermelarochette.ch\/wp-content\/uploads\/2025\/03\/Achillee-millefeuille-scaled.jpeg 1920w\" data-sizes=\"(max-width: 768px) 100vw, 768px\" src=\"data:image\/svg+xml;base64,PHN2ZyB3aWR0aD0iMSIgaGVpZ2h0PSIxIiB4bWxucz0iaHR0cDovL3d3dy53My5vcmcvMjAwMC9zdmciPjwvc3ZnPg==\" style=\"--smush-placeholder-width: 768px; --smush-placeholder-aspect-ratio: 768\/1024;\" \/><\/figure>\n\n\n\n<figure class=\"wp-block-image size-large\"><img decoding=\"async\" width=\"768\" height=\"1024\" data-id=\"3052\" data-src=\"https:\/\/fermelarochette.ch\/wp-content\/uploads\/2025\/12\/IMG_20240414_173937-768x1024.jpg\" alt=\"\" class=\"wp-image-3052 lazyload\" data-srcset=\"https:\/\/fermelarochette.ch\/wp-content\/uploads\/2025\/12\/IMG_20240414_173937-768x1024.jpg 768w, https:\/\/fermelarochette.ch\/wp-content\/uploads\/2025\/12\/IMG_20240414_173937-scaled-600x800.jpg 600w, https:\/\/fermelarochette.ch\/wp-content\/uploads\/2025\/12\/IMG_20240414_173937-225x300.jpg 225w, https:\/\/fermelarochette.ch\/wp-content\/uploads\/2025\/12\/IMG_20240414_173937-1152x1536.jpg 1152w, https:\/\/fermelarochette.ch\/wp-content\/uploads\/2025\/12\/IMG_20240414_173937-1536x2048.jpg 1536w, https:\/\/fermelarochette.ch\/wp-content\/uploads\/2025\/12\/IMG_20240414_173937-scaled.jpg 1920w\" data-sizes=\"(max-width: 768px) 100vw, 768px\" src=\"data:image\/svg+xml;base64,PHN2ZyB3aWR0aD0iMSIgaGVpZ2h0PSIxIiB4bWxucz0iaHR0cDovL3d3dy53My5vcmcvMjAwMC9zdmciPjwvc3ZnPg==\" style=\"--smush-placeholder-width: 768px; --smush-placeholder-aspect-ratio: 768\/1024;\" \/><\/figure>\n<\/figure>\n","protected":false},"excerpt":{"rendered":"<p>Les plantes soignent de bien des mani\u00e8res\u2026 Nous c\u00f4toyons les plantes depuis l&rsquo;aube de l&rsquo;humanit\u00e9. Un peu oubli\u00e9es au cours du dernier si\u00e8cle, elles reviennent &hellip;<\/p>\n","protected":false},"author":1,"featured_media":2545,"parent":0,"menu_order":0,"comment_status":"closed","ping_status":"closed","template":"","meta":{"_price":"","_stock":"","_tribe_ticket_header":"","_tribe_default_ticket_provider":"","_ticket_start_date":"","_ticket_end_date":"","_tribe_ticket_show_description":"","_tribe_ticket_show_not_going":false,"_tribe_ticket_use_global_stock":"","_tribe_ticket_global_stock_level":"","_global_stock_mode":"","_global_stock_cap":"","_tribe_rsvp_for_event":"","_tribe_ticket_going_count":"","_tribe_ticket_not_going_count":"","_tribe_tickets_list":"[]","_tribe_ticket_has_attendee_info_fields":false,"footnotes":"","_tec_slr_enabled":"","_tec_slr_layout":""},"class_list":["post-3050","page","type-page","status-publish","has-post-thumbnail","hentry"],"yoast_head":"<!-- This site is optimized with the Yoast SEO plugin v26.9 - https:\/\/yoast.com\/product\/yoast-seo-wordpress\/ -->\n<title>Plantes m\u00e9dicinales : approche pratique et sensible - La Rochette<\/title>\n<meta name=\"robots\" content=\"index, follow, max-snippet:-1, max-image-preview:large, max-video-preview:-1\" \/>\n<link rel=\"canonical\" href=\"https:\/\/fermelarochette.ch\/index.php\/plantes-medicinales-approche-pratique-et-sensible\/\" \/>\n<meta property=\"og:locale\" content=\"fr_FR\" \/>\n<meta property=\"og:type\" content=\"article\" \/>\n<meta property=\"og:title\" content=\"Plantes m\u00e9dicinales : approche pratique et sensible - La Rochette\" \/>\n<meta property=\"og:description\" content=\"Les plantes soignent de bien des mani\u00e8res\u2026 Nous c\u00f4toyons les plantes depuis l&rsquo;aube de l&rsquo;humanit\u00e9. Un peu oubli\u00e9es au cours du dernier si\u00e8cle, elles reviennent &hellip;\" \/>\n<meta property=\"og:url\" content=\"https:\/\/fermelarochette.ch\/index.php\/plantes-medicinales-approche-pratique-et-sensible\/\" \/>\n<meta property=\"og:site_name\" content=\"La Rochette\" \/>\n<meta property=\"article:modified_time\" content=\"2026-03-26T09:51:09+00:00\" \/>\n<meta property=\"og:image\" content=\"https:\/\/fermelarochette.ch\/wp-content\/uploads\/2025\/03\/Pavots-de-Californie-scaled.jpeg\" \/>\n\t<meta property=\"og:image:width\" content=\"1920\" \/>\n\t<meta property=\"og:image:height\" content=\"2560\" \/>\n\t<meta property=\"og:image:type\" content=\"image\/jpeg\" \/>\n<meta name=\"twitter:card\" content=\"summary_large_image\" \/>\n<meta name=\"twitter:label1\" content=\"Dur\u00e9e de lecture estim\u00e9e\" \/>\n\t<meta name=\"twitter:data1\" content=\"2 minutes\" \/>\n<script type=\"application\/ld+json\" class=\"yoast-schema-graph\">{\"@context\":\"https:\/\/schema.org\",\"@graph\":[{\"@type\":\"WebPage\",\"@id\":\"https:\/\/fermelarochette.ch\/index.php\/plantes-medicinales-approche-pratique-et-sensible\/\",\"url\":\"https:\/\/fermelarochette.ch\/index.php\/plantes-medicinales-approche-pratique-et-sensible\/\",\"name\":\"Plantes m\u00e9dicinales : approche pratique et sensible - La Rochette\",\"isPartOf\":{\"@id\":\"https:\/\/fermelarochette.ch\/#website\"},\"primaryImageOfPage\":{\"@id\":\"https:\/\/fermelarochette.ch\/index.php\/plantes-medicinales-approche-pratique-et-sensible\/#primaryimage\"},\"image\":{\"@id\":\"https:\/\/fermelarochette.ch\/index.php\/plantes-medicinales-approche-pratique-et-sensible\/#primaryimage\"},\"thumbnailUrl\":\"https:\/\/fermelarochette.ch\/wp-content\/uploads\/2025\/03\/Pavots-de-Californie-scaled.jpeg\",\"datePublished\":\"2025-12-08T20:22:21+00:00\",\"dateModified\":\"2026-03-26T09:51:09+00:00\",\"breadcrumb\":{\"@id\":\"https:\/\/fermelarochette.ch\/index.php\/plantes-medicinales-approche-pratique-et-sensible\/#breadcrumb\"},\"inLanguage\":\"fr-FR\",\"potentialAction\":[{\"@type\":\"ReadAction\",\"target\":[\"https:\/\/fermelarochette.ch\/index.php\/plantes-medicinales-approche-pratique-et-sensible\/\"]}]},{\"@type\":\"ImageObject\",\"inLanguage\":\"fr-FR\",\"@id\":\"https:\/\/fermelarochette.ch\/index.php\/plantes-medicinales-approche-pratique-et-sensible\/#primaryimage\",\"url\":\"https:\/\/fermelarochette.ch\/wp-content\/uploads\/2025\/03\/Pavots-de-Californie-scaled.jpeg\",\"contentUrl\":\"https:\/\/fermelarochette.ch\/wp-content\/uploads\/2025\/03\/Pavots-de-Californie-scaled.jpeg\",\"width\":1920,\"height\":2560},{\"@type\":\"BreadcrumbList\",\"@id\":\"https:\/\/fermelarochette.ch\/index.php\/plantes-medicinales-approche-pratique-et-sensible\/#breadcrumb\",\"itemListElement\":[{\"@type\":\"ListItem\",\"position\":1,\"name\":\"Accueil\",\"item\":\"https:\/\/fermelarochette.ch\/\"},{\"@type\":\"ListItem\",\"position\":2,\"name\":\"Plantes m\u00e9dicinales : approche pratique et sensible\"}]},{\"@type\":\"WebSite\",\"@id\":\"https:\/\/fermelarochette.ch\/#website\",\"url\":\"https:\/\/fermelarochette.ch\/\",\"name\":\"La Rochette\",\"description\":\"Micro-ferme biologique\",\"potentialAction\":[{\"@type\":\"SearchAction\",\"target\":{\"@type\":\"EntryPoint\",\"urlTemplate\":\"https:\/\/fermelarochette.ch\/?s={search_term_string}\"},\"query-input\":{\"@type\":\"PropertyValueSpecification\",\"valueRequired\":true,\"valueName\":\"search_term_string\"}}],\"inLanguage\":\"fr-FR\"}]}<\/script>\n<!-- \/ Yoast SEO plugin. -->","yoast_head_json":{"title":"Plantes m\u00e9dicinales : approche pratique et sensible - La Rochette","robots":{"index":"index","follow":"follow","max-snippet":"max-snippet:-1","max-image-preview":"max-image-preview:large","max-video-preview":"max-video-preview:-1"},"canonical":"https:\/\/fermelarochette.ch\/index.php\/plantes-medicinales-approche-pratique-et-sensible\/","og_locale":"fr_FR","og_type":"article","og_title":"Plantes m\u00e9dicinales : approche pratique et sensible - La Rochette","og_description":"Les plantes soignent de bien des mani\u00e8res\u2026 Nous c\u00f4toyons les plantes depuis l&rsquo;aube de l&rsquo;humanit\u00e9. Un peu oubli\u00e9es au cours du dernier si\u00e8cle, elles reviennent &hellip;","og_url":"https:\/\/fermelarochette.ch\/index.php\/plantes-medicinales-approche-pratique-et-sensible\/","og_site_name":"La Rochette","article_modified_time":"2026-03-26T09:51:09+00:00","og_image":[{"width":1920,"height":2560,"url":"https:\/\/fermelarochette.ch\/wp-content\/uploads\/2025\/03\/Pavots-de-Californie-scaled.jpeg","type":"image\/jpeg"}],"twitter_card":"summary_large_image","twitter_misc":{"Dur\u00e9e de lecture estim\u00e9e":"2 minutes"},"schema":{"@context":"https:\/\/schema.org","@graph":[{"@type":"WebPage","@id":"https:\/\/fermelarochette.ch\/index.php\/plantes-medicinales-approche-pratique-et-sensible\/","url":"https:\/\/fermelarochette.ch\/index.php\/plantes-medicinales-approche-pratique-et-sensible\/","name":"Plantes m\u00e9dicinales : approche pratique et sensible - La Rochette","isPartOf":{"@id":"https:\/\/fermelarochette.ch\/#website"},"primaryImageOfPage":{"@id":"https:\/\/fermelarochette.ch\/index.php\/plantes-medicinales-approche-pratique-et-sensible\/#primaryimage"},"image":{"@id":"https:\/\/fermelarochette.ch\/index.php\/plantes-medicinales-approche-pratique-et-sensible\/#primaryimage"},"thumbnailUrl":"https:\/\/fermelarochette.ch\/wp-content\/uploads\/2025\/03\/Pavots-de-Californie-scaled.jpeg","datePublished":"2025-12-08T20:22:21+00:00","dateModified":"2026-03-26T09:51:09+00:00","breadcrumb":{"@id":"https:\/\/fermelarochette.ch\/index.php\/plantes-medicinales-approche-pratique-et-sensible\/#breadcrumb"},"inLanguage":"fr-FR","potentialAction":[{"@type":"ReadAction","target":["https:\/\/fermelarochette.ch\/index.php\/plantes-medicinales-approche-pratique-et-sensible\/"]}]},{"@type":"ImageObject","inLanguage":"fr-FR","@id":"https:\/\/fermelarochette.ch\/index.php\/plantes-medicinales-approche-pratique-et-sensible\/#primaryimage","url":"https:\/\/fermelarochette.ch\/wp-content\/uploads\/2025\/03\/Pavots-de-Californie-scaled.jpeg","contentUrl":"https:\/\/fermelarochette.ch\/wp-content\/uploads\/2025\/03\/Pavots-de-Californie-scaled.jpeg","width":1920,"height":2560},{"@type":"BreadcrumbList","@id":"https:\/\/fermelarochette.ch\/index.php\/plantes-medicinales-approche-pratique-et-sensible\/#breadcrumb","itemListElement":[{"@type":"ListItem","position":1,"name":"Accueil","item":"https:\/\/fermelarochette.ch\/"},{"@type":"ListItem","position":2,"name":"Plantes m\u00e9dicinales : approche pratique et sensible"}]},{"@type":"WebSite","@id":"https:\/\/fermelarochette.ch\/#website","url":"https:\/\/fermelarochette.ch\/","name":"La Rochette","description":"Micro-ferme biologique","potentialAction":[{"@type":"SearchAction","target":{"@type":"EntryPoint","urlTemplate":"https:\/\/fermelarochette.ch\/?s={search_term_string}"},"query-input":{"@type":"PropertyValueSpecification","valueRequired":true,"valueName":"search_term_string"}}],"inLanguage":"fr-FR"}]}},"jetpack_sharing_enabled":true,"ticketed":false,"_links":{"self":[{"href":"https:\/\/fermelarochette.ch\/index.php\/wp-json\/wp\/v2\/pages\/3050","targetHints":{"allow":["GET"]}}],"collection":[{"href":"https:\/\/fermelarochette.ch\/index.php\/wp-json\/wp\/v2\/pages"}],"about":[{"href":"https:\/\/fermelarochette.ch\/index.php\/wp-json\/wp\/v2\/types\/page"}],"author":[{"embeddable":true,"href":"https:\/\/fermelarochette.ch\/index.php\/wp-json\/wp\/v2\/users\/1"}],"replies":[{"embeddable":true,"href":"https:\/\/fermelarochette.ch\/index.php\/wp-json\/wp\/v2\/comments?post=3050"}],"version-history":[{"count":2,"href":"https:\/\/fermelarochette.ch\/index.php\/wp-json\/wp\/v2\/pages\/3050\/revisions"}],"predecessor-version":[{"id":3913,"href":"https:\/\/fermelarochette.ch\/index.php\/wp-json\/wp\/v2\/pages\/3050\/revisions\/3913"}],"wp:featuredmedia":[{"embeddable":true,"href":"https:\/\/fermelarochette.ch\/index.php\/wp-json\/wp\/v2\/media\/2545"}],"wp:attachment":[{"href":"https:\/\/fermelarochette.ch\/index.php\/wp-json\/wp\/v2\/media?parent=3050"}],"curies":[{"name":"wp","href":"https:\/\/api.w.org\/{rel}","templated":true}]}}