{"id":3035,"date":"2025-12-03T01:32:09","date_gmt":"2025-12-03T00:32:09","guid":{"rendered":"https:\/\/fermelarochette.ch\/?page_id=3035"},"modified":"2025-12-03T01:35:39","modified_gmt":"2025-12-03T00:35:39","slug":"les-tresors-du-rucher","status":"publish","type":"page","link":"https:\/\/fermelarochette.ch\/index.php\/formations-et-ateliers-programme\/les-tresors-du-rucher\/","title":{"rendered":"Les tr\u00e9sors du rucher"},"content":{"rendered":"\n<h2 class=\"wp-block-heading\"><strong>Prenez soin de vous naturellement gr\u00e2ce \u00e0 l&rsquo;apith\u00e9rapie et aux plantes sauvages<\/strong>&#8230;<\/h2>\n\n\n\n<p>Claudine, herboriste \u00e0 La Rochette, et <a href=\"https:\/\/www.rucher-rosie.ch\/\" target=\"_blank\" rel=\"noreferrer noopener\">Rosie<\/a>, apicultrice en biodynamie, vous proposent deux ateliers pour d\u00e9couvrir les tr\u00e9sors bienfaisants du rucher et des v\u00e9g\u00e9taux qui l&rsquo;entourent : apith\u00e9rapie, propolis, miel, plantes et r\u00e9sines m\u00e9dicinales seront abord\u00e9s. Vous respirerez l&rsquo;odeur de la ruche, apprendrez \u00e0 confectionner une alcoolature, r\u00e9colterez la r\u00e9sine des arbres environnants, go\u00fbterez le miel en rayon et le pain d&rsquo;abeille&#8230; ainsi que bien d&rsquo;autres exp\u00e9riences hors du commun, dans un lieu pr\u00e9serv\u00e9, au milieu de for\u00eats et p\u00e2turages bios. Vous repartirez avec vos cr\u00e9ations du jour.<\/p>\n\n\n\n<p><mark style=\"background-color:rgba(0, 0, 0, 0);color:#991818\" class=\"has-inline-color\"><strong>Il est possible de s&rsquo;inscrire \u00e0 un atelier seulement ! <\/strong><\/mark><\/p>\n\n\n\n<p><strong><mark style=\"background-color:rgba(0, 0, 0, 0)\" class=\"has-inline-color has-accent-1-color\">Dates<\/mark><\/strong><br><strong>Dimanche 7 juin 2026 &#8211; <\/strong>Atelier 1 : Apith\u00e9rapie (propolis, miel, cire, pollen, venin), r\u00e9sines m\u00e9dicinales et alcoolatures.<br><strong>Dimanche 21 juin 2026 &#8211;<\/strong> Atelier 2 : Miel, plantes sauvages m\u00e9dicinales et mac\u00e9r\u00e2ts.<br><strong>Samedi et dimanche 22-23 ao\u00fbt 2026 &#8211;<\/strong> Weekend complet Atelier 1 et Atelier 2<\/p>\n\n\n\n<p><strong><mark style=\"background-color:rgba(0, 0, 0, 0)\" class=\"has-inline-color has-accent-1-color\">Horaire :<\/mark><\/strong> 9h \u00e0 17h30<\/p>\n\n\n\n<p><strong><mark style=\"background-color:rgba(0, 0, 0, 0)\" class=\"has-inline-color has-accent-1-color\">Lieu : <\/mark><\/strong><br>\u00c0 <strong>Roche d&rsquo;Or (JU)<\/strong>, au magnifique rucher de <a href=\"https:\/\/www.rucher-rosie.ch\/\">Rucher Rosie<\/a>, un rucher suisse \u00e0 la beaut\u00e9 intemporelle qui nous abritera en cas de mauvais temps. Le rucher n&rsquo;est pas accessible en transports en commun. Si vous ne disposez pas d&rsquo;un v\u00e9hicule, nous venons volontiers vous chercher \u00e0 la gare de Porrentruy (en liaison directe avec la gare SNCF de Meroux-Moval, France)<\/p>\n\n\n\n<p><mark style=\"background-color:rgba(0, 0, 0, 0)\" class=\"has-inline-color has-accent-1-color\"><strong>Prix :<\/strong> <\/mark><br><strong>* Pour une journ\u00e9e d&rsquo;atelier : <\/strong>290.- comprenant le repas de midi aux produits de premi\u00e8re qualit\u00e9, un support de cours et des pr\u00e9parations th\u00e9rapeutiques \u00e0 emporter chez vous. <br><strong>* Pour le weekend complet ateliers 1 et 2 :<\/strong> 580.- comprenant deux repas de midi aux produits de premi\u00e8re qualit\u00e9, des supports de cours et pr\u00e9parations th\u00e9rapeutiques \u00e0 emporter chez vous.<\/p>\n\n\n\n<p><mark style=\"background-color:rgba(0, 0, 0, 0)\" class=\"has-inline-color has-accent-1-color\"><strong>Intervenantes :<\/strong> <\/mark>Claudine Miserez, herboriste et cultivatrice de plantes m\u00e9dicinales, et Rosie Blanche, apicultrice en biodynamie. <\/p>\n\n\n\n<p><mark style=\"background-color:rgba(0, 0, 0, 0)\" class=\"has-inline-color has-accent-1-color\"><strong>Nombre de participant.es<\/strong> <strong>:<\/strong><\/mark> Minimum 3, maximum 6.<\/p>\n\n\n\n<p><strong><mark style=\"background-color:rgba(0, 0, 0, 0)\" class=\"has-inline-color has-accent-1-color\">Validation et conditions d\u2019annulation :<\/mark><\/strong><br>L\u2019inscription est valid\u00e9e uniquement apr\u00e8s r\u00e8glement du prix du stage.<br>En cas de d\u00e9sistement plus de 45 jours avant le stage, l\u2019entier du montant est rembours\u00e9.<br>En cas de d\u00e9sistement moins de 45 jours avant le stage, la moiti\u00e9 du prix du stage est d\u00fb.<br>En cas de d\u00e9sistement moins de 30 jours avant le stage, la totalit\u00e9 du prix du stage est due. Dans ce cas, vous pouvez bien s\u00fbr offrir le stage \u00e0 un.e ami.e.<\/p>\n\n\n\n<p><mark style=\"background-color:rgba(0, 0, 0, 0)\" class=\"has-inline-color has-accent-1-color\"><strong>Paiement<\/strong> <strong>:<\/strong><\/mark><br>Le stage peut \u00eatre r\u00e9gl\u00e9 :<br><strong>* Par twint<\/strong> au num\u00e9ro 076\/237.25.75 en mentionnant le motif du paiement.<br>*<strong> Par virement bancaire <\/strong>aux coordonn\u00e9es suivantes <em>en mentionnant le motif du paiement<\/em> :<br>La Rochette micro-ferme<br>Adresse : Sous la Rochette 10a, 2947 Charmoille<br>IBAN : CH23 0839 0039 6252 1000 8<br>Banque : Banque alternative Suisse<\/p>\n\n\n\n<p><strong><mark style=\"background-color:rgba(0, 0, 0, 0)\" class=\"has-inline-color has-accent-1-color\">Inscription et demande d\u2019informations :<\/mark><\/strong><br>Aupr\u00e8s de Claudine Miserez \u00e0 l\u2019adresse <a href=\"mailto:claudine@fermelarochette.ch\">claudine@fermelarochette.ch<\/a> ou par t\u00e9l\u00e9phone au <strong>076\/237.25.75<\/strong>.<\/p>\n\n\n\n<div style=\"height:59px\" aria-hidden=\"true\" class=\"wp-block-spacer\"><\/div>\n\n\n\n<figure class=\"wp-block-gallery has-nested-images columns-2 is-cropped wp-block-gallery-1 is-layout-flex wp-block-gallery-is-layout-flex\">\n<figure class=\"wp-block-image size-large\"><img decoding=\"async\" width=\"1024\" height=\"768\" data-id=\"3036\" data-src=\"https:\/\/fermelarochette.ch\/wp-content\/uploads\/2025\/12\/IMG_20250829_120332-1024x768.jpg\" alt=\"\" class=\"wp-image-3036 lazyload\" data-srcset=\"https:\/\/fermelarochette.ch\/wp-content\/uploads\/2025\/12\/IMG_20250829_120332-1024x768.jpg 1024w, https:\/\/fermelarochette.ch\/wp-content\/uploads\/2025\/12\/IMG_20250829_120332-scaled-600x450.jpg 600w, https:\/\/fermelarochette.ch\/wp-content\/uploads\/2025\/12\/IMG_20250829_120332-300x225.jpg 300w, https:\/\/fermelarochette.ch\/wp-content\/uploads\/2025\/12\/IMG_20250829_120332-768x576.jpg 768w, https:\/\/fermelarochette.ch\/wp-content\/uploads\/2025\/12\/IMG_20250829_120332-1536x1152.jpg 1536w, https:\/\/fermelarochette.ch\/wp-content\/uploads\/2025\/12\/IMG_20250829_120332-2048x1536.jpg 2048w, https:\/\/fermelarochette.ch\/wp-content\/uploads\/2025\/12\/IMG_20250829_120332-400x300.jpg 400w\" data-sizes=\"(max-width: 1024px) 100vw, 1024px\" src=\"data:image\/svg+xml;base64,PHN2ZyB3aWR0aD0iMSIgaGVpZ2h0PSIxIiB4bWxucz0iaHR0cDovL3d3dy53My5vcmcvMjAwMC9zdmciPjwvc3ZnPg==\" style=\"--smush-placeholder-width: 1024px; --smush-placeholder-aspect-ratio: 1024\/768;\" \/><\/figure>\n\n\n\n<figure class=\"wp-block-image size-large\"><img decoding=\"async\" width=\"819\" height=\"1024\" data-id=\"3039\" data-src=\"https:\/\/fermelarochette.ch\/wp-content\/uploads\/2025\/12\/plantes-flacon-et-cire_1-819x1024.jpg\" alt=\"\" class=\"wp-image-3039 lazyload\" data-srcset=\"https:\/\/fermelarochette.ch\/wp-content\/uploads\/2025\/12\/plantes-flacon-et-cire_1-819x1024.jpg 819w, https:\/\/fermelarochette.ch\/wp-content\/uploads\/2025\/12\/plantes-flacon-et-cire_1-scaled-600x750.jpg 600w, https:\/\/fermelarochette.ch\/wp-content\/uploads\/2025\/12\/plantes-flacon-et-cire_1-240x300.jpg 240w, https:\/\/fermelarochette.ch\/wp-content\/uploads\/2025\/12\/plantes-flacon-et-cire_1-768x960.jpg 768w, https:\/\/fermelarochette.ch\/wp-content\/uploads\/2025\/12\/plantes-flacon-et-cire_1-1229x1536.jpg 1229w, https:\/\/fermelarochette.ch\/wp-content\/uploads\/2025\/12\/plantes-flacon-et-cire_1-1638x2048.jpg 1638w, https:\/\/fermelarochette.ch\/wp-content\/uploads\/2025\/12\/plantes-flacon-et-cire_1-scaled.jpg 2048w\" data-sizes=\"(max-width: 819px) 100vw, 819px\" src=\"data:image\/svg+xml;base64,PHN2ZyB3aWR0aD0iMSIgaGVpZ2h0PSIxIiB4bWxucz0iaHR0cDovL3d3dy53My5vcmcvMjAwMC9zdmciPjwvc3ZnPg==\" style=\"--smush-placeholder-width: 819px; --smush-placeholder-aspect-ratio: 819\/1024;\" \/><\/figure>\n\n\n\n<figure class=\"wp-block-image size-large\"><img decoding=\"async\" width=\"819\" height=\"1024\" data-id=\"3040\" data-src=\"https:\/\/fermelarochette.ch\/wp-content\/uploads\/2025\/12\/plantes-miel-et-cire_1-819x1024.jpg\" alt=\"\" class=\"wp-image-3040 lazyload\" data-srcset=\"https:\/\/fermelarochette.ch\/wp-content\/uploads\/2025\/12\/plantes-miel-et-cire_1-819x1024.jpg 819w, https:\/\/fermelarochette.ch\/wp-content\/uploads\/2025\/12\/plantes-miel-et-cire_1-scaled-600x750.jpg 600w, https:\/\/fermelarochette.ch\/wp-content\/uploads\/2025\/12\/plantes-miel-et-cire_1-240x300.jpg 240w, https:\/\/fermelarochette.ch\/wp-content\/uploads\/2025\/12\/plantes-miel-et-cire_1-768x960.jpg 768w, https:\/\/fermelarochette.ch\/wp-content\/uploads\/2025\/12\/plantes-miel-et-cire_1-1229x1536.jpg 1229w, https:\/\/fermelarochette.ch\/wp-content\/uploads\/2025\/12\/plantes-miel-et-cire_1-1639x2048.jpg 1639w\" data-sizes=\"(max-width: 819px) 100vw, 819px\" src=\"data:image\/svg+xml;base64,PHN2ZyB3aWR0aD0iMSIgaGVpZ2h0PSIxIiB4bWxucz0iaHR0cDovL3d3dy53My5vcmcvMjAwMC9zdmciPjwvc3ZnPg==\" style=\"--smush-placeholder-width: 819px; --smush-placeholder-aspect-ratio: 819\/1024;\" \/><\/figure>\n\n\n\n<figure class=\"wp-block-image size-large\"><img decoding=\"async\" width=\"768\" height=\"1024\" data-id=\"3037\" data-src=\"https:\/\/fermelarochette.ch\/wp-content\/uploads\/2025\/12\/IMG_20250831_104455-768x1024.jpg\" alt=\"\" class=\"wp-image-3037 lazyload\" data-srcset=\"https:\/\/fermelarochette.ch\/wp-content\/uploads\/2025\/12\/IMG_20250831_104455-768x1024.jpg 768w, https:\/\/fermelarochette.ch\/wp-content\/uploads\/2025\/12\/IMG_20250831_104455-scaled-600x800.jpg 600w, https:\/\/fermelarochette.ch\/wp-content\/uploads\/2025\/12\/IMG_20250831_104455-225x300.jpg 225w, https:\/\/fermelarochette.ch\/wp-content\/uploads\/2025\/12\/IMG_20250831_104455-1152x1536.jpg 1152w, https:\/\/fermelarochette.ch\/wp-content\/uploads\/2025\/12\/IMG_20250831_104455-1536x2048.jpg 1536w, https:\/\/fermelarochette.ch\/wp-content\/uploads\/2025\/12\/IMG_20250831_104455-scaled.jpg 1920w\" data-sizes=\"(max-width: 768px) 100vw, 768px\" src=\"data:image\/svg+xml;base64,PHN2ZyB3aWR0aD0iMSIgaGVpZ2h0PSIxIiB4bWxucz0iaHR0cDovL3d3dy53My5vcmcvMjAwMC9zdmciPjwvc3ZnPg==\" style=\"--smush-placeholder-width: 768px; --smush-placeholder-aspect-ratio: 768\/1024;\" \/><\/figure>\n<\/figure>\n","protected":false},"excerpt":{"rendered":"<p>Prenez soin de vous naturellement gr\u00e2ce \u00e0 l&rsquo;apith\u00e9rapie et aux plantes sauvages&#8230; Claudine, herboriste \u00e0 La Rochette, et Rosie, apicultrice en biodynamie, vous proposent deux &hellip;<\/p>\n","protected":false},"author":1,"featured_media":2993,"parent":44,"menu_order":0,"comment_status":"closed","ping_status":"closed","template":"","meta":{"_price":"","_stock":"","_tribe_ticket_header":"","_tribe_default_ticket_provider":"","_ticket_start_date":"","_ticket_end_date":"","_tribe_ticket_show_description":"","_tribe_ticket_show_not_going":false,"_tribe_ticket_use_global_stock":"","_tribe_ticket_global_stock_level":"","_global_stock_mode":"","_global_stock_cap":"","_tribe_rsvp_for_event":"","_tribe_ticket_going_count":"","_tribe_ticket_not_going_count":"","_tribe_tickets_list":"[]","_tribe_ticket_has_attendee_info_fields":false,"footnotes":"","_tec_slr_enabled":"","_tec_slr_layout":""},"class_list":["post-3035","page","type-page","status-publish","has-post-thumbnail","hentry"],"yoast_head":"<!-- This site is optimized with the Yoast SEO plugin v26.9 - https:\/\/yoast.com\/product\/yoast-seo-wordpress\/ -->\n<title>Les tr\u00e9sors du rucher - La Rochette<\/title>\n<meta name=\"robots\" content=\"index, follow, max-snippet:-1, max-image-preview:large, max-video-preview:-1\" \/>\n<link rel=\"canonical\" href=\"https:\/\/fermelarochette.ch\/index.php\/formations-et-ateliers-programme\/les-tresors-du-rucher\/\" \/>\n<meta property=\"og:locale\" content=\"fr_FR\" \/>\n<meta property=\"og:type\" content=\"article\" \/>\n<meta property=\"og:title\" content=\"Les tr\u00e9sors du rucher - La Rochette\" \/>\n<meta property=\"og:description\" content=\"Prenez soin de vous naturellement gr\u00e2ce \u00e0 l&rsquo;apith\u00e9rapie et aux plantes sauvages&#8230; Claudine, herboriste \u00e0 La Rochette, et Rosie, apicultrice en biodynamie, vous proposent deux &hellip;\" \/>\n<meta property=\"og:url\" content=\"https:\/\/fermelarochette.ch\/index.php\/formations-et-ateliers-programme\/les-tresors-du-rucher\/\" \/>\n<meta property=\"og:site_name\" content=\"La Rochette\" \/>\n<meta property=\"article:modified_time\" content=\"2025-12-03T00:35:39+00:00\" \/>\n<meta property=\"og:image\" content=\"https:\/\/fermelarochette.ch\/wp-content\/uploads\/2025\/12\/Plantes-miel.jpg\" \/>\n\t<meta property=\"og:image:width\" content=\"1200\" \/>\n\t<meta property=\"og:image:height\" content=\"800\" \/>\n\t<meta property=\"og:image:type\" content=\"image\/jpeg\" \/>\n<meta name=\"twitter:card\" content=\"summary_large_image\" \/>\n<meta name=\"twitter:label1\" content=\"Dur\u00e9e de lecture estim\u00e9e\" \/>\n\t<meta name=\"twitter:data1\" content=\"2 minutes\" \/>\n<script type=\"application\/ld+json\" class=\"yoast-schema-graph\">{\"@context\":\"https:\/\/schema.org\",\"@graph\":[{\"@type\":\"WebPage\",\"@id\":\"https:\/\/fermelarochette.ch\/index.php\/formations-et-ateliers-programme\/les-tresors-du-rucher\/\",\"url\":\"https:\/\/fermelarochette.ch\/index.php\/formations-et-ateliers-programme\/les-tresors-du-rucher\/\",\"name\":\"Les tr\u00e9sors du rucher - La Rochette\",\"isPartOf\":{\"@id\":\"https:\/\/fermelarochette.ch\/#website\"},\"primaryImageOfPage\":{\"@id\":\"https:\/\/fermelarochette.ch\/index.php\/formations-et-ateliers-programme\/les-tresors-du-rucher\/#primaryimage\"},\"image\":{\"@id\":\"https:\/\/fermelarochette.ch\/index.php\/formations-et-ateliers-programme\/les-tresors-du-rucher\/#primaryimage\"},\"thumbnailUrl\":\"https:\/\/fermelarochette.ch\/wp-content\/uploads\/2025\/12\/Plantes-miel.jpg\",\"datePublished\":\"2025-12-03T00:32:09+00:00\",\"dateModified\":\"2025-12-03T00:35:39+00:00\",\"breadcrumb\":{\"@id\":\"https:\/\/fermelarochette.ch\/index.php\/formations-et-ateliers-programme\/les-tresors-du-rucher\/#breadcrumb\"},\"inLanguage\":\"fr-FR\",\"potentialAction\":[{\"@type\":\"ReadAction\",\"target\":[\"https:\/\/fermelarochette.ch\/index.php\/formations-et-ateliers-programme\/les-tresors-du-rucher\/\"]}]},{\"@type\":\"ImageObject\",\"inLanguage\":\"fr-FR\",\"@id\":\"https:\/\/fermelarochette.ch\/index.php\/formations-et-ateliers-programme\/les-tresors-du-rucher\/#primaryimage\",\"url\":\"https:\/\/fermelarochette.ch\/wp-content\/uploads\/2025\/12\/Plantes-miel.jpg\",\"contentUrl\":\"https:\/\/fermelarochette.ch\/wp-content\/uploads\/2025\/12\/Plantes-miel.jpg\",\"width\":1200,\"height\":800},{\"@type\":\"BreadcrumbList\",\"@id\":\"https:\/\/fermelarochette.ch\/index.php\/formations-et-ateliers-programme\/les-tresors-du-rucher\/#breadcrumb\",\"itemListElement\":[{\"@type\":\"ListItem\",\"position\":1,\"name\":\"Accueil\",\"item\":\"https:\/\/fermelarochette.ch\/\"},{\"@type\":\"ListItem\",\"position\":2,\"name\":\"Formations\",\"item\":\"https:\/\/fermelarochette.ch\/index.php\/formations-et-ateliers-programme\/\"},{\"@type\":\"ListItem\",\"position\":3,\"name\":\"Les tr\u00e9sors du rucher\"}]},{\"@type\":\"WebSite\",\"@id\":\"https:\/\/fermelarochette.ch\/#website\",\"url\":\"https:\/\/fermelarochette.ch\/\",\"name\":\"La Rochette\",\"description\":\"Micro-ferme biologique\",\"potentialAction\":[{\"@type\":\"SearchAction\",\"target\":{\"@type\":\"EntryPoint\",\"urlTemplate\":\"https:\/\/fermelarochette.ch\/?s={search_term_string}\"},\"query-input\":{\"@type\":\"PropertyValueSpecification\",\"valueRequired\":true,\"valueName\":\"search_term_string\"}}],\"inLanguage\":\"fr-FR\"}]}<\/script>\n<!-- \/ Yoast SEO plugin. -->","yoast_head_json":{"title":"Les tr\u00e9sors du rucher - La Rochette","robots":{"index":"index","follow":"follow","max-snippet":"max-snippet:-1","max-image-preview":"max-image-preview:large","max-video-preview":"max-video-preview:-1"},"canonical":"https:\/\/fermelarochette.ch\/index.php\/formations-et-ateliers-programme\/les-tresors-du-rucher\/","og_locale":"fr_FR","og_type":"article","og_title":"Les tr\u00e9sors du rucher - La Rochette","og_description":"Prenez soin de vous naturellement gr\u00e2ce \u00e0 l&rsquo;apith\u00e9rapie et aux plantes sauvages&#8230; Claudine, herboriste \u00e0 La Rochette, et Rosie, apicultrice en biodynamie, vous proposent deux &hellip;","og_url":"https:\/\/fermelarochette.ch\/index.php\/formations-et-ateliers-programme\/les-tresors-du-rucher\/","og_site_name":"La Rochette","article_modified_time":"2025-12-03T00:35:39+00:00","og_image":[{"width":1200,"height":800,"url":"https:\/\/fermelarochette.ch\/wp-content\/uploads\/2025\/12\/Plantes-miel.jpg","type":"image\/jpeg"}],"twitter_card":"summary_large_image","twitter_misc":{"Dur\u00e9e de lecture estim\u00e9e":"2 minutes"},"schema":{"@context":"https:\/\/schema.org","@graph":[{"@type":"WebPage","@id":"https:\/\/fermelarochette.ch\/index.php\/formations-et-ateliers-programme\/les-tresors-du-rucher\/","url":"https:\/\/fermelarochette.ch\/index.php\/formations-et-ateliers-programme\/les-tresors-du-rucher\/","name":"Les tr\u00e9sors du rucher - La Rochette","isPartOf":{"@id":"https:\/\/fermelarochette.ch\/#website"},"primaryImageOfPage":{"@id":"https:\/\/fermelarochette.ch\/index.php\/formations-et-ateliers-programme\/les-tresors-du-rucher\/#primaryimage"},"image":{"@id":"https:\/\/fermelarochette.ch\/index.php\/formations-et-ateliers-programme\/les-tresors-du-rucher\/#primaryimage"},"thumbnailUrl":"https:\/\/fermelarochette.ch\/wp-content\/uploads\/2025\/12\/Plantes-miel.jpg","datePublished":"2025-12-03T00:32:09+00:00","dateModified":"2025-12-03T00:35:39+00:00","breadcrumb":{"@id":"https:\/\/fermelarochette.ch\/index.php\/formations-et-ateliers-programme\/les-tresors-du-rucher\/#breadcrumb"},"inLanguage":"fr-FR","potentialAction":[{"@type":"ReadAction","target":["https:\/\/fermelarochette.ch\/index.php\/formations-et-ateliers-programme\/les-tresors-du-rucher\/"]}]},{"@type":"ImageObject","inLanguage":"fr-FR","@id":"https:\/\/fermelarochette.ch\/index.php\/formations-et-ateliers-programme\/les-tresors-du-rucher\/#primaryimage","url":"https:\/\/fermelarochette.ch\/wp-content\/uploads\/2025\/12\/Plantes-miel.jpg","contentUrl":"https:\/\/fermelarochette.ch\/wp-content\/uploads\/2025\/12\/Plantes-miel.jpg","width":1200,"height":800},{"@type":"BreadcrumbList","@id":"https:\/\/fermelarochette.ch\/index.php\/formations-et-ateliers-programme\/les-tresors-du-rucher\/#breadcrumb","itemListElement":[{"@type":"ListItem","position":1,"name":"Accueil","item":"https:\/\/fermelarochette.ch\/"},{"@type":"ListItem","position":2,"name":"Formations","item":"https:\/\/fermelarochette.ch\/index.php\/formations-et-ateliers-programme\/"},{"@type":"ListItem","position":3,"name":"Les tr\u00e9sors du rucher"}]},{"@type":"WebSite","@id":"https:\/\/fermelarochette.ch\/#website","url":"https:\/\/fermelarochette.ch\/","name":"La Rochette","description":"Micro-ferme biologique","potentialAction":[{"@type":"SearchAction","target":{"@type":"EntryPoint","urlTemplate":"https:\/\/fermelarochette.ch\/?s={search_term_string}"},"query-input":{"@type":"PropertyValueSpecification","valueRequired":true,"valueName":"search_term_string"}}],"inLanguage":"fr-FR"}]}},"jetpack_sharing_enabled":true,"ticketed":false,"_links":{"self":[{"href":"https:\/\/fermelarochette.ch\/index.php\/wp-json\/wp\/v2\/pages\/3035","targetHints":{"allow":["GET"]}}],"collection":[{"href":"https:\/\/fermelarochette.ch\/index.php\/wp-json\/wp\/v2\/pages"}],"about":[{"href":"https:\/\/fermelarochette.ch\/index.php\/wp-json\/wp\/v2\/types\/page"}],"author":[{"embeddable":true,"href":"https:\/\/fermelarochette.ch\/index.php\/wp-json\/wp\/v2\/users\/1"}],"replies":[{"embeddable":true,"href":"https:\/\/fermelarochette.ch\/index.php\/wp-json\/wp\/v2\/comments?post=3035"}],"version-history":[{"count":2,"href":"https:\/\/fermelarochette.ch\/index.php\/wp-json\/wp\/v2\/pages\/3035\/revisions"}],"predecessor-version":[{"id":3044,"href":"https:\/\/fermelarochette.ch\/index.php\/wp-json\/wp\/v2\/pages\/3035\/revisions\/3044"}],"up":[{"embeddable":true,"href":"https:\/\/fermelarochette.ch\/index.php\/wp-json\/wp\/v2\/pages\/44"}],"wp:featuredmedia":[{"embeddable":true,"href":"https:\/\/fermelarochette.ch\/index.php\/wp-json\/wp\/v2\/media\/2993"}],"wp:attachment":[{"href":"https:\/\/fermelarochette.ch\/index.php\/wp-json\/wp\/v2\/media?parent=3035"}],"curies":[{"name":"wp","href":"https:\/\/api.w.org\/{rel}","templated":true}]}}