{"id":3022,"date":"2025-12-02T12:52:41","date_gmt":"2025-12-02T11:52:41","guid":{"rendered":"https:\/\/fermelarochette.ch\/?page_id=3022"},"modified":"2026-03-26T10:40:24","modified_gmt":"2026-03-26T09:40:24","slug":"la-distillation-des-plantes-medicinales","status":"publish","type":"page","link":"https:\/\/fermelarochette.ch\/index.php\/formations-et-ateliers-programme\/la-distillation-des-plantes-medicinales\/","title":{"rendered":"La distillation des plantes m\u00e9dicinales"},"content":{"rendered":"\n<h1 class=\"wp-block-heading has-large-font-size\" id=\"une-balade-pour-s-introduire-au-monde-fascinant-et-abondant-des-plantes-qui-nous-entourent\">D\u00e9couvrez par la pratique comment sont confectionn\u00e9s hydrolats et huiles essentielles\u2026<\/h1>\n\n\n\n<p>La distillation des plantes permet d&rsquo;obtenir des hydrolats et huiles essentielles aux propri\u00e9t\u00e9s fascinantes. Claudine, herboriste \u00e0 La Rochette, a d\u00e9velopp\u00e9 au fil des distillations et du contact constant avec les plantes un savoir-faire qu&rsquo;elle vous partage durant cette journ\u00e9e. Nous irons \u00e0 la rencontre du v\u00e9g\u00e9tal, parlerons des aspects sensibles autant que techniques, r\u00e9aliserons deux distillations dans l&rsquo;alambic en cuivre, d\u00e9gusterons des hydrolats&#8230; <br>Vous repartirez avec deux flacons d&rsquo;hydrolats confectionn\u00e9s durant l&rsquo;atelier, un m\u00e9mo ainsi que l&rsquo;envie irr\u00e9pressible d&#8217;employer ces pr\u00e9cieux \u00e9lixirs, voire de distiller vous-m\u00eames !<\/p>\n\n\n\n<p><strong><mark style=\"background-color:rgba(0, 0, 0, 0)\" class=\"has-inline-color has-accent-1-color\">Dates, horaires et lieux de rendez-vous :<\/mark><\/strong><br><mark style=\"background-color:rgba(0, 0, 0, 0)\" class=\"has-inline-color has-headings-color\">* <\/mark><strong>Dimanche 14 juin 2026 de 9h30 \u00e0 17h<\/strong>, p\u00e9pini\u00e8re du <a href=\"https:\/\/www.lejardindessenteurs.ch\/\" target=\"_blank\" rel=\"noreferrer noopener\">Jardin des Senteurs<\/a>, Rue de la D\u00eeme 77, Neuch\u00e2tel<br>Accessible facilement en transport en commun (arr\u00eat de bus Neuch\u00e2tel Le Ch\u00e2ble ou arr\u00eat de bus Neuch\u00e2tel La Coudre)<\/p>\n\n\n\n<p><strong><mark style=\"background-color:rgba(0, 0, 0, 0)\" class=\"has-inline-color has-accent-1-color\">Prix :<\/mark><\/strong> 250.- (dont 30.- de mat\u00e9riel)<\/p>\n\n\n\n<p><strong><mark style=\"background-color:rgba(0, 0, 0, 0)\" class=\"has-inline-color has-accent-1-color\">Intervenante :<\/mark><\/strong> Claudine Miserez, herboriste, cultivatrice et transformatrice de plantes m\u00e9dicinales.<\/p>\n\n\n\n<p><mark style=\"background-color:rgba(0, 0, 0, 0)\" class=\"has-inline-color has-accent-1-color\"><strong>Nombre de participant.es<\/strong> <strong>:<\/strong><\/mark> Minimum 3, maximum 6.<\/p>\n\n\n\n<p><strong><mark style=\"background-color:rgba(0, 0, 0, 0)\" class=\"has-inline-color has-accent-1-color\">Validation et conditions d\u2019annulation :<\/mark><\/strong><br>L\u2019inscription est valid\u00e9e uniquement apr\u00e8s r\u00e8glement du prix du stage.<br>En cas de d\u00e9sistement plus de 7 jours avant le stage, l\u2019entier du montant est rembours\u00e9.<br>En cas de d\u00e9sistement moins de 7 jours avant le stage, le montant ne sera pas rembours\u00e9, \u00e0 moins que vous trouviez un.e rempla\u00e7ant.e.<\/p>\n\n\n\n<p><mark style=\"background-color:rgba(0, 0, 0, 0)\" class=\"has-inline-color has-accent-1-color\"><strong>Paiement<\/strong> <strong>:<\/strong><\/mark><br>Le stage peut \u00eatre r\u00e9gl\u00e9 :<br><strong>* Par twint<\/strong> au num\u00e9ro 076\/237.25.75 <em>en mentionnant le motif du paiement<\/em>.<br>*<strong> Par virement bancaire <\/strong>aux coordonn\u00e9es suivantes <em>en mentionnant le motif du paiement<\/em> :<br>La Rochette micro-ferme<br>Adresse : Sous la Rochette 10a, 2947 Charmoille<br>IBAN : CH23 0839 0039 6252 1000 8<br>Banque : Banque alternative Suisse<br><\/p>\n\n\n\n<p><strong><mark style=\"background-color:rgba(0, 0, 0, 0)\" class=\"has-inline-color has-accent-1-color\">Inscription et demande d&rsquo;informations :<\/mark><\/strong><br>Aupr\u00e8s de Claudine Miserez \u00e0 l\u2019adresse <a href=\"mailto:claudine@fermelarochette.ch\">claudine@fermelarochette.ch<\/a> ou par t\u00e9l\u00e9phone au <strong>076\/237.25.75<\/strong>.<\/p>\n\n\n\n<div style=\"height:100px\" aria-hidden=\"true\" class=\"wp-block-spacer\"><\/div>\n\n\n\n<figure class=\"wp-block-gallery has-nested-images columns-default is-cropped wp-block-gallery-1 is-layout-flex wp-block-gallery-is-layout-flex\">\n<figure class=\"wp-block-image size-large\"><img decoding=\"async\" width=\"1024\" height=\"768\" data-id=\"2568\" data-src=\"https:\/\/fermelarochette.ch\/wp-content\/uploads\/2025\/03\/5_Roses-pretes-pour-la-distillation-1024x768.jpg\" alt=\"\" class=\"wp-image-2568 lazyload\" data-srcset=\"https:\/\/fermelarochette.ch\/wp-content\/uploads\/2025\/03\/5_Roses-pretes-pour-la-distillation-1024x768.jpg 1024w, https:\/\/fermelarochette.ch\/wp-content\/uploads\/2025\/03\/5_Roses-pretes-pour-la-distillation-scaled-600x450.jpg 600w, https:\/\/fermelarochette.ch\/wp-content\/uploads\/2025\/03\/5_Roses-pretes-pour-la-distillation-300x225.jpg 300w, https:\/\/fermelarochette.ch\/wp-content\/uploads\/2025\/03\/5_Roses-pretes-pour-la-distillation-768x576.jpg 768w, https:\/\/fermelarochette.ch\/wp-content\/uploads\/2025\/03\/5_Roses-pretes-pour-la-distillation-1536x1152.jpg 1536w, https:\/\/fermelarochette.ch\/wp-content\/uploads\/2025\/03\/5_Roses-pretes-pour-la-distillation-2048x1536.jpg 2048w, https:\/\/fermelarochette.ch\/wp-content\/uploads\/2025\/03\/5_Roses-pretes-pour-la-distillation-400x300.jpg 400w\" data-sizes=\"(max-width: 1024px) 100vw, 1024px\" src=\"data:image\/svg+xml;base64,PHN2ZyB3aWR0aD0iMSIgaGVpZ2h0PSIxIiB4bWxucz0iaHR0cDovL3d3dy53My5vcmcvMjAwMC9zdmciPjwvc3ZnPg==\" style=\"--smush-placeholder-width: 1024px; --smush-placeholder-aspect-ratio: 1024\/768;\" \/><\/figure>\n\n\n\n<figure class=\"wp-block-image size-large\"><img decoding=\"async\" width=\"768\" height=\"1024\" data-id=\"2541\" data-src=\"https:\/\/fermelarochette.ch\/wp-content\/uploads\/2025\/03\/Menthe-mandarine-768x1024.jpeg\" alt=\"\" class=\"wp-image-2541 lazyload\" data-srcset=\"https:\/\/fermelarochette.ch\/wp-content\/uploads\/2025\/03\/Menthe-mandarine-768x1024.jpeg 768w, https:\/\/fermelarochette.ch\/wp-content\/uploads\/2025\/03\/Menthe-mandarine-scaled-600x800.jpeg 600w, https:\/\/fermelarochette.ch\/wp-content\/uploads\/2025\/03\/Menthe-mandarine-225x300.jpeg 225w, https:\/\/fermelarochette.ch\/wp-content\/uploads\/2025\/03\/Menthe-mandarine-1152x1536.jpeg 1152w, https:\/\/fermelarochette.ch\/wp-content\/uploads\/2025\/03\/Menthe-mandarine-1536x2048.jpeg 1536w, https:\/\/fermelarochette.ch\/wp-content\/uploads\/2025\/03\/Menthe-mandarine-scaled.jpeg 1920w\" data-sizes=\"(max-width: 768px) 100vw, 768px\" src=\"data:image\/svg+xml;base64,PHN2ZyB3aWR0aD0iMSIgaGVpZ2h0PSIxIiB4bWxucz0iaHR0cDovL3d3dy53My5vcmcvMjAwMC9zdmciPjwvc3ZnPg==\" style=\"--smush-placeholder-width: 768px; --smush-placeholder-aspect-ratio: 768\/1024;\" \/><\/figure>\n\n\n\n<figure class=\"wp-block-image size-large\"><img decoding=\"async\" width=\"768\" height=\"1024\" data-id=\"2637\" data-src=\"https:\/\/fermelarochette.ch\/wp-content\/uploads\/2025\/04\/Sauge-officinale-768x1024.jpg\" alt=\"\" class=\"wp-image-2637 lazyload\" data-srcset=\"https:\/\/fermelarochette.ch\/wp-content\/uploads\/2025\/04\/Sauge-officinale-768x1024.jpg 768w, https:\/\/fermelarochette.ch\/wp-content\/uploads\/2025\/04\/Sauge-officinale-scaled-600x800.jpg 600w, https:\/\/fermelarochette.ch\/wp-content\/uploads\/2025\/04\/Sauge-officinale-225x300.jpg 225w, https:\/\/fermelarochette.ch\/wp-content\/uploads\/2025\/04\/Sauge-officinale-1152x1536.jpg 1152w, https:\/\/fermelarochette.ch\/wp-content\/uploads\/2025\/04\/Sauge-officinale-1536x2048.jpg 1536w, https:\/\/fermelarochette.ch\/wp-content\/uploads\/2025\/04\/Sauge-officinale-scaled.jpg 1920w\" data-sizes=\"(max-width: 768px) 100vw, 768px\" src=\"data:image\/svg+xml;base64,PHN2ZyB3aWR0aD0iMSIgaGVpZ2h0PSIxIiB4bWxucz0iaHR0cDovL3d3dy53My5vcmcvMjAwMC9zdmciPjwvc3ZnPg==\" style=\"--smush-placeholder-width: 768px; --smush-placeholder-aspect-ratio: 768\/1024;\" \/><\/figure>\n\n\n\n<figure class=\"wp-block-image size-large\"><img decoding=\"async\" width=\"768\" height=\"1024\" data-id=\"2896\" data-src=\"https:\/\/fermelarochette.ch\/wp-content\/uploads\/2025\/09\/IMG_20250424_151138-768x1024.jpg\" alt=\"\" class=\"wp-image-2896 lazyload\" data-srcset=\"https:\/\/fermelarochette.ch\/wp-content\/uploads\/2025\/09\/IMG_20250424_151138-768x1024.jpg 768w, https:\/\/fermelarochette.ch\/wp-content\/uploads\/2025\/09\/IMG_20250424_151138-scaled-600x800.jpg 600w, https:\/\/fermelarochette.ch\/wp-content\/uploads\/2025\/09\/IMG_20250424_151138-225x300.jpg 225w, https:\/\/fermelarochette.ch\/wp-content\/uploads\/2025\/09\/IMG_20250424_151138-1152x1536.jpg 1152w, https:\/\/fermelarochette.ch\/wp-content\/uploads\/2025\/09\/IMG_20250424_151138-1536x2048.jpg 1536w, https:\/\/fermelarochette.ch\/wp-content\/uploads\/2025\/09\/IMG_20250424_151138-scaled.jpg 1920w\" data-sizes=\"(max-width: 768px) 100vw, 768px\" src=\"data:image\/svg+xml;base64,PHN2ZyB3aWR0aD0iMSIgaGVpZ2h0PSIxIiB4bWxucz0iaHR0cDovL3d3dy53My5vcmcvMjAwMC9zdmciPjwvc3ZnPg==\" style=\"--smush-placeholder-width: 768px; --smush-placeholder-aspect-ratio: 768\/1024;\" \/><\/figure>\n\n\n\n<figure class=\"wp-block-image size-large\"><img decoding=\"async\" width=\"768\" height=\"1024\" data-id=\"2894\" data-src=\"https:\/\/fermelarochette.ch\/wp-content\/uploads\/2025\/09\/IMG_20250707_094058-768x1024.jpg\" alt=\"\" class=\"wp-image-2894 lazyload\" data-srcset=\"https:\/\/fermelarochette.ch\/wp-content\/uploads\/2025\/09\/IMG_20250707_094058-768x1024.jpg 768w, https:\/\/fermelarochette.ch\/wp-content\/uploads\/2025\/09\/IMG_20250707_094058-scaled-600x800.jpg 600w, https:\/\/fermelarochette.ch\/wp-content\/uploads\/2025\/09\/IMG_20250707_094058-225x300.jpg 225w, https:\/\/fermelarochette.ch\/wp-content\/uploads\/2025\/09\/IMG_20250707_094058-1152x1536.jpg 1152w, https:\/\/fermelarochette.ch\/wp-content\/uploads\/2025\/09\/IMG_20250707_094058-1536x2048.jpg 1536w, https:\/\/fermelarochette.ch\/wp-content\/uploads\/2025\/09\/IMG_20250707_094058-scaled.jpg 1920w\" data-sizes=\"(max-width: 768px) 100vw, 768px\" src=\"data:image\/svg+xml;base64,PHN2ZyB3aWR0aD0iMSIgaGVpZ2h0PSIxIiB4bWxucz0iaHR0cDovL3d3dy53My5vcmcvMjAwMC9zdmciPjwvc3ZnPg==\" style=\"--smush-placeholder-width: 768px; --smush-placeholder-aspect-ratio: 768\/1024;\" \/><\/figure>\n<\/figure>\n","protected":false},"excerpt":{"rendered":"<p>D\u00e9couvrez par la pratique comment sont confectionn\u00e9s hydrolats et huiles essentielles\u2026 La distillation des plantes permet d&rsquo;obtenir des hydrolats et huiles essentielles aux propri\u00e9t\u00e9s fascinantes. &hellip;<\/p>\n","protected":false},"author":1,"featured_media":2578,"parent":44,"menu_order":0,"comment_status":"closed","ping_status":"closed","template":"","meta":{"_price":"","_stock":"","_tribe_ticket_header":"","_tribe_default_ticket_provider":"","_ticket_start_date":"","_ticket_end_date":"","_tribe_ticket_show_description":"","_tribe_ticket_show_not_going":false,"_tribe_ticket_use_global_stock":"","_tribe_ticket_global_stock_level":"","_global_stock_mode":"","_global_stock_cap":"","_tribe_rsvp_for_event":"","_tribe_ticket_going_count":"","_tribe_ticket_not_going_count":"","_tribe_tickets_list":"[]","_tribe_ticket_has_attendee_info_fields":false,"footnotes":"","_tec_slr_enabled":"","_tec_slr_layout":""},"class_list":["post-3022","page","type-page","status-publish","has-post-thumbnail","hentry"],"yoast_head":"<!-- This site is optimized with the Yoast SEO plugin v26.9 - https:\/\/yoast.com\/product\/yoast-seo-wordpress\/ -->\n<title>La distillation des plantes m\u00e9dicinales - La Rochette<\/title>\n<meta name=\"robots\" content=\"index, follow, max-snippet:-1, max-image-preview:large, max-video-preview:-1\" \/>\n<link rel=\"canonical\" href=\"https:\/\/fermelarochette.ch\/index.php\/formations-et-ateliers-programme\/la-distillation-des-plantes-medicinales\/\" \/>\n<meta property=\"og:locale\" content=\"fr_FR\" \/>\n<meta property=\"og:type\" content=\"article\" \/>\n<meta property=\"og:title\" content=\"La distillation des plantes m\u00e9dicinales - La Rochette\" \/>\n<meta property=\"og:description\" content=\"D\u00e9couvrez par la pratique comment sont confectionn\u00e9s hydrolats et huiles essentielles\u2026 La distillation des plantes permet d&rsquo;obtenir des hydrolats et huiles essentielles aux propri\u00e9t\u00e9s fascinantes. &hellip;\" \/>\n<meta property=\"og:url\" content=\"https:\/\/fermelarochette.ch\/index.php\/formations-et-ateliers-programme\/la-distillation-des-plantes-medicinales\/\" \/>\n<meta property=\"og:site_name\" content=\"La Rochette\" \/>\n<meta property=\"article:modified_time\" content=\"2026-03-26T09:40:24+00:00\" \/>\n<meta property=\"og:image\" content=\"https:\/\/fermelarochette.ch\/wp-content\/uploads\/2025\/03\/Lavande-et-papillon-scaled.jpeg\" \/>\n\t<meta property=\"og:image:width\" content=\"1920\" \/>\n\t<meta property=\"og:image:height\" content=\"2560\" \/>\n\t<meta property=\"og:image:type\" content=\"image\/jpeg\" \/>\n<meta name=\"twitter:card\" content=\"summary_large_image\" \/>\n<meta name=\"twitter:label1\" content=\"Dur\u00e9e de lecture estim\u00e9e\" \/>\n\t<meta name=\"twitter:data1\" content=\"2 minutes\" \/>\n<script type=\"application\/ld+json\" class=\"yoast-schema-graph\">{\"@context\":\"https:\/\/schema.org\",\"@graph\":[{\"@type\":\"WebPage\",\"@id\":\"https:\/\/fermelarochette.ch\/index.php\/formations-et-ateliers-programme\/la-distillation-des-plantes-medicinales\/\",\"url\":\"https:\/\/fermelarochette.ch\/index.php\/formations-et-ateliers-programme\/la-distillation-des-plantes-medicinales\/\",\"name\":\"La distillation des plantes m\u00e9dicinales - La Rochette\",\"isPartOf\":{\"@id\":\"https:\/\/fermelarochette.ch\/#website\"},\"primaryImageOfPage\":{\"@id\":\"https:\/\/fermelarochette.ch\/index.php\/formations-et-ateliers-programme\/la-distillation-des-plantes-medicinales\/#primaryimage\"},\"image\":{\"@id\":\"https:\/\/fermelarochette.ch\/index.php\/formations-et-ateliers-programme\/la-distillation-des-plantes-medicinales\/#primaryimage\"},\"thumbnailUrl\":\"https:\/\/fermelarochette.ch\/wp-content\/uploads\/2025\/03\/Lavande-et-papillon-scaled.jpeg\",\"datePublished\":\"2025-12-02T11:52:41+00:00\",\"dateModified\":\"2026-03-26T09:40:24+00:00\",\"breadcrumb\":{\"@id\":\"https:\/\/fermelarochette.ch\/index.php\/formations-et-ateliers-programme\/la-distillation-des-plantes-medicinales\/#breadcrumb\"},\"inLanguage\":\"fr-FR\",\"potentialAction\":[{\"@type\":\"ReadAction\",\"target\":[\"https:\/\/fermelarochette.ch\/index.php\/formations-et-ateliers-programme\/la-distillation-des-plantes-medicinales\/\"]}]},{\"@type\":\"ImageObject\",\"inLanguage\":\"fr-FR\",\"@id\":\"https:\/\/fermelarochette.ch\/index.php\/formations-et-ateliers-programme\/la-distillation-des-plantes-medicinales\/#primaryimage\",\"url\":\"https:\/\/fermelarochette.ch\/wp-content\/uploads\/2025\/03\/Lavande-et-papillon-scaled.jpeg\",\"contentUrl\":\"https:\/\/fermelarochette.ch\/wp-content\/uploads\/2025\/03\/Lavande-et-papillon-scaled.jpeg\",\"width\":1920,\"height\":2560},{\"@type\":\"BreadcrumbList\",\"@id\":\"https:\/\/fermelarochette.ch\/index.php\/formations-et-ateliers-programme\/la-distillation-des-plantes-medicinales\/#breadcrumb\",\"itemListElement\":[{\"@type\":\"ListItem\",\"position\":1,\"name\":\"Accueil\",\"item\":\"https:\/\/fermelarochette.ch\/\"},{\"@type\":\"ListItem\",\"position\":2,\"name\":\"Formations\",\"item\":\"https:\/\/fermelarochette.ch\/index.php\/formations-et-ateliers-programme\/\"},{\"@type\":\"ListItem\",\"position\":3,\"name\":\"La distillation des plantes m\u00e9dicinales\"}]},{\"@type\":\"WebSite\",\"@id\":\"https:\/\/fermelarochette.ch\/#website\",\"url\":\"https:\/\/fermelarochette.ch\/\",\"name\":\"La Rochette\",\"description\":\"Micro-ferme biologique\",\"potentialAction\":[{\"@type\":\"SearchAction\",\"target\":{\"@type\":\"EntryPoint\",\"urlTemplate\":\"https:\/\/fermelarochette.ch\/?s={search_term_string}\"},\"query-input\":{\"@type\":\"PropertyValueSpecification\",\"valueRequired\":true,\"valueName\":\"search_term_string\"}}],\"inLanguage\":\"fr-FR\"}]}<\/script>\n<!-- \/ Yoast SEO plugin. -->","yoast_head_json":{"title":"La distillation des plantes m\u00e9dicinales - La Rochette","robots":{"index":"index","follow":"follow","max-snippet":"max-snippet:-1","max-image-preview":"max-image-preview:large","max-video-preview":"max-video-preview:-1"},"canonical":"https:\/\/fermelarochette.ch\/index.php\/formations-et-ateliers-programme\/la-distillation-des-plantes-medicinales\/","og_locale":"fr_FR","og_type":"article","og_title":"La distillation des plantes m\u00e9dicinales - La Rochette","og_description":"D\u00e9couvrez par la pratique comment sont confectionn\u00e9s hydrolats et huiles essentielles\u2026 La distillation des plantes permet d&rsquo;obtenir des hydrolats et huiles essentielles aux propri\u00e9t\u00e9s fascinantes. &hellip;","og_url":"https:\/\/fermelarochette.ch\/index.php\/formations-et-ateliers-programme\/la-distillation-des-plantes-medicinales\/","og_site_name":"La Rochette","article_modified_time":"2026-03-26T09:40:24+00:00","og_image":[{"width":1920,"height":2560,"url":"https:\/\/fermelarochette.ch\/wp-content\/uploads\/2025\/03\/Lavande-et-papillon-scaled.jpeg","type":"image\/jpeg"}],"twitter_card":"summary_large_image","twitter_misc":{"Dur\u00e9e de lecture estim\u00e9e":"2 minutes"},"schema":{"@context":"https:\/\/schema.org","@graph":[{"@type":"WebPage","@id":"https:\/\/fermelarochette.ch\/index.php\/formations-et-ateliers-programme\/la-distillation-des-plantes-medicinales\/","url":"https:\/\/fermelarochette.ch\/index.php\/formations-et-ateliers-programme\/la-distillation-des-plantes-medicinales\/","name":"La distillation des plantes m\u00e9dicinales - La Rochette","isPartOf":{"@id":"https:\/\/fermelarochette.ch\/#website"},"primaryImageOfPage":{"@id":"https:\/\/fermelarochette.ch\/index.php\/formations-et-ateliers-programme\/la-distillation-des-plantes-medicinales\/#primaryimage"},"image":{"@id":"https:\/\/fermelarochette.ch\/index.php\/formations-et-ateliers-programme\/la-distillation-des-plantes-medicinales\/#primaryimage"},"thumbnailUrl":"https:\/\/fermelarochette.ch\/wp-content\/uploads\/2025\/03\/Lavande-et-papillon-scaled.jpeg","datePublished":"2025-12-02T11:52:41+00:00","dateModified":"2026-03-26T09:40:24+00:00","breadcrumb":{"@id":"https:\/\/fermelarochette.ch\/index.php\/formations-et-ateliers-programme\/la-distillation-des-plantes-medicinales\/#breadcrumb"},"inLanguage":"fr-FR","potentialAction":[{"@type":"ReadAction","target":["https:\/\/fermelarochette.ch\/index.php\/formations-et-ateliers-programme\/la-distillation-des-plantes-medicinales\/"]}]},{"@type":"ImageObject","inLanguage":"fr-FR","@id":"https:\/\/fermelarochette.ch\/index.php\/formations-et-ateliers-programme\/la-distillation-des-plantes-medicinales\/#primaryimage","url":"https:\/\/fermelarochette.ch\/wp-content\/uploads\/2025\/03\/Lavande-et-papillon-scaled.jpeg","contentUrl":"https:\/\/fermelarochette.ch\/wp-content\/uploads\/2025\/03\/Lavande-et-papillon-scaled.jpeg","width":1920,"height":2560},{"@type":"BreadcrumbList","@id":"https:\/\/fermelarochette.ch\/index.php\/formations-et-ateliers-programme\/la-distillation-des-plantes-medicinales\/#breadcrumb","itemListElement":[{"@type":"ListItem","position":1,"name":"Accueil","item":"https:\/\/fermelarochette.ch\/"},{"@type":"ListItem","position":2,"name":"Formations","item":"https:\/\/fermelarochette.ch\/index.php\/formations-et-ateliers-programme\/"},{"@type":"ListItem","position":3,"name":"La distillation des plantes m\u00e9dicinales"}]},{"@type":"WebSite","@id":"https:\/\/fermelarochette.ch\/#website","url":"https:\/\/fermelarochette.ch\/","name":"La Rochette","description":"Micro-ferme biologique","potentialAction":[{"@type":"SearchAction","target":{"@type":"EntryPoint","urlTemplate":"https:\/\/fermelarochette.ch\/?s={search_term_string}"},"query-input":{"@type":"PropertyValueSpecification","valueRequired":true,"valueName":"search_term_string"}}],"inLanguage":"fr-FR"}]}},"jetpack_sharing_enabled":true,"ticketed":false,"_links":{"self":[{"href":"https:\/\/fermelarochette.ch\/index.php\/wp-json\/wp\/v2\/pages\/3022","targetHints":{"allow":["GET"]}}],"collection":[{"href":"https:\/\/fermelarochette.ch\/index.php\/wp-json\/wp\/v2\/pages"}],"about":[{"href":"https:\/\/fermelarochette.ch\/index.php\/wp-json\/wp\/v2\/types\/page"}],"author":[{"embeddable":true,"href":"https:\/\/fermelarochette.ch\/index.php\/wp-json\/wp\/v2\/users\/1"}],"replies":[{"embeddable":true,"href":"https:\/\/fermelarochette.ch\/index.php\/wp-json\/wp\/v2\/comments?post=3022"}],"version-history":[{"count":4,"href":"https:\/\/fermelarochette.ch\/index.php\/wp-json\/wp\/v2\/pages\/3022\/revisions"}],"predecessor-version":[{"id":3911,"href":"https:\/\/fermelarochette.ch\/index.php\/wp-json\/wp\/v2\/pages\/3022\/revisions\/3911"}],"up":[{"embeddable":true,"href":"https:\/\/fermelarochette.ch\/index.php\/wp-json\/wp\/v2\/pages\/44"}],"wp:featuredmedia":[{"embeddable":true,"href":"https:\/\/fermelarochette.ch\/index.php\/wp-json\/wp\/v2\/media\/2578"}],"wp:attachment":[{"href":"https:\/\/fermelarochette.ch\/index.php\/wp-json\/wp\/v2\/media?parent=3022"}],"curies":[{"name":"wp","href":"https:\/\/api.w.org\/{rel}","templated":true}]}}