{"id":2677,"date":"2025-04-15T21:43:46","date_gmt":"2025-04-15T20:43:46","guid":{"rendered":"https:\/\/fermelarochette.ch\/?page_id=2677"},"modified":"2026-01-07T10:54:29","modified_gmt":"2026-01-07T09:54:29","slug":"formations-privees","status":"publish","type":"page","link":"https:\/\/fermelarochette.ch\/index.php\/formations-privees\/","title":{"rendered":"Formations priv\u00e9es"},"content":{"rendered":"\n<h3 class=\"wp-block-heading\">Vous souhaitez organiser un atelier pour votre groupe ? Avec plaisir !<\/h3>\n\n\n\n<p><strong>De fa\u00e7on g\u00e9n\u00e9rale :<\/strong><br>* Les prix sont forfaitaires, c&rsquo;est-\u00e0-dire fixes quel que soit le nombre de participants (par exemple, si le forfait est de 400.- l&rsquo;atelier et que 10 personnes y participent, cela revient \u00e0 40.-\/personne).<br>* \u00c0 cela s&rsquo;ajoutent un forfait de d\u00e9placement : gratuit dans la canton du Jura, 50.- jusqu&rsquo;\u00e0 Neuch\u00e2tel, 100.- au-del\u00e0.<br>* \u00c0 cela s&rsquo;ajoute le prix du mat\u00e9riel, par personne, d\u00e9pendant de l&rsquo;atelier. Il s&rsquo;agit du mat\u00e9riel avec lequel les participants repartent.<\/p>\n\n\n\n<p><strong><mark style=\"background-color:rgba(0, 0, 0, 0)\" class=\"has-inline-color has-accent-1-color\">Atelier \u00ab\u00a0Lacto-fermentez tous vos l\u00e9gumes\u00a0\u00bb<\/mark><\/strong><br><strong>Dur\u00e9e : <\/strong>3h<br><strong>Nombre max. de participant-es : <\/strong>20 personnes (au-del\u00e0 de 15 personnes, un suppl\u00e9ment de 100.- est demand\u00e9 pour r\u00e9mun\u00e9rer un.e assistant.e, n\u00e9cessaire au maintien de la qualit\u00e9 de la formation)<br><strong>Prix : <\/strong>forfait de 400.- l&rsquo;atelier. \u00c0 cela s&rsquo;ajoutent 18.- de mat\u00e9riel par personne (comprend deux bocaux de l\u00e9gumes bios \u00e0 lacto-fermenter chez soi et un support de cours. Ce prix peut \u00eatre r\u00e9duit si vous fournissez une partie du mat\u00e9riel (l\u00e9gumes et\/ou bocaux).<br><strong>Notes : <\/strong><br>* Les participant-es devront apporter chacun-e : un \u00e9plucheur, un couteau de cuisine, une planche \u00e0 d\u00e9couper, un grand saladier, un tablier. <br>* Dans le local o\u00f9 se tiendra l&rsquo;atelier, le seul mat\u00e9riel n\u00e9cessaire sont une table, des chaises et un \u00e9vier pour la vaisselle.<\/p>\n\n\n\n<p><strong><mark style=\"background-color:rgba(0, 0, 0, 0)\" class=\"has-inline-color has-accent-1-color\">Ateliers \u00ab\u00a0Plantes m\u00e9dicinales\u00a0\u00bb <\/mark><\/strong><br><strong>Th\u00e8mes possibles :<\/strong> entretien, cueillette et s\u00e9chage des plantes m\u00e9dicinales, distillation pour l&rsquo;obtention d&rsquo;huiles essentielles et hydrolats, mac\u00e9r\u00e2ts huileux, alcoolatures, confection de baumes et autres cosm\u00e9tiques simples<br><strong>Dur\u00e9e :<\/strong> 3h \u00e0 7h selon les th\u00e8mes abord\u00e9s <br><strong>Nombre max. de participant-es :<\/strong> 20 personnes (au-del\u00e0 de 15 personnes, un suppl\u00e9ment de 100.- par demie-journ\u00e9e ou 200.- par jour est demand\u00e9 pour r\u00e9mun\u00e9rer un.e assistant.e, n\u00e9cessaire au maintien de la qualit\u00e9 de la formation)<br><strong>Prix : <\/strong>forfait de 400.- l&rsquo;atelier d&rsquo;une demie-journ\u00e9e, 800.- la journ\u00e9e. \u00c0 cela s&rsquo;ajoute le prix du mat\u00e9riel par personne, selon les th\u00e8mes abord\u00e9s. <br><\/p>\n\n\n\n<p><strong><mark style=\"background-color:rgba(0, 0, 0, 0)\" class=\"has-inline-color has-accent-1-color\">Balade \u00ab\u00a0\u00c0 la d\u00e9couverte des plantes sauvages\u00a0\u00bb<\/mark><\/strong><br><strong>Dur\u00e9e :<\/strong> 3h<br><strong>Nombre max. de participant-es : <\/strong>15<br><strong>Prix :<\/strong> forfait de 400.- l&rsquo;atelier si r\u00e9alis\u00e9 dans les environs de La Rochette, 500.- si r\u00e9alis\u00e9 ailleurs car un rep\u00e9rage pr\u00e9alable de plusieurs heures sera n\u00e9cessaire.<br><\/p>\n\n\n\n<p><strong><mark style=\"background-color:rgba(0, 0, 0, 0)\" class=\"has-inline-color has-accent-1-color\">\u00ab\u00a0Mon potager en permaculture\u00a0\u00bb<\/mark><\/strong><br><strong>Dur\u00e9e :<\/strong> deux \u00e0 trois jours selon les th\u00e8mes abord\u00e9s, possibles parmi les suivants : <br>* La permaculture, ses \u00e9thiques et principes : une philosophie de vie<br>* Conna\u00eetre son sol, la base d\u2019un jardin qui fonctionne + observation de sol<br>* Am\u00e9nager les zones de culture (plates-bandes, buttes, bacs sur\u00e9lev\u00e9s, pots et jardini\u00e8res)<br>* Compost, fumier et engrais<br>* Couvrir son sol : pourquoi et comment<br>* Quelques outils manuels pour faciliter le travail<br>* Le cycle de la plante<br>* Conception de tous projets, autant au jardin qu\u2019au quotidien : le cycle de design<br>* Les associations de cultures<br>* Multiplier les semences de son potager, r\u00e9aliser des boutures<br>* Atelier semis : quand et comment faire ses plantons et semis<br>* Cultiver toute l\u2019ann\u00e9e<br>* Comment conserver la production<br>* La permaculture sociale pour une vie plus simple et r\u00e9siliente<br>* Installer une culture de plantes aromatiques et m\u00e9dicinales<br>* Balade \u00e0 la d\u00e9couverte des plantes sauvages comestibles : se nourrir sans m\u00eame jardiner !<br>* Les arbustes et arbres<br>* Favoriser la biodiversit\u00e9 dans le jardin<br><strong>Nombre max. de participant-es <\/strong>: 15<br><strong>Prix :<\/strong> forfait de 1000.- pour un stage de deux jours, 1500.- pour un stage de trois jours. <br><strong>Note : <\/strong>Le stage peut avoir lieu ailleurs qu&rsquo;\u00e0 La Rochette, il sera alors adapt\u00e9 en fonction du lieu.<\/p>\n\n\n\n<div style=\"height:62px\" aria-hidden=\"true\" class=\"wp-block-spacer\"><\/div>\n\n\n\n<p>L&rsquo;un des th\u00e8mes que vous souhaiteriez aborder n&rsquo;est pas list\u00e9 ci-dessus, ou vous pr\u00e9f\u00e9reriez m\u00e9langer les th\u00e8mes ? Nous ferons de notre mieux pour trouver ensemble la combinaison qui vous convient. Nous sommes \u00e0 votre disposition par mail \u00e0 l&rsquo;adresse <a href=\"mailto:contact@fermelarochette.ch\">contact@fermelarochette.ch<\/a> ou par t\u00e9l\u00e9phone au <strong>076\/237.25.75<\/strong>.<\/p>\n\n\n\n<p>Au plaisir de vous lire ou de vous entendre ! <\/p>\n\n\n\n<p><em>Claudine<\/em><\/p>\n","protected":false},"excerpt":{"rendered":"<p>Vous souhaitez organiser un atelier pour votre groupe ? Avec plaisir ! De fa\u00e7on g\u00e9n\u00e9rale :* Les prix sont forfaitaires, c&rsquo;est-\u00e0-dire fixes quel que soit &hellip;<\/p>\n","protected":false},"author":1,"featured_media":844,"parent":0,"menu_order":0,"comment_status":"closed","ping_status":"closed","template":"","meta":{"_price":"","_stock":"","_tribe_ticket_header":"","_tribe_default_ticket_provider":"","_ticket_start_date":"","_ticket_end_date":"","_tribe_ticket_show_description":"","_tribe_ticket_show_not_going":false,"_tribe_ticket_use_global_stock":"","_tribe_ticket_global_stock_level":"","_global_stock_mode":"","_global_stock_cap":"","_tribe_rsvp_for_event":"","_tribe_ticket_going_count":"","_tribe_ticket_not_going_count":"","_tribe_tickets_list":"[]","_tribe_ticket_has_attendee_info_fields":false,"footnotes":"","_tec_slr_enabled":"","_tec_slr_layout":""},"class_list":["post-2677","page","type-page","status-publish","has-post-thumbnail","hentry"],"yoast_head":"<!-- This site is optimized with the Yoast SEO plugin v26.9 - https:\/\/yoast.com\/product\/yoast-seo-wordpress\/ -->\n<title>Formations priv\u00e9es - La Rochette<\/title>\n<meta name=\"robots\" content=\"index, follow, max-snippet:-1, max-image-preview:large, max-video-preview:-1\" \/>\n<link rel=\"canonical\" href=\"https:\/\/fermelarochette.ch\/index.php\/formations-privees\/\" \/>\n<meta property=\"og:locale\" content=\"fr_FR\" \/>\n<meta property=\"og:type\" content=\"article\" \/>\n<meta property=\"og:title\" content=\"Formations priv\u00e9es - La Rochette\" \/>\n<meta property=\"og:description\" content=\"Vous souhaitez organiser un atelier pour votre groupe ? Avec plaisir ! De fa\u00e7on g\u00e9n\u00e9rale :* Les prix sont forfaitaires, c&rsquo;est-\u00e0-dire fixes quel que soit &hellip;\" \/>\n<meta property=\"og:url\" content=\"https:\/\/fermelarochette.ch\/index.php\/formations-privees\/\" \/>\n<meta property=\"og:site_name\" content=\"La Rochette\" \/>\n<meta property=\"article:modified_time\" content=\"2026-01-07T09:54:29+00:00\" \/>\n<meta property=\"og:image\" content=\"https:\/\/fermelarochette.ch\/wp-content\/uploads\/2022\/02\/jonathan-kemper-4z3lnwEvZQw-unsplash-scaled.jpg\" \/>\n\t<meta property=\"og:image:width\" content=\"2560\" \/>\n\t<meta property=\"og:image:height\" content=\"1707\" \/>\n\t<meta property=\"og:image:type\" content=\"image\/jpeg\" \/>\n<meta name=\"twitter:card\" content=\"summary_large_image\" \/>\n<meta name=\"twitter:label1\" content=\"Dur\u00e9e de lecture estim\u00e9e\" \/>\n\t<meta name=\"twitter:data1\" content=\"3 minutes\" \/>\n<script type=\"application\/ld+json\" class=\"yoast-schema-graph\">{\"@context\":\"https:\/\/schema.org\",\"@graph\":[{\"@type\":\"WebPage\",\"@id\":\"https:\/\/fermelarochette.ch\/index.php\/formations-privees\/\",\"url\":\"https:\/\/fermelarochette.ch\/index.php\/formations-privees\/\",\"name\":\"Formations priv\u00e9es - La Rochette\",\"isPartOf\":{\"@id\":\"https:\/\/fermelarochette.ch\/#website\"},\"primaryImageOfPage\":{\"@id\":\"https:\/\/fermelarochette.ch\/index.php\/formations-privees\/#primaryimage\"},\"image\":{\"@id\":\"https:\/\/fermelarochette.ch\/index.php\/formations-privees\/#primaryimage\"},\"thumbnailUrl\":\"https:\/\/fermelarochette.ch\/wp-content\/uploads\/2022\/02\/jonathan-kemper-4z3lnwEvZQw-unsplash-scaled.jpg\",\"datePublished\":\"2025-04-15T20:43:46+00:00\",\"dateModified\":\"2026-01-07T09:54:29+00:00\",\"breadcrumb\":{\"@id\":\"https:\/\/fermelarochette.ch\/index.php\/formations-privees\/#breadcrumb\"},\"inLanguage\":\"fr-FR\",\"potentialAction\":[{\"@type\":\"ReadAction\",\"target\":[\"https:\/\/fermelarochette.ch\/index.php\/formations-privees\/\"]}]},{\"@type\":\"ImageObject\",\"inLanguage\":\"fr-FR\",\"@id\":\"https:\/\/fermelarochette.ch\/index.php\/formations-privees\/#primaryimage\",\"url\":\"https:\/\/fermelarochette.ch\/wp-content\/uploads\/2022\/02\/jonathan-kemper-4z3lnwEvZQw-unsplash-scaled.jpg\",\"contentUrl\":\"https:\/\/fermelarochette.ch\/wp-content\/uploads\/2022\/02\/jonathan-kemper-4z3lnwEvZQw-unsplash-scaled.jpg\",\"width\":2560,\"height\":1707,\"caption\":\"formations conseils ateliers visites\"},{\"@type\":\"BreadcrumbList\",\"@id\":\"https:\/\/fermelarochette.ch\/index.php\/formations-privees\/#breadcrumb\",\"itemListElement\":[{\"@type\":\"ListItem\",\"position\":1,\"name\":\"Accueil\",\"item\":\"https:\/\/fermelarochette.ch\/\"},{\"@type\":\"ListItem\",\"position\":2,\"name\":\"Formations priv\u00e9es\"}]},{\"@type\":\"WebSite\",\"@id\":\"https:\/\/fermelarochette.ch\/#website\",\"url\":\"https:\/\/fermelarochette.ch\/\",\"name\":\"La Rochette\",\"description\":\"Micro-ferme biologique\",\"potentialAction\":[{\"@type\":\"SearchAction\",\"target\":{\"@type\":\"EntryPoint\",\"urlTemplate\":\"https:\/\/fermelarochette.ch\/?s={search_term_string}\"},\"query-input\":{\"@type\":\"PropertyValueSpecification\",\"valueRequired\":true,\"valueName\":\"search_term_string\"}}],\"inLanguage\":\"fr-FR\"}]}<\/script>\n<!-- \/ Yoast SEO plugin. -->","yoast_head_json":{"title":"Formations priv\u00e9es - La Rochette","robots":{"index":"index","follow":"follow","max-snippet":"max-snippet:-1","max-image-preview":"max-image-preview:large","max-video-preview":"max-video-preview:-1"},"canonical":"https:\/\/fermelarochette.ch\/index.php\/formations-privees\/","og_locale":"fr_FR","og_type":"article","og_title":"Formations priv\u00e9es - La Rochette","og_description":"Vous souhaitez organiser un atelier pour votre groupe ? Avec plaisir ! De fa\u00e7on g\u00e9n\u00e9rale :* Les prix sont forfaitaires, c&rsquo;est-\u00e0-dire fixes quel que soit &hellip;","og_url":"https:\/\/fermelarochette.ch\/index.php\/formations-privees\/","og_site_name":"La Rochette","article_modified_time":"2026-01-07T09:54:29+00:00","og_image":[{"width":2560,"height":1707,"url":"https:\/\/fermelarochette.ch\/wp-content\/uploads\/2022\/02\/jonathan-kemper-4z3lnwEvZQw-unsplash-scaled.jpg","type":"image\/jpeg"}],"twitter_card":"summary_large_image","twitter_misc":{"Dur\u00e9e de lecture estim\u00e9e":"3 minutes"},"schema":{"@context":"https:\/\/schema.org","@graph":[{"@type":"WebPage","@id":"https:\/\/fermelarochette.ch\/index.php\/formations-privees\/","url":"https:\/\/fermelarochette.ch\/index.php\/formations-privees\/","name":"Formations priv\u00e9es - La Rochette","isPartOf":{"@id":"https:\/\/fermelarochette.ch\/#website"},"primaryImageOfPage":{"@id":"https:\/\/fermelarochette.ch\/index.php\/formations-privees\/#primaryimage"},"image":{"@id":"https:\/\/fermelarochette.ch\/index.php\/formations-privees\/#primaryimage"},"thumbnailUrl":"https:\/\/fermelarochette.ch\/wp-content\/uploads\/2022\/02\/jonathan-kemper-4z3lnwEvZQw-unsplash-scaled.jpg","datePublished":"2025-04-15T20:43:46+00:00","dateModified":"2026-01-07T09:54:29+00:00","breadcrumb":{"@id":"https:\/\/fermelarochette.ch\/index.php\/formations-privees\/#breadcrumb"},"inLanguage":"fr-FR","potentialAction":[{"@type":"ReadAction","target":["https:\/\/fermelarochette.ch\/index.php\/formations-privees\/"]}]},{"@type":"ImageObject","inLanguage":"fr-FR","@id":"https:\/\/fermelarochette.ch\/index.php\/formations-privees\/#primaryimage","url":"https:\/\/fermelarochette.ch\/wp-content\/uploads\/2022\/02\/jonathan-kemper-4z3lnwEvZQw-unsplash-scaled.jpg","contentUrl":"https:\/\/fermelarochette.ch\/wp-content\/uploads\/2022\/02\/jonathan-kemper-4z3lnwEvZQw-unsplash-scaled.jpg","width":2560,"height":1707,"caption":"formations conseils ateliers visites"},{"@type":"BreadcrumbList","@id":"https:\/\/fermelarochette.ch\/index.php\/formations-privees\/#breadcrumb","itemListElement":[{"@type":"ListItem","position":1,"name":"Accueil","item":"https:\/\/fermelarochette.ch\/"},{"@type":"ListItem","position":2,"name":"Formations priv\u00e9es"}]},{"@type":"WebSite","@id":"https:\/\/fermelarochette.ch\/#website","url":"https:\/\/fermelarochette.ch\/","name":"La Rochette","description":"Micro-ferme biologique","potentialAction":[{"@type":"SearchAction","target":{"@type":"EntryPoint","urlTemplate":"https:\/\/fermelarochette.ch\/?s={search_term_string}"},"query-input":{"@type":"PropertyValueSpecification","valueRequired":true,"valueName":"search_term_string"}}],"inLanguage":"fr-FR"}]}},"jetpack_sharing_enabled":true,"ticketed":false,"_links":{"self":[{"href":"https:\/\/fermelarochette.ch\/index.php\/wp-json\/wp\/v2\/pages\/2677","targetHints":{"allow":["GET"]}}],"collection":[{"href":"https:\/\/fermelarochette.ch\/index.php\/wp-json\/wp\/v2\/pages"}],"about":[{"href":"https:\/\/fermelarochette.ch\/index.php\/wp-json\/wp\/v2\/types\/page"}],"author":[{"embeddable":true,"href":"https:\/\/fermelarochette.ch\/index.php\/wp-json\/wp\/v2\/users\/1"}],"replies":[{"embeddable":true,"href":"https:\/\/fermelarochette.ch\/index.php\/wp-json\/wp\/v2\/comments?post=2677"}],"version-history":[{"count":8,"href":"https:\/\/fermelarochette.ch\/index.php\/wp-json\/wp\/v2\/pages\/2677\/revisions"}],"predecessor-version":[{"id":3118,"href":"https:\/\/fermelarochette.ch\/index.php\/wp-json\/wp\/v2\/pages\/2677\/revisions\/3118"}],"wp:featuredmedia":[{"embeddable":true,"href":"https:\/\/fermelarochette.ch\/index.php\/wp-json\/wp\/v2\/media\/844"}],"wp:attachment":[{"href":"https:\/\/fermelarochette.ch\/index.php\/wp-json\/wp\/v2\/media?parent=2677"}],"curies":[{"name":"wp","href":"https:\/\/api.w.org\/{rel}","templated":true}]}}