{"id":2203,"date":"2024-10-09T02:05:03","date_gmt":"2024-10-09T01:05:03","guid":{"rendered":"https:\/\/fermelarochette.ch\/?page_id=2203"},"modified":"2025-12-02T12:10:31","modified_gmt":"2025-12-02T11:10:31","slug":"weekend-maraichage","status":"publish","type":"page","link":"https:\/\/fermelarochette.ch\/index.php\/formations-et-ateliers-programme\/weekend-maraichage\/","title":{"rendered":"Un beau jardin pour de belles r\u00e9coltes !"},"content":{"rendered":"\n<h1 class=\"wp-block-heading\" id=\"un-weekend-pour-decouvrir-les-fabuleux-outils-de-la-permaculture-au-coeur-de-notre-jardin-maraicher-professionnel\">Un weekend 100% mara\u00eechage pour apprendre toutes les astuces et produire en abondance <\/h1>\n\n\n\n<p><strong><mark style=\"background-color:rgba(0, 0, 0, 0);color:#871111\" class=\"has-inline-color\">En 2026, nous avons choisi de consacrer la plupart des formations aux plantes m\u00e9dicinales, si bien que le weekend mara\u00eechage est en pause jusqu&rsquo;en 2027. En attendant, vous trouverez ci-dessous les informations relatives \u00e0 l&rsquo;\u00e9dition 2025. Si cela vous tente pour 2027, \u00e9crivez-nous \u00e0 contact@fermelarochette.ch et nous vous informerons d\u00e8s que les dates seront planifi\u00e9es ! <\/mark><\/strong><\/p>\n\n\n\n<p>St\u00e9phane vous transmet toutes ses connaissances et astuces pour cultiver vos l\u00e9gumes sans machines et sans pesticides, tout en optimisant les ressources et en soutenant la biodiversit\u00e9. Les m\u00e9thodes, fortement inspir\u00e9es de la permaculture, ne n\u00e9cessitent que peu de mat\u00e9riel et permettent d&rsquo;obtenir en abondance des l\u00e9gumes sains et savoureux.<\/p>\n\n\n\n<p>Ateliers pratiques \u00e0 l&rsquo;appui, il vous pr\u00e9sente les outils, vous parle de composts, de plantons et semis, de sol, de plates-bandes&#8230; Mais aussi de biodiversit\u00e9, de serres, d&rsquo;arrosage, de couches chaudes ou encore de fumier. L&rsquo;objectif : que vous repartiez avec l&rsquo;assurance n\u00e9cessaire pour tout tenter au jardin, r\u00e9pondiez aux questions qui vous taraudent depuis si longtemps et puissiez cultiver<strong> beaucoup sur une petite surface<\/strong>.<\/p>\n\n\n\n<p>La formation a lieu au c\u0153ur du jardin-mara\u00eecher professionnel de La Rochette, cultiv\u00e9 en bio et de fa\u00e7on manuelle. Rien de tel pour apprendre par tous les sens !<\/p>\n\n\n\n<p>Aucun pr\u00e9requis n\u00e9cessaire, venez avec toutes vos questions.<\/p>\n\n\n\n<p><strong><mark style=\"background-color:rgba(0, 0, 0, 0)\" class=\"has-inline-color has-accent-1-color\">Programme : <\/mark><\/strong><br><strong>Minie Intro \u00e0 la permaculture<\/strong><\/p>\n\n\n\n<p><strong>Le sol&nbsp;:<\/strong><br>* Formation du sol, structure, dynamique<br>* Vie du sol, r\u00f4le des vers de terre et autres organismes<br>* Observation du sol<br>* Mati\u00e8res organiques, compost, fumier&#8230;<br>* Couvertures de sol (paillage)<\/p>\n\n\n\n<p><strong>Le travail du sol : <\/strong><br>* Les diff\u00e9rentes techniques<br>* Outils de pr\u00e9paration du sol<br>* Exercice pratique<br><br><strong>Semis et plantons : <\/strong><br>* Semis direct : tout pour savoir comment faire<br>* Plantons : terreau, semences, outils et techniques<br>* Couches chaudes et abris<br>* Suivi<br>* Exercice pratique<\/p>\n\n\n\n<p><strong>Entretien et sant\u00e9 du jardin :<\/strong> <br>* Gestion de l&rsquo;enherbement<br>* Gestion des ravageurs<br>* Eviter les maladies<\/p>\n\n\n\n<p><strong>Cultures l\u00e9gumi\u00e8res : <\/strong><br>* Organiser le jardin dans l&rsquo;espace et densifier les cultures<br>* Choisir les cultures, les planifier<br>* Associations de cultures : outils et techniques<br>* Rotations des cultures<br>* Gestion de l&rsquo;eau<br>* Les cultures sous abri pour produire plus longtemps<\/p>\n\n\n\n<p><strong><mark style=\"background-color:rgba(0, 0, 0, 0)\" class=\"has-inline-color has-accent-1-color\">O\u00f9 :<\/mark><\/strong> <strong><strong>Jardin de La Rochette, 2947 Charmoille <\/strong><\/strong>(Canton du Jura, Suisse romande), \u00e0 1h20 de Neuch\u00e2tel, 2h10 de Lausanne&#8230; Non, le Jura n&rsquo;est pas au bout du monde :). Pas de possibilit\u00e9 d&rsquo;h\u00e9bergement sur place, mais de nombreux logements abordables sont disponibles dans la r\u00e9gion. N&rsquo;h\u00e9sitez pas \u00e0 nous contacter pour plus d&rsquo;informations ! <mark style=\"background-color:rgba(0, 0, 0, 0);color:#950e0e\" class=\"has-inline-color\">Si vous venez en transports publics, l&rsquo;arr\u00eat de bus pour arriver au jardin est \u00ab\u00a0Charmoille, village\u00a0\u00bb. Si besoin, nous viendrons volontiers vous chercher \u00e0 la gare de Courgenay.<\/mark><\/p>\n\n\n\n<p><strong><mark style=\"background-color:rgba(0, 0, 0, 0)\" class=\"has-inline-color has-accent-1-color\">Dates :<\/mark><\/strong> <strong>Samedi 4 et dimanche 5 octobre 2025<\/strong>, de 9h \u00e0 17h30 et de 9h \u00e0 16h30<\/p>\n\n\n\n<p><strong><mark style=\"background-color:rgba(0, 0, 0, 0)\" class=\"has-inline-color has-accent-1-color\"><\/mark><mark style=\"background-color:rgba(0, 0, 0, 0)\" class=\"has-inline-color has-accent-1-color\">Intervenants : <\/mark>St\u00e9phane Caravellas<\/strong>, responsable mara\u00eecher \u00e0 La Rochette.<\/p>\n\n\n\n<p id=\"materiel\"><mark style=\"background-color:rgba(0, 0, 0, 0)\" class=\"has-inline-color has-accent-1-color\"><strong>Mat\u00e9riel<\/strong><\/mark><strong><mark style=\"background-color:rgba(0, 0, 0, 0)\" class=\"has-inline-color has-accent-1-color\"> :<\/mark><\/strong><br>* Des v\u00eatements et chaussures adapt\u00e9s \u00e0 la m\u00e9t\u00e9o, car nous sortirons nous promener \/ observer \/ planter par tous les temps !<br>* De quoi \u00e9crire et un support dur \u00e0 utiliser comme sous-main.<\/p>\n\n\n\n<p id=\"repas\"><mark style=\"background-color:rgba(0, 0, 0, 0)\" class=\"has-inline-color has-accent-1-color\"><strong>Repas<\/strong> <strong>:<\/strong><\/mark> Les snacks sont compris dans le prix du stage, mais pas les repas de midi. Merci d\u2019apporter votre pique-nique.<\/p>\n\n\n\n<p id=\"repas\"><strong><mark style=\"background-color:rgba(0, 0, 0, 0)\" class=\"has-inline-color has-accent-1-color\">H\u00e9bergement :<\/mark><\/strong> Nous vous renseignons volontiers \u00e0 propos de solutions d&rsquo;h\u00e9bergement dans la r\u00e9gion.<\/p>\n\n\n\n<p id=\"prix\"><strong><mark style=\"background-color:rgba(0, 0, 0, 0)\" class=\"has-inline-color has-accent-1-color\">Prix<\/mark><\/strong> <strong><mark style=\"background-color:rgba(0, 0, 0, 0)\" class=\"has-inline-color has-accent-1-color\">:<\/mark><\/strong><br><strong><strong>* Adultes : <\/strong><\/strong>300.- CHF \/ adulte<strong><br><strong>* Retrait\u00e9.es et adolescent.es jusqu&rsquo;\u00e0 16 ans : <\/strong><\/strong>100.- CHF \/ personne<\/p>\n\n\n\n<p id=\"nombre-de-participants\"><strong><mark style=\"background-color:rgba(0, 0, 0, 0)\" class=\"has-inline-color has-accent-1-color\">Nombre de participant.es<\/mark><\/strong> <strong><mark style=\"background-color:rgba(0, 0, 0, 0)\" class=\"has-inline-color has-accent-1-color\">:<\/mark><\/strong> Minimum 5, maximum 12 adultes.<\/p>\n\n\n\n<p id=\"inscription-et-demande-d-informations\"><strong><mark style=\"background-color:rgba(0, 0, 0, 0)\" class=\"has-inline-color has-accent-1-color\">Inscription et demande d\u2019informations<\/mark><\/strong> <strong><mark style=\"background-color:rgba(0, 0, 0, 0)\" class=\"has-inline-color has-accent-1-color\">:<\/mark><\/strong> Demande d\u2019informations et inscriptions aupr\u00e8s de Claudine Miserez \u00e0 l\u2019adresse <a href=\"mailto:claudine.miserez@lilo.org\">claudine@fermelarochette.ch<\/a> ou au 076\/237.25.75.<\/p>\n\n\n\n<p><mark style=\"background-color:rgba(0, 0, 0, 0)\" class=\"has-inline-color has-accent-1-color\"><strong>Validation et conditions d&rsquo;annulation :<\/strong><\/mark> <br>L&rsquo;inscription est valid\u00e9e uniquement apr\u00e8s r\u00e8glement du prix du stage. <br>En cas de d\u00e9sistement plus de 7 jours avant le stage, l&rsquo;entier du montant est rembours\u00e9. <br>En cas de d\u00e9sistement moins de 7 jours avant le stage, le montant ne sera pas rembours\u00e9, \u00e0 moins que vous trouviez un.e rempla\u00e7ant.e.<\/p>\n\n\n\n<p id=\"paiement\"><strong><mark style=\"background-color:rgba(0, 0, 0, 0)\" class=\"has-inline-color has-accent-1-color\">Paiement<\/mark><\/strong> <strong><mark style=\"background-color:rgba(0, 0, 0, 0)\" class=\"has-inline-color has-accent-1-color\">:<\/mark><\/strong><br>Le stage peut \u00eatre r\u00e9gl\u00e9 : <br><strong>* Par twint<\/strong> au num\u00e9ro 076\/237.25.75 en mentionnant le motif du paiement.<br>*<strong> Par virement bancaire <\/strong>aux coordonn\u00e9es suivantes en mentionnant le motif du paiement : <br>La Rochette micro-ferme<br>Adresse : Sous la Rochette 10a, 2947 Charmoille<br>IBAN : CH23 0839 0039 6252 1000 8<br>Banque : Banque alternative Suisse<\/p>\n\n\n\n<p><strong><mark style=\"background-color:rgba(0, 0, 0, 0)\" class=\"has-inline-color has-headings-color\">Je me r\u00e9jouis de passer ce weekend avec vous !<\/mark><\/strong><\/p>\n\n\n\n<p>St\u00e9phane<\/p>\n\n\n\n<div style=\"height:64px\" aria-hidden=\"true\" class=\"wp-block-spacer\"><\/div>\n\n\n\n<figure class=\"wp-block-gallery has-nested-images columns-default is-cropped wp-block-gallery-1 is-layout-flex wp-block-gallery-is-layout-flex\">\n<figure class=\"wp-block-image size-large\"><img decoding=\"async\" width=\"768\" height=\"1024\" data-id=\"1968\" data-src=\"https:\/\/fermelarochette.ch\/wp-content\/uploads\/2024\/03\/courges-768x1024.jpeg\" alt=\"\" class=\"wp-image-1968 lazyload\" data-srcset=\"https:\/\/fermelarochette.ch\/wp-content\/uploads\/2024\/03\/courges-768x1024.jpeg 768w, https:\/\/fermelarochette.ch\/wp-content\/uploads\/2024\/03\/courges-scaled-600x800.jpeg 600w, https:\/\/fermelarochette.ch\/wp-content\/uploads\/2024\/03\/courges-225x300.jpeg 225w, https:\/\/fermelarochette.ch\/wp-content\/uploads\/2024\/03\/courges-1152x1536.jpeg 1152w, https:\/\/fermelarochette.ch\/wp-content\/uploads\/2024\/03\/courges-1536x2048.jpeg 1536w, https:\/\/fermelarochette.ch\/wp-content\/uploads\/2024\/03\/courges-scaled.jpeg 1920w\" data-sizes=\"(max-width: 768px) 100vw, 768px\" src=\"data:image\/svg+xml;base64,PHN2ZyB3aWR0aD0iMSIgaGVpZ2h0PSIxIiB4bWxucz0iaHR0cDovL3d3dy53My5vcmcvMjAwMC9zdmciPjwvc3ZnPg==\" style=\"--smush-placeholder-width: 768px; --smush-placeholder-aspect-ratio: 768\/1024;\" \/><\/figure>\n\n\n\n<figure class=\"wp-block-image size-large\"><img decoding=\"async\" width=\"768\" height=\"1024\" data-id=\"2573\" data-src=\"https:\/\/fermelarochette.ch\/wp-content\/uploads\/2025\/03\/7_Pois-mange-tout-768x1024.jpeg\" alt=\"\" class=\"wp-image-2573 lazyload\" data-srcset=\"https:\/\/fermelarochette.ch\/wp-content\/uploads\/2025\/03\/7_Pois-mange-tout-768x1024.jpeg 768w, https:\/\/fermelarochette.ch\/wp-content\/uploads\/2025\/03\/7_Pois-mange-tout-scaled-600x800.jpeg 600w, https:\/\/fermelarochette.ch\/wp-content\/uploads\/2025\/03\/7_Pois-mange-tout-225x300.jpeg 225w, https:\/\/fermelarochette.ch\/wp-content\/uploads\/2025\/03\/7_Pois-mange-tout-1152x1536.jpeg 1152w, https:\/\/fermelarochette.ch\/wp-content\/uploads\/2025\/03\/7_Pois-mange-tout-1536x2048.jpeg 1536w, https:\/\/fermelarochette.ch\/wp-content\/uploads\/2025\/03\/7_Pois-mange-tout-scaled.jpeg 1920w\" data-sizes=\"(max-width: 768px) 100vw, 768px\" src=\"data:image\/svg+xml;base64,PHN2ZyB3aWR0aD0iMSIgaGVpZ2h0PSIxIiB4bWxucz0iaHR0cDovL3d3dy53My5vcmcvMjAwMC9zdmciPjwvc3ZnPg==\" style=\"--smush-placeholder-width: 768px; --smush-placeholder-aspect-ratio: 768\/1024;\" \/><\/figure>\n\n\n\n<figure class=\"wp-block-image size-large\"><img decoding=\"async\" width=\"768\" height=\"1024\" data-id=\"3006\" data-src=\"https:\/\/fermelarochette.ch\/wp-content\/uploads\/2025\/12\/IMG_20250704_093940-768x1024.jpg\" alt=\"\" class=\"wp-image-3006 lazyload\" data-srcset=\"https:\/\/fermelarochette.ch\/wp-content\/uploads\/2025\/12\/IMG_20250704_093940-768x1024.jpg 768w, https:\/\/fermelarochette.ch\/wp-content\/uploads\/2025\/12\/IMG_20250704_093940-scaled-600x800.jpg 600w, https:\/\/fermelarochette.ch\/wp-content\/uploads\/2025\/12\/IMG_20250704_093940-225x300.jpg 225w, https:\/\/fermelarochette.ch\/wp-content\/uploads\/2025\/12\/IMG_20250704_093940-1152x1536.jpg 1152w, https:\/\/fermelarochette.ch\/wp-content\/uploads\/2025\/12\/IMG_20250704_093940-1536x2048.jpg 1536w, https:\/\/fermelarochette.ch\/wp-content\/uploads\/2025\/12\/IMG_20250704_093940-scaled.jpg 1920w\" data-sizes=\"(max-width: 768px) 100vw, 768px\" src=\"data:image\/svg+xml;base64,PHN2ZyB3aWR0aD0iMSIgaGVpZ2h0PSIxIiB4bWxucz0iaHR0cDovL3d3dy53My5vcmcvMjAwMC9zdmciPjwvc3ZnPg==\" style=\"--smush-placeholder-width: 768px; --smush-placeholder-aspect-ratio: 768\/1024;\" \/><\/figure>\n\n\n\n<figure class=\"wp-block-image size-large\"><img decoding=\"async\" width=\"768\" height=\"1024\" data-id=\"3007\" data-src=\"https:\/\/fermelarochette.ch\/wp-content\/uploads\/2025\/12\/IMG_20250717_083555-768x1024.jpg\" alt=\"\" class=\"wp-image-3007 lazyload\" data-srcset=\"https:\/\/fermelarochette.ch\/wp-content\/uploads\/2025\/12\/IMG_20250717_083555-768x1024.jpg 768w, https:\/\/fermelarochette.ch\/wp-content\/uploads\/2025\/12\/IMG_20250717_083555-scaled-600x800.jpg 600w, https:\/\/fermelarochette.ch\/wp-content\/uploads\/2025\/12\/IMG_20250717_083555-225x300.jpg 225w, https:\/\/fermelarochette.ch\/wp-content\/uploads\/2025\/12\/IMG_20250717_083555-1152x1536.jpg 1152w, https:\/\/fermelarochette.ch\/wp-content\/uploads\/2025\/12\/IMG_20250717_083555-1536x2048.jpg 1536w, https:\/\/fermelarochette.ch\/wp-content\/uploads\/2025\/12\/IMG_20250717_083555-scaled.jpg 1920w\" data-sizes=\"(max-width: 768px) 100vw, 768px\" src=\"data:image\/svg+xml;base64,PHN2ZyB3aWR0aD0iMSIgaGVpZ2h0PSIxIiB4bWxucz0iaHR0cDovL3d3dy53My5vcmcvMjAwMC9zdmciPjwvc3ZnPg==\" style=\"--smush-placeholder-width: 768px; --smush-placeholder-aspect-ratio: 768\/1024;\" \/><\/figure>\n\n\n\n<figure class=\"wp-block-image size-large\"><img decoding=\"async\" width=\"768\" height=\"1024\" data-id=\"3010\" data-src=\"https:\/\/fermelarochette.ch\/wp-content\/uploads\/2025\/12\/IMG_20251107_144135-768x1024.jpg\" alt=\"\" class=\"wp-image-3010 lazyload\" data-srcset=\"https:\/\/fermelarochette.ch\/wp-content\/uploads\/2025\/12\/IMG_20251107_144135-768x1024.jpg 768w, https:\/\/fermelarochette.ch\/wp-content\/uploads\/2025\/12\/IMG_20251107_144135-scaled-600x800.jpg 600w, https:\/\/fermelarochette.ch\/wp-content\/uploads\/2025\/12\/IMG_20251107_144135-225x300.jpg 225w, https:\/\/fermelarochette.ch\/wp-content\/uploads\/2025\/12\/IMG_20251107_144135-1152x1536.jpg 1152w, https:\/\/fermelarochette.ch\/wp-content\/uploads\/2025\/12\/IMG_20251107_144135-1536x2048.jpg 1536w, https:\/\/fermelarochette.ch\/wp-content\/uploads\/2025\/12\/IMG_20251107_144135-scaled.jpg 1920w\" data-sizes=\"(max-width: 768px) 100vw, 768px\" src=\"data:image\/svg+xml;base64,PHN2ZyB3aWR0aD0iMSIgaGVpZ2h0PSIxIiB4bWxucz0iaHR0cDovL3d3dy53My5vcmcvMjAwMC9zdmciPjwvc3ZnPg==\" style=\"--smush-placeholder-width: 768px; --smush-placeholder-aspect-ratio: 768\/1024;\" \/><\/figure>\n<\/figure>\n","protected":false},"excerpt":{"rendered":"<p>Un weekend 100% mara\u00eechage pour apprendre toutes les astuces et produire en abondance En 2026, nous avons choisi de consacrer la plupart des formations aux &hellip;<\/p>\n","protected":false},"author":1,"featured_media":1569,"parent":44,"menu_order":0,"comment_status":"closed","ping_status":"closed","template":"","meta":{"_price":"","_stock":"","_tribe_ticket_header":"","_tribe_default_ticket_provider":"","_ticket_start_date":"","_ticket_end_date":"","_tribe_ticket_show_description":"","_tribe_ticket_show_not_going":false,"_tribe_ticket_use_global_stock":"","_tribe_ticket_global_stock_level":"","_global_stock_mode":"","_global_stock_cap":"","_tribe_rsvp_for_event":"","_tribe_ticket_going_count":"","_tribe_ticket_not_going_count":"","_tribe_tickets_list":"[]","_tribe_ticket_has_attendee_info_fields":false,"footnotes":"","_tec_slr_enabled":"","_tec_slr_layout":""},"class_list":["post-2203","page","type-page","status-publish","has-post-thumbnail","hentry"],"yoast_head":"<!-- This site is optimized with the Yoast SEO plugin v26.9 - https:\/\/yoast.com\/product\/yoast-seo-wordpress\/ -->\n<title>Un beau jardin pour de belles r\u00e9coltes ! - La Rochette<\/title>\n<meta name=\"robots\" content=\"index, follow, max-snippet:-1, max-image-preview:large, max-video-preview:-1\" \/>\n<link rel=\"canonical\" href=\"https:\/\/fermelarochette.ch\/index.php\/formations-et-ateliers-programme\/weekend-maraichage\/\" \/>\n<meta property=\"og:locale\" content=\"fr_FR\" \/>\n<meta property=\"og:type\" content=\"article\" \/>\n<meta property=\"og:title\" content=\"Un beau jardin pour de belles r\u00e9coltes ! - La Rochette\" \/>\n<meta property=\"og:description\" content=\"Un weekend 100% mara\u00eechage pour apprendre toutes les astuces et produire en abondance En 2026, nous avons choisi de consacrer la plupart des formations aux &hellip;\" \/>\n<meta property=\"og:url\" content=\"https:\/\/fermelarochette.ch\/index.php\/formations-et-ateliers-programme\/weekend-maraichage\/\" \/>\n<meta property=\"og:site_name\" content=\"La Rochette\" \/>\n<meta property=\"article:modified_time\" content=\"2025-12-02T11:10:31+00:00\" \/>\n<meta property=\"og:image\" content=\"https:\/\/fermelarochette.ch\/wp-content\/uploads\/2023\/11\/panier-de-legumes-La-Rochette_gros-plan.jpg\" \/>\n\t<meta property=\"og:image:width\" content=\"2520\" \/>\n\t<meta property=\"og:image:height\" content=\"1880\" \/>\n\t<meta property=\"og:image:type\" content=\"image\/jpeg\" \/>\n<meta name=\"twitter:card\" content=\"summary_large_image\" \/>\n<meta name=\"twitter:label1\" content=\"Dur\u00e9e de lecture estim\u00e9e\" \/>\n\t<meta name=\"twitter:data1\" content=\"3 minutes\" \/>\n<script type=\"application\/ld+json\" class=\"yoast-schema-graph\">{\"@context\":\"https:\/\/schema.org\",\"@graph\":[{\"@type\":\"WebPage\",\"@id\":\"https:\/\/fermelarochette.ch\/index.php\/formations-et-ateliers-programme\/weekend-maraichage\/\",\"url\":\"https:\/\/fermelarochette.ch\/index.php\/formations-et-ateliers-programme\/weekend-maraichage\/\",\"name\":\"Un beau jardin pour de belles r\u00e9coltes ! - La Rochette\",\"isPartOf\":{\"@id\":\"https:\/\/fermelarochette.ch\/#website\"},\"primaryImageOfPage\":{\"@id\":\"https:\/\/fermelarochette.ch\/index.php\/formations-et-ateliers-programme\/weekend-maraichage\/#primaryimage\"},\"image\":{\"@id\":\"https:\/\/fermelarochette.ch\/index.php\/formations-et-ateliers-programme\/weekend-maraichage\/#primaryimage\"},\"thumbnailUrl\":\"https:\/\/fermelarochette.ch\/wp-content\/uploads\/2023\/11\/panier-de-legumes-La-Rochette_gros-plan.jpg\",\"datePublished\":\"2024-10-09T01:05:03+00:00\",\"dateModified\":\"2025-12-02T11:10:31+00:00\",\"breadcrumb\":{\"@id\":\"https:\/\/fermelarochette.ch\/index.php\/formations-et-ateliers-programme\/weekend-maraichage\/#breadcrumb\"},\"inLanguage\":\"fr-FR\",\"potentialAction\":[{\"@type\":\"ReadAction\",\"target\":[\"https:\/\/fermelarochette.ch\/index.php\/formations-et-ateliers-programme\/weekend-maraichage\/\"]}]},{\"@type\":\"ImageObject\",\"inLanguage\":\"fr-FR\",\"@id\":\"https:\/\/fermelarochette.ch\/index.php\/formations-et-ateliers-programme\/weekend-maraichage\/#primaryimage\",\"url\":\"https:\/\/fermelarochette.ch\/wp-content\/uploads\/2023\/11\/panier-de-legumes-La-Rochette_gros-plan.jpg\",\"contentUrl\":\"https:\/\/fermelarochette.ch\/wp-content\/uploads\/2023\/11\/panier-de-legumes-La-Rochette_gros-plan.jpg\",\"width\":2520,\"height\":1880},{\"@type\":\"BreadcrumbList\",\"@id\":\"https:\/\/fermelarochette.ch\/index.php\/formations-et-ateliers-programme\/weekend-maraichage\/#breadcrumb\",\"itemListElement\":[{\"@type\":\"ListItem\",\"position\":1,\"name\":\"Accueil\",\"item\":\"https:\/\/fermelarochette.ch\/\"},{\"@type\":\"ListItem\",\"position\":2,\"name\":\"Formations\",\"item\":\"https:\/\/fermelarochette.ch\/index.php\/formations-et-ateliers-programme\/\"},{\"@type\":\"ListItem\",\"position\":3,\"name\":\"Un beau jardin pour de belles r\u00e9coltes !\"}]},{\"@type\":\"WebSite\",\"@id\":\"https:\/\/fermelarochette.ch\/#website\",\"url\":\"https:\/\/fermelarochette.ch\/\",\"name\":\"La Rochette\",\"description\":\"Micro-ferme biologique\",\"potentialAction\":[{\"@type\":\"SearchAction\",\"target\":{\"@type\":\"EntryPoint\",\"urlTemplate\":\"https:\/\/fermelarochette.ch\/?s={search_term_string}\"},\"query-input\":{\"@type\":\"PropertyValueSpecification\",\"valueRequired\":true,\"valueName\":\"search_term_string\"}}],\"inLanguage\":\"fr-FR\"}]}<\/script>\n<!-- \/ Yoast SEO plugin. -->","yoast_head_json":{"title":"Un beau jardin pour de belles r\u00e9coltes ! - La Rochette","robots":{"index":"index","follow":"follow","max-snippet":"max-snippet:-1","max-image-preview":"max-image-preview:large","max-video-preview":"max-video-preview:-1"},"canonical":"https:\/\/fermelarochette.ch\/index.php\/formations-et-ateliers-programme\/weekend-maraichage\/","og_locale":"fr_FR","og_type":"article","og_title":"Un beau jardin pour de belles r\u00e9coltes ! - La Rochette","og_description":"Un weekend 100% mara\u00eechage pour apprendre toutes les astuces et produire en abondance En 2026, nous avons choisi de consacrer la plupart des formations aux &hellip;","og_url":"https:\/\/fermelarochette.ch\/index.php\/formations-et-ateliers-programme\/weekend-maraichage\/","og_site_name":"La Rochette","article_modified_time":"2025-12-02T11:10:31+00:00","og_image":[{"width":2520,"height":1880,"url":"https:\/\/fermelarochette.ch\/wp-content\/uploads\/2023\/11\/panier-de-legumes-La-Rochette_gros-plan.jpg","type":"image\/jpeg"}],"twitter_card":"summary_large_image","twitter_misc":{"Dur\u00e9e de lecture estim\u00e9e":"3 minutes"},"schema":{"@context":"https:\/\/schema.org","@graph":[{"@type":"WebPage","@id":"https:\/\/fermelarochette.ch\/index.php\/formations-et-ateliers-programme\/weekend-maraichage\/","url":"https:\/\/fermelarochette.ch\/index.php\/formations-et-ateliers-programme\/weekend-maraichage\/","name":"Un beau jardin pour de belles r\u00e9coltes ! - La Rochette","isPartOf":{"@id":"https:\/\/fermelarochette.ch\/#website"},"primaryImageOfPage":{"@id":"https:\/\/fermelarochette.ch\/index.php\/formations-et-ateliers-programme\/weekend-maraichage\/#primaryimage"},"image":{"@id":"https:\/\/fermelarochette.ch\/index.php\/formations-et-ateliers-programme\/weekend-maraichage\/#primaryimage"},"thumbnailUrl":"https:\/\/fermelarochette.ch\/wp-content\/uploads\/2023\/11\/panier-de-legumes-La-Rochette_gros-plan.jpg","datePublished":"2024-10-09T01:05:03+00:00","dateModified":"2025-12-02T11:10:31+00:00","breadcrumb":{"@id":"https:\/\/fermelarochette.ch\/index.php\/formations-et-ateliers-programme\/weekend-maraichage\/#breadcrumb"},"inLanguage":"fr-FR","potentialAction":[{"@type":"ReadAction","target":["https:\/\/fermelarochette.ch\/index.php\/formations-et-ateliers-programme\/weekend-maraichage\/"]}]},{"@type":"ImageObject","inLanguage":"fr-FR","@id":"https:\/\/fermelarochette.ch\/index.php\/formations-et-ateliers-programme\/weekend-maraichage\/#primaryimage","url":"https:\/\/fermelarochette.ch\/wp-content\/uploads\/2023\/11\/panier-de-legumes-La-Rochette_gros-plan.jpg","contentUrl":"https:\/\/fermelarochette.ch\/wp-content\/uploads\/2023\/11\/panier-de-legumes-La-Rochette_gros-plan.jpg","width":2520,"height":1880},{"@type":"BreadcrumbList","@id":"https:\/\/fermelarochette.ch\/index.php\/formations-et-ateliers-programme\/weekend-maraichage\/#breadcrumb","itemListElement":[{"@type":"ListItem","position":1,"name":"Accueil","item":"https:\/\/fermelarochette.ch\/"},{"@type":"ListItem","position":2,"name":"Formations","item":"https:\/\/fermelarochette.ch\/index.php\/formations-et-ateliers-programme\/"},{"@type":"ListItem","position":3,"name":"Un beau jardin pour de belles r\u00e9coltes !"}]},{"@type":"WebSite","@id":"https:\/\/fermelarochette.ch\/#website","url":"https:\/\/fermelarochette.ch\/","name":"La Rochette","description":"Micro-ferme biologique","potentialAction":[{"@type":"SearchAction","target":{"@type":"EntryPoint","urlTemplate":"https:\/\/fermelarochette.ch\/?s={search_term_string}"},"query-input":{"@type":"PropertyValueSpecification","valueRequired":true,"valueName":"search_term_string"}}],"inLanguage":"fr-FR"}]}},"jetpack_sharing_enabled":true,"ticketed":false,"_links":{"self":[{"href":"https:\/\/fermelarochette.ch\/index.php\/wp-json\/wp\/v2\/pages\/2203","targetHints":{"allow":["GET"]}}],"collection":[{"href":"https:\/\/fermelarochette.ch\/index.php\/wp-json\/wp\/v2\/pages"}],"about":[{"href":"https:\/\/fermelarochette.ch\/index.php\/wp-json\/wp\/v2\/types\/page"}],"author":[{"embeddable":true,"href":"https:\/\/fermelarochette.ch\/index.php\/wp-json\/wp\/v2\/users\/1"}],"replies":[{"embeddable":true,"href":"https:\/\/fermelarochette.ch\/index.php\/wp-json\/wp\/v2\/comments?post=2203"}],"version-history":[{"count":16,"href":"https:\/\/fermelarochette.ch\/index.php\/wp-json\/wp\/v2\/pages\/2203\/revisions"}],"predecessor-version":[{"id":3011,"href":"https:\/\/fermelarochette.ch\/index.php\/wp-json\/wp\/v2\/pages\/2203\/revisions\/3011"}],"up":[{"embeddable":true,"href":"https:\/\/fermelarochette.ch\/index.php\/wp-json\/wp\/v2\/pages\/44"}],"wp:featuredmedia":[{"embeddable":true,"href":"https:\/\/fermelarochette.ch\/index.php\/wp-json\/wp\/v2\/media\/1569"}],"wp:attachment":[{"href":"https:\/\/fermelarochette.ch\/index.php\/wp-json\/wp\/v2\/media?parent=2203"}],"curies":[{"name":"wp","href":"https:\/\/api.w.org\/{rel}","templated":true}]}}