{"id":1856,"date":"2023-12-15T22:09:18","date_gmt":"2023-12-15T21:09:18","guid":{"rendered":"https:\/\/fermelarochette.ch\/?page_id=1856"},"modified":"2025-12-02T09:07:13","modified_gmt":"2025-12-02T08:07:13","slug":"aquarelle-et-plantes-sauvages","status":"publish","type":"page","link":"https:\/\/fermelarochette.ch\/index.php\/formations-et-ateliers-programme\/aquarelle-et-plantes-sauvages\/","title":{"rendered":"Aquarelle et plantes sauvages"},"content":{"rendered":"\n<h2 class=\"wp-block-heading\">Dans un cadre idyllique, venez d\u00e9couvrir l&rsquo;aquarelle et les plantes m\u00e9dicinales&#8230;<\/h2>\n\n\n\n<p><strong><mark style=\"background-color:rgba(0, 0, 0, 0)\" class=\"has-inline-color has-accent-1-color\">Ga\u00ebtane Nicoulin<\/mark><\/strong>, la talentueuse aquarelliste de <a href=\"https:\/\/fleurs-poudrees.com\/\" target=\"_blank\" rel=\"noreferrer noopener\">Fleurs poudr\u00e9es<\/a>, s&rsquo;associe \u00e0 Claudine Miserez, herboriste \u00e0 La Rochette, pour vous proposer un weekend de retraite cr\u00e9ative dans la cadre magique du <a href=\"https:\/\/chaletsaintpaul.ch\/\" target=\"_blank\" rel=\"noreferrer noopener\">Chalet Saint-Paul<\/a> (La Roche, FR). Du vendredi soir au dimanche, venez d\u00e9couvrir ou perfectionner vos techniques d&rsquo;aquarelle sur le th\u00e8me des fleurs sauvages tout en apprenant \u00e0 les conna\u00eetre. Alors que Ga\u00ebtane animera les ateliers d&rsquo;aquarelle, Claudine vous concoctera des repas savoureux et vous emm\u00e8nera \u00e0 la d\u00e9couverte des plantes m\u00e9dicinales.<\/p>\n\n\n\n<p><mark style=\"background-color:rgba(0, 0, 0, 0)\" class=\"has-inline-color has-accent-1-color\"><strong>Dates :<\/strong> <\/mark><br>* Vendredi soir 24 au dimanche soir 26 avril 2026<br>* Vendredi soir 4 au dimanche soir 6 septembre 2026<br>Ces retraites seront ouvertes aux inscriptions tr\u00e8s prochainement. En attendant, retrouvez <a href=\"https:\/\/fleurs-poudrees.com\/collections\/evenements\/products\/retraite-creative-avril-2024\" target=\"_blank\" rel=\"noreferrer noopener\">ici<\/a> le descriptif de la retraite de mai 2025.<\/p>\n\n\n\n<p>Pour vous pr\u00e9-inscrire ou pour toute information, \u00e9crivez-nous \u00e0 l&rsquo;adresse <a href=\"mailto:claudine@fermelarochette.ch\">claudine@fermelarochette.ch<\/a>.<\/p>\n\n\n\n<div style=\"height:44px\" aria-hidden=\"true\" class=\"wp-block-spacer\"><\/div>\n\n\n\n<figure class=\"wp-block-gallery has-nested-images columns-default is-cropped wp-block-gallery-1 is-layout-flex wp-block-gallery-is-layout-flex\">\n<figure class=\"wp-block-image size-large\"><img decoding=\"async\" width=\"683\" height=\"683\" data-id=\"1860\" data-src=\"https:\/\/fermelarochette.ch\/wp-content\/uploads\/2023\/12\/Chalet-Saint-Paul_La-Roche.webp\" alt=\"\" class=\"wp-image-1860 lazyload\" data-srcset=\"https:\/\/fermelarochette.ch\/wp-content\/uploads\/2023\/12\/Chalet-Saint-Paul_La-Roche.webp 683w, https:\/\/fermelarochette.ch\/wp-content\/uploads\/2023\/12\/Chalet-Saint-Paul_La-Roche-100x100.webp 100w, https:\/\/fermelarochette.ch\/wp-content\/uploads\/2023\/12\/Chalet-Saint-Paul_La-Roche-600x600.webp 600w, https:\/\/fermelarochette.ch\/wp-content\/uploads\/2023\/12\/Chalet-Saint-Paul_La-Roche-300x300.webp 300w, https:\/\/fermelarochette.ch\/wp-content\/uploads\/2023\/12\/Chalet-Saint-Paul_La-Roche-150x150.webp 150w\" data-sizes=\"(max-width: 683px) 100vw, 683px\" src=\"data:image\/svg+xml;base64,PHN2ZyB3aWR0aD0iMSIgaGVpZ2h0PSIxIiB4bWxucz0iaHR0cDovL3d3dy53My5vcmcvMjAwMC9zdmciPjwvc3ZnPg==\" style=\"--smush-placeholder-width: 683px; --smush-placeholder-aspect-ratio: 683\/683;\" \/><\/figure>\n\n\n\n<figure class=\"wp-block-image size-large\"><img decoding=\"async\" width=\"1024\" height=\"1024\" data-id=\"1861\" data-src=\"https:\/\/fermelarochette.ch\/wp-content\/uploads\/2023\/12\/Trefle_Copyright-Fleurs-poudrees-1024x1024.webp\" alt=\"\" class=\"wp-image-1861 lazyload\" data-srcset=\"https:\/\/fermelarochette.ch\/wp-content\/uploads\/2023\/12\/Trefle_Copyright-Fleurs-poudrees-1024x1024.webp 1024w, https:\/\/fermelarochette.ch\/wp-content\/uploads\/2023\/12\/Trefle_Copyright-Fleurs-poudrees-800x800.webp 800w, https:\/\/fermelarochette.ch\/wp-content\/uploads\/2023\/12\/Trefle_Copyright-Fleurs-poudrees-100x100.webp 100w, https:\/\/fermelarochette.ch\/wp-content\/uploads\/2023\/12\/Trefle_Copyright-Fleurs-poudrees-600x600.webp 600w, https:\/\/fermelarochette.ch\/wp-content\/uploads\/2023\/12\/Trefle_Copyright-Fleurs-poudrees-300x300.webp 300w, https:\/\/fermelarochette.ch\/wp-content\/uploads\/2023\/12\/Trefle_Copyright-Fleurs-poudrees-150x150.webp 150w, https:\/\/fermelarochette.ch\/wp-content\/uploads\/2023\/12\/Trefle_Copyright-Fleurs-poudrees-768x768.webp 768w, https:\/\/fermelarochette.ch\/wp-content\/uploads\/2023\/12\/Trefle_Copyright-Fleurs-poudrees-1536x1536.webp 1536w, https:\/\/fermelarochette.ch\/wp-content\/uploads\/2023\/12\/Trefle_Copyright-Fleurs-poudrees.webp 2048w\" data-sizes=\"(max-width: 1024px) 100vw, 1024px\" src=\"data:image\/svg+xml;base64,PHN2ZyB3aWR0aD0iMSIgaGVpZ2h0PSIxIiB4bWxucz0iaHR0cDovL3d3dy53My5vcmcvMjAwMC9zdmciPjwvc3ZnPg==\" style=\"--smush-placeholder-width: 1024px; --smush-placeholder-aspect-ratio: 1024\/1024;\" \/><\/figure>\n\n\n\n<figure class=\"wp-block-image size-large\"><img decoding=\"async\" width=\"1024\" height=\"1024\" data-id=\"1859\" data-src=\"https:\/\/fermelarochette.ch\/wp-content\/uploads\/2023\/12\/Biscuits-aux-fleurs-1-1024x1024.webp\" alt=\"\" class=\"wp-image-1859 lazyload\" data-srcset=\"https:\/\/fermelarochette.ch\/wp-content\/uploads\/2023\/12\/Biscuits-aux-fleurs-1-1024x1024.webp 1024w, https:\/\/fermelarochette.ch\/wp-content\/uploads\/2023\/12\/Biscuits-aux-fleurs-1-800x800.webp 800w, https:\/\/fermelarochette.ch\/wp-content\/uploads\/2023\/12\/Biscuits-aux-fleurs-1-100x100.webp 100w, https:\/\/fermelarochette.ch\/wp-content\/uploads\/2023\/12\/Biscuits-aux-fleurs-1-600x600.webp 600w, https:\/\/fermelarochette.ch\/wp-content\/uploads\/2023\/12\/Biscuits-aux-fleurs-1-300x300.webp 300w, https:\/\/fermelarochette.ch\/wp-content\/uploads\/2023\/12\/Biscuits-aux-fleurs-1-150x150.webp 150w, https:\/\/fermelarochette.ch\/wp-content\/uploads\/2023\/12\/Biscuits-aux-fleurs-1-768x768.webp 768w, https:\/\/fermelarochette.ch\/wp-content\/uploads\/2023\/12\/Biscuits-aux-fleurs-1-1536x1536.webp 1536w, https:\/\/fermelarochette.ch\/wp-content\/uploads\/2023\/12\/Biscuits-aux-fleurs-1.webp 2048w\" data-sizes=\"(max-width: 1024px) 100vw, 1024px\" src=\"data:image\/svg+xml;base64,PHN2ZyB3aWR0aD0iMSIgaGVpZ2h0PSIxIiB4bWxucz0iaHR0cDovL3d3dy53My5vcmcvMjAwMC9zdmciPjwvc3ZnPg==\" style=\"--smush-placeholder-width: 1024px; --smush-placeholder-aspect-ratio: 1024\/1024;\" \/><\/figure>\n<\/figure>\n","protected":false},"excerpt":{"rendered":"<p>Dans un cadre idyllique, venez d\u00e9couvrir l&rsquo;aquarelle et les plantes m\u00e9dicinales&#8230; Ga\u00ebtane Nicoulin, la talentueuse aquarelliste de Fleurs poudr\u00e9es, s&rsquo;associe \u00e0 Claudine Miserez, herboriste \u00e0 &hellip;<\/p>\n","protected":false},"author":1,"featured_media":1853,"parent":44,"menu_order":0,"comment_status":"closed","ping_status":"closed","template":"","meta":{"_price":"","_stock":"","_tribe_ticket_header":"","_tribe_default_ticket_provider":"","_ticket_start_date":"","_ticket_end_date":"","_tribe_ticket_show_description":"","_tribe_ticket_show_not_going":false,"_tribe_ticket_use_global_stock":"","_tribe_ticket_global_stock_level":"","_global_stock_mode":"","_global_stock_cap":"","_tribe_rsvp_for_event":"","_tribe_ticket_going_count":"","_tribe_ticket_not_going_count":"","_tribe_tickets_list":"[]","_tribe_ticket_has_attendee_info_fields":false,"footnotes":"","_tec_slr_enabled":"","_tec_slr_layout":""},"class_list":["post-1856","page","type-page","status-publish","has-post-thumbnail","hentry"],"yoast_head":"<!-- This site is optimized with the Yoast SEO plugin v26.9 - https:\/\/yoast.com\/product\/yoast-seo-wordpress\/ -->\n<title>Aquarelle et plantes sauvages - La Rochette<\/title>\n<meta name=\"robots\" content=\"index, follow, max-snippet:-1, max-image-preview:large, max-video-preview:-1\" \/>\n<link rel=\"canonical\" href=\"https:\/\/fermelarochette.ch\/index.php\/formations-et-ateliers-programme\/aquarelle-et-plantes-sauvages\/\" \/>\n<meta property=\"og:locale\" content=\"fr_FR\" \/>\n<meta property=\"og:type\" content=\"article\" \/>\n<meta property=\"og:title\" content=\"Aquarelle et plantes sauvages - La Rochette\" \/>\n<meta property=\"og:description\" content=\"Dans un cadre idyllique, venez d\u00e9couvrir l&rsquo;aquarelle et les plantes m\u00e9dicinales&#8230; Ga\u00ebtane Nicoulin, la talentueuse aquarelliste de Fleurs poudr\u00e9es, s&rsquo;associe \u00e0 Claudine Miserez, herboriste \u00e0 &hellip;\" \/>\n<meta property=\"og:url\" content=\"https:\/\/fermelarochette.ch\/index.php\/formations-et-ateliers-programme\/aquarelle-et-plantes-sauvages\/\" \/>\n<meta property=\"og:site_name\" content=\"La Rochette\" \/>\n<meta property=\"article:modified_time\" content=\"2025-12-02T08:07:13+00:00\" \/>\n<meta property=\"og:image\" content=\"https:\/\/fermelarochette.ch\/wp-content\/uploads\/2023\/12\/Retraite-creative-aquarelle.webp\" \/>\n\t<meta property=\"og:image:width\" content=\"2048\" \/>\n\t<meta property=\"og:image:height\" content=\"2048\" \/>\n\t<meta property=\"og:image:type\" content=\"image\/webp\" \/>\n<meta name=\"twitter:card\" content=\"summary_large_image\" \/>\n<meta name=\"twitter:label1\" content=\"Dur\u00e9e de lecture estim\u00e9e\" \/>\n\t<meta name=\"twitter:data1\" content=\"1 minute\" \/>\n<script type=\"application\/ld+json\" class=\"yoast-schema-graph\">{\"@context\":\"https:\/\/schema.org\",\"@graph\":[{\"@type\":\"WebPage\",\"@id\":\"https:\/\/fermelarochette.ch\/index.php\/formations-et-ateliers-programme\/aquarelle-et-plantes-sauvages\/\",\"url\":\"https:\/\/fermelarochette.ch\/index.php\/formations-et-ateliers-programme\/aquarelle-et-plantes-sauvages\/\",\"name\":\"Aquarelle et plantes sauvages - La Rochette\",\"isPartOf\":{\"@id\":\"https:\/\/fermelarochette.ch\/#website\"},\"primaryImageOfPage\":{\"@id\":\"https:\/\/fermelarochette.ch\/index.php\/formations-et-ateliers-programme\/aquarelle-et-plantes-sauvages\/#primaryimage\"},\"image\":{\"@id\":\"https:\/\/fermelarochette.ch\/index.php\/formations-et-ateliers-programme\/aquarelle-et-plantes-sauvages\/#primaryimage\"},\"thumbnailUrl\":\"https:\/\/fermelarochette.ch\/wp-content\/uploads\/2023\/12\/Retraite-creative-aquarelle.webp\",\"datePublished\":\"2023-12-15T21:09:18+00:00\",\"dateModified\":\"2025-12-02T08:07:13+00:00\",\"breadcrumb\":{\"@id\":\"https:\/\/fermelarochette.ch\/index.php\/formations-et-ateliers-programme\/aquarelle-et-plantes-sauvages\/#breadcrumb\"},\"inLanguage\":\"fr-FR\",\"potentialAction\":[{\"@type\":\"ReadAction\",\"target\":[\"https:\/\/fermelarochette.ch\/index.php\/formations-et-ateliers-programme\/aquarelle-et-plantes-sauvages\/\"]}]},{\"@type\":\"ImageObject\",\"inLanguage\":\"fr-FR\",\"@id\":\"https:\/\/fermelarochette.ch\/index.php\/formations-et-ateliers-programme\/aquarelle-et-plantes-sauvages\/#primaryimage\",\"url\":\"https:\/\/fermelarochette.ch\/wp-content\/uploads\/2023\/12\/Retraite-creative-aquarelle.webp\",\"contentUrl\":\"https:\/\/fermelarochette.ch\/wp-content\/uploads\/2023\/12\/Retraite-creative-aquarelle.webp\",\"width\":2048,\"height\":2048},{\"@type\":\"BreadcrumbList\",\"@id\":\"https:\/\/fermelarochette.ch\/index.php\/formations-et-ateliers-programme\/aquarelle-et-plantes-sauvages\/#breadcrumb\",\"itemListElement\":[{\"@type\":\"ListItem\",\"position\":1,\"name\":\"Accueil\",\"item\":\"https:\/\/fermelarochette.ch\/\"},{\"@type\":\"ListItem\",\"position\":2,\"name\":\"Formations\",\"item\":\"https:\/\/fermelarochette.ch\/index.php\/formations-et-ateliers-programme\/\"},{\"@type\":\"ListItem\",\"position\":3,\"name\":\"Aquarelle et plantes sauvages\"}]},{\"@type\":\"WebSite\",\"@id\":\"https:\/\/fermelarochette.ch\/#website\",\"url\":\"https:\/\/fermelarochette.ch\/\",\"name\":\"La Rochette\",\"description\":\"Micro-ferme biologique\",\"potentialAction\":[{\"@type\":\"SearchAction\",\"target\":{\"@type\":\"EntryPoint\",\"urlTemplate\":\"https:\/\/fermelarochette.ch\/?s={search_term_string}\"},\"query-input\":{\"@type\":\"PropertyValueSpecification\",\"valueRequired\":true,\"valueName\":\"search_term_string\"}}],\"inLanguage\":\"fr-FR\"}]}<\/script>\n<!-- \/ Yoast SEO plugin. -->","yoast_head_json":{"title":"Aquarelle et plantes sauvages - La Rochette","robots":{"index":"index","follow":"follow","max-snippet":"max-snippet:-1","max-image-preview":"max-image-preview:large","max-video-preview":"max-video-preview:-1"},"canonical":"https:\/\/fermelarochette.ch\/index.php\/formations-et-ateliers-programme\/aquarelle-et-plantes-sauvages\/","og_locale":"fr_FR","og_type":"article","og_title":"Aquarelle et plantes sauvages - La Rochette","og_description":"Dans un cadre idyllique, venez d\u00e9couvrir l&rsquo;aquarelle et les plantes m\u00e9dicinales&#8230; Ga\u00ebtane Nicoulin, la talentueuse aquarelliste de Fleurs poudr\u00e9es, s&rsquo;associe \u00e0 Claudine Miserez, herboriste \u00e0 &hellip;","og_url":"https:\/\/fermelarochette.ch\/index.php\/formations-et-ateliers-programme\/aquarelle-et-plantes-sauvages\/","og_site_name":"La Rochette","article_modified_time":"2025-12-02T08:07:13+00:00","og_image":[{"width":2048,"height":2048,"url":"https:\/\/fermelarochette.ch\/wp-content\/uploads\/2023\/12\/Retraite-creative-aquarelle.webp","type":"image\/webp"}],"twitter_card":"summary_large_image","twitter_misc":{"Dur\u00e9e de lecture estim\u00e9e":"1 minute"},"schema":{"@context":"https:\/\/schema.org","@graph":[{"@type":"WebPage","@id":"https:\/\/fermelarochette.ch\/index.php\/formations-et-ateliers-programme\/aquarelle-et-plantes-sauvages\/","url":"https:\/\/fermelarochette.ch\/index.php\/formations-et-ateliers-programme\/aquarelle-et-plantes-sauvages\/","name":"Aquarelle et plantes sauvages - La Rochette","isPartOf":{"@id":"https:\/\/fermelarochette.ch\/#website"},"primaryImageOfPage":{"@id":"https:\/\/fermelarochette.ch\/index.php\/formations-et-ateliers-programme\/aquarelle-et-plantes-sauvages\/#primaryimage"},"image":{"@id":"https:\/\/fermelarochette.ch\/index.php\/formations-et-ateliers-programme\/aquarelle-et-plantes-sauvages\/#primaryimage"},"thumbnailUrl":"https:\/\/fermelarochette.ch\/wp-content\/uploads\/2023\/12\/Retraite-creative-aquarelle.webp","datePublished":"2023-12-15T21:09:18+00:00","dateModified":"2025-12-02T08:07:13+00:00","breadcrumb":{"@id":"https:\/\/fermelarochette.ch\/index.php\/formations-et-ateliers-programme\/aquarelle-et-plantes-sauvages\/#breadcrumb"},"inLanguage":"fr-FR","potentialAction":[{"@type":"ReadAction","target":["https:\/\/fermelarochette.ch\/index.php\/formations-et-ateliers-programme\/aquarelle-et-plantes-sauvages\/"]}]},{"@type":"ImageObject","inLanguage":"fr-FR","@id":"https:\/\/fermelarochette.ch\/index.php\/formations-et-ateliers-programme\/aquarelle-et-plantes-sauvages\/#primaryimage","url":"https:\/\/fermelarochette.ch\/wp-content\/uploads\/2023\/12\/Retraite-creative-aquarelle.webp","contentUrl":"https:\/\/fermelarochette.ch\/wp-content\/uploads\/2023\/12\/Retraite-creative-aquarelle.webp","width":2048,"height":2048},{"@type":"BreadcrumbList","@id":"https:\/\/fermelarochette.ch\/index.php\/formations-et-ateliers-programme\/aquarelle-et-plantes-sauvages\/#breadcrumb","itemListElement":[{"@type":"ListItem","position":1,"name":"Accueil","item":"https:\/\/fermelarochette.ch\/"},{"@type":"ListItem","position":2,"name":"Formations","item":"https:\/\/fermelarochette.ch\/index.php\/formations-et-ateliers-programme\/"},{"@type":"ListItem","position":3,"name":"Aquarelle et plantes sauvages"}]},{"@type":"WebSite","@id":"https:\/\/fermelarochette.ch\/#website","url":"https:\/\/fermelarochette.ch\/","name":"La Rochette","description":"Micro-ferme biologique","potentialAction":[{"@type":"SearchAction","target":{"@type":"EntryPoint","urlTemplate":"https:\/\/fermelarochette.ch\/?s={search_term_string}"},"query-input":{"@type":"PropertyValueSpecification","valueRequired":true,"valueName":"search_term_string"}}],"inLanguage":"fr-FR"}]}},"jetpack_sharing_enabled":true,"ticketed":false,"_links":{"self":[{"href":"https:\/\/fermelarochette.ch\/index.php\/wp-json\/wp\/v2\/pages\/1856","targetHints":{"allow":["GET"]}}],"collection":[{"href":"https:\/\/fermelarochette.ch\/index.php\/wp-json\/wp\/v2\/pages"}],"about":[{"href":"https:\/\/fermelarochette.ch\/index.php\/wp-json\/wp\/v2\/types\/page"}],"author":[{"embeddable":true,"href":"https:\/\/fermelarochette.ch\/index.php\/wp-json\/wp\/v2\/users\/1"}],"replies":[{"embeddable":true,"href":"https:\/\/fermelarochette.ch\/index.php\/wp-json\/wp\/v2\/comments?post=1856"}],"version-history":[{"count":9,"href":"https:\/\/fermelarochette.ch\/index.php\/wp-json\/wp\/v2\/pages\/1856\/revisions"}],"predecessor-version":[{"id":2956,"href":"https:\/\/fermelarochette.ch\/index.php\/wp-json\/wp\/v2\/pages\/1856\/revisions\/2956"}],"up":[{"embeddable":true,"href":"https:\/\/fermelarochette.ch\/index.php\/wp-json\/wp\/v2\/pages\/44"}],"wp:featuredmedia":[{"embeddable":true,"href":"https:\/\/fermelarochette.ch\/index.php\/wp-json\/wp\/v2\/media\/1853"}],"wp:attachment":[{"href":"https:\/\/fermelarochette.ch\/index.php\/wp-json\/wp\/v2\/media?parent=1856"}],"curies":[{"name":"wp","href":"https:\/\/api.w.org\/{rel}","templated":true}]}}